{"id":11,"date":"2020-08-16T14:27:27","date_gmt":"2020-08-16T14:27:27","guid":{"rendered":"http:\/\/irenedepuig.cat\/?page_id=11"},"modified":"2022-01-17T18:07:30","modified_gmt":"2022-01-17T18:07:30","slug":"biografia","status":"publish","type":"page","link":"https:\/\/irenedepuig.cat\/es\/biografia\/","title":{"rendered":"Biograf\u00eda"},"content":{"rendered":"","protected":false},"excerpt":{"rendered":"","protected":false},"author":1,"featured_media":0,"parent":0,"menu_order":5,"comment_status":"closed","ping_status":"closed","template":"","meta":[],"class_list":["post-11","page","type-page","status-publish","hentry"],"grid":"{\r\n  \"colCount\": 20,\r\n  \"colGutter\": 3,\r\n  \"rowGutters\": [\r\n    1,\r\n    2,\r\n    2,\r\n    3,\r\n    2,\r\n    2\r\n  ],\r\n  \"frameMargin\": 2,\r\n  \"topFrameMargin\": 68,\r\n  \"bottomFrameMargin\": 2,\r\n  \"rowAttrs\": [\r\n    {},\r\n    {},\r\n    {},\r\n    {},\r\n    {},\r\n    {},\r\n    {}\r\n  ],\r\n  \"bgColor\": null,\r\n  \"cont\": [\r\n    {\r\n      \"type\": \"text\",\r\n      \"cont\": \"<p><span style=\\\"color: #000000;\\\"><a href=\\\"https:\/\/irenedepuig.cat\/llibres\/\\\" data-type=\\\"page\\\" data-id=\\\"6\\\" data-title=\\\"Libros\\\">Libros\u00a0<\/a>\u00a0 \u00a0 \u00a0 \u00a0 <a href=\\\"https:\/\/irenedepuig.cat\/ponencies\/\\\" data-type=\\\"page\\\" data-id=\\\"7\\\" data-title=\\\"Ponencias\\\">Ponencias<\/a><\/span><\/p>\",\r\n      \"align\": \"middle\",\r\n      \"row\": 0,\r\n      \"col\": 0,\r\n      \"colspan\": 8,\r\n      \"offsetx\": -1,\r\n      \"offsety\": 0,\r\n      \"spaceabove\": 0,\r\n      \"spacebelow\": 0,\r\n      \"yvel\": 1,\r\n      \"push\": 0,\r\n      \"relid\": 7,\r\n      \"frameOverflow\": \"\",\r\n      \"dosync\": false\r\n    },\r\n    {\r\n      \"type\": \"text\",\r\n      \"cont\": \"<p style=\\\"text-align: center;\\\">BIOGRAF\u00cdA<\/p>\",\r\n      \"align\": \"middle\",\r\n      \"row\": 0,\r\n      \"col\": 8,\r\n      \"colspan\": 4,\r\n      \"offsetx\": 0,\r\n      \"offsety\": 0,\r\n      \"spaceabove\": 0,\r\n      \"spacebelow\": 0,\r\n      \"yvel\": 1,\r\n      \"push\": 0,\r\n      \"relid\": 5,\r\n      \"dosync\": false\r\n    },\r\n    {\r\n      \"type\": \"text\",\r\n      \"cont\": \"<p style=\\\"text-align: right;\\\"><span style=\\\"color: #000000;\\\">\u00a0 <a href=\\\"https:\/\/irenedepuig.cat\/entrevistes\/\\\" data-type=\\\"page\\\" data-id=\\\"10\\\" data-title=\\\"Entrevistas\\\">Entrevistas<\/a>\u00a0 \u00a0 \u00a0 \u00a0 \u00a0 <\/span><a href=\\\"https:\/\/irenedepuig.cat\/articles\/\\\" data-type=\\\"page\\\" data-id=\\\"8\\\" data-title=\\\"Art\u00edculos\\\"><span style=\\\"color: #000000;\\\">Art\u00edculos<\/span><\/a><\/p>\",\r\n      \"align\": \"middle\",\r\n      \"row\": 0,\r\n      \"col\": 14,\r\n      \"colspan\": 6,\r\n      \"offsetx\": 1,\r\n      \"offsety\": 0,\r\n      \"spaceabove\": 0,\r\n      \"spacebelow\": 0,\r\n      \"yvel\": 1,\r\n      \"push\": 2,\r\n      \"relid\": 8,\r\n      \"frameOverflow\": \"\",\r\n      \"dosync\": false\r\n    },\r\n    {\r\n      \"type\": \"hr\",\r\n      \"cont\": \"\",\r\n      \"align\": \"middle\",\r\n      \"row\": 1,\r\n      \"col\": 0,\r\n      \"colspan\": 20,\r\n      \"offsetx\": 0,\r\n      \"offsety\": 0,\r\n      \"spaceabove\": 0,\r\n      \"spacebelow\": 0,\r\n      \"yvel\": 1,\r\n      \"push\": 0,\r\n      \"relid\": 17,\r\n      \"frameOverflow\": \"both\"\r\n    },\r\n    {\r\n      \"type\": \"img\",\r\n      \"cont\": \"\/wp-content\/uploads\/2020\/08\/Irene-de-Puig-bio.jpg\",\r\n      \"align\": \"middle\",\r\n      \"row\": 2,\r\n      \"col\": 0,\r\n      \"colspan\": 10,\r\n      \"offsetx\": 0,\r\n      \"offsety\": 0,\r\n      \"spaceabove\": 0,\r\n      \"spacebelow\": 0,\r\n      \"yvel\": 1,\r\n      \"push\": 0,\r\n      \"relid\": 612,\r\n      \"attid\": 120,\r\n      \"sizes\": {\r\n        \"full\": \"\/wp-content\/uploads\/2020\/08\/Irene-de-Puig-bio.jpg\",\r\n        \"_1024\": \"\/wp-content\/uploads\/2020\/08\/Irene-de-Puig-bio-1024x809.jpg\",\r\n        \"_768\": \"\/wp-content\/uploads\/2020\/08\/Irene-de-Puig-bio-768x607.jpg\",\r\n        \"_512\": \"\/wp-content\/uploads\/2020\/08\/Irene-de-Puig-bio-512x404.jpg\",\r\n        \"_265\": \"\/wp-content\/uploads\/2020\/08\/Irene-de-Puig-bio-265x209.jpg\"\r\n      },\r\n      \"w\": 1109,\r\n      \"h\": 876,\r\n      \"ar\": 0.7899008115419297,\r\n      \"alt\": \"\",\r\n      \"frameOverflow\": \"\"\r\n    },\r\n    {\r\n      \"type\": \"text\",\r\n      \"cont\": \"<p><span style=\\\"font-family: georgia, palatino, serif; font-size: 20px;\\\">Nacida en Olot en 1949, estudi\u00f3 magisterio en Girona, Filosof\u00eda y Filolog\u00eda catalana en Barcelona. Maestra, profesora de secundaria, formadora de formadores, codirectora del Master de Filosof\u00eda 3\/18 en la UdG y muy activa en el mundo de la educaci\u00f3n. Directora del GrupIREF, y autora de numerosos libros y materiales sobre educaci\u00f3n, filosof\u00eda, derechos humanos y de los ni\u00f1os, \u00e9tica, est\u00e9tica; y tambi\u00e9n sobre narrativa y cine entre otros. Ha colaborado en revistas y congresos y ha participado en iniciativas de innovaci\u00f3n pedag\u00f3gica.<\/span><\/p>\",\r\n      \"align\": \"middle\",\r\n      \"row\": 2,\r\n      \"col\": 10,\r\n      \"colspan\": 10,\r\n      \"offsetx\": 0,\r\n      \"offsety\": 0,\r\n      \"spaceabove\": 0,\r\n      \"spacebelow\": 0,\r\n      \"yvel\": 1,\r\n      \"push\": 0,\r\n      \"relid\": 12\r\n    },\r\n    {\r\n      \"type\": \"hr\",\r\n      \"cont\": \"\",\r\n      \"align\": \"middle\",\r\n      \"row\": 3,\r\n      \"col\": 0,\r\n      \"colspan\": 20,\r\n      \"offsetx\": 0,\r\n      \"offsety\": 0,\r\n      \"spaceabove\": 0,\r\n      \"spacebelow\": 0,\r\n      \"yvel\": 1,\r\n      \"push\": 0,\r\n      \"relid\": 14,\r\n      \"frameOverflow\": \"both\"\r\n    },\r\n    {\r\n      \"type\": \"text\",\r\n      \"cont\": \"<p>Nac\u00ed en octubre de 1949 en Olot y pas\u00e9 mis primeros cinco a\u00f1os en Riudaura (peque\u00f1o pueblo de la Garrocha), \u00a0donde mi padre era maestro. Me esperaban dos hermanos, Jaume, de cinco a\u00f1os y Llu\u00eds M., de cuatro. De la Garrocha al Ampurd\u00e1n, en B\u00e0scara, de los cinco a los diez a\u00f1os, cuando la familia se estableci\u00f3 definitivamente en Girona. En la escuela p\u00fablica Eiximenis hice el ingreso al bachillerato y estudi\u00e9 el Instituto hasta los 15. Del Instituto a la escuela de Magisterio donde termin\u00e9 el a\u00f1o 68.<\/p><p>Durante dos a\u00f1os fui directora interina de la Guarder\u00eda Infantil de Hermanos Sabat de Girona. A comienzos del a\u00f1o 1970 fui a Barcelona a estudiar Filosof\u00eda en la Universidad de Barcelona. Como deb\u00eda ganarme la vida, aprend\u00ed unos cuantos \u00a0oficios y con el poco tiempo que me quedaba aprovech\u00e9 para estudiar italiano e ir al Palau de la M\u00fasica entre huelgas y manifestaciones de los a\u00f1os 70 a los 75.<\/p><p>Con la licenciatura en el bolsillo, el a\u00f1o 75 entr\u00e9 como profesora no numeraria en el Instituto Vicens Vives de Girona y el a\u00f1o siguiente estren\u00e9 el instituto de Salt, donde permanec\u00ed dos a\u00f1os. Al sacar las oposiciones, en 1978, hice un periplo breve: un curso en Ba\u00f1iles, otro curso en Matar\u00f3 y finalmente aterric\u00e9 en el Joane Martell de Esplugues del Llobregat, donde estuve tres cursos. Aprovechando la estancia en Barcelona,\u00a0complet\u00e9\u00a0los estudios de Filolog\u00eda catalana (1982- 84), tambi\u00e9n en la UB.<\/p>\",\r\n      \"align\": \"top\",\r\n      \"row\": 4,\r\n      \"col\": 0,\r\n      \"colspan\": 5,\r\n      \"offsetx\": 0,\r\n      \"offsety\": 0,\r\n      \"spaceabove\": 0,\r\n      \"spacebelow\": 0,\r\n      \"yvel\": 1,\r\n      \"push\": 0,\r\n      \"relid\": 4\r\n    },\r\n    {\r\n      \"type\": \"text\",\r\n      \"cont\": \"<p>Retorno a Salt en 1984 donde tuve plaza hasta el a\u00f1o 2009, cuando volv\u00ed al origen: el IES Vicens Vives. Durante varios a\u00f1os fui coordinadora de secundaria en el ICE de la UdG.<\/p><p>En 1987 con unos compa\u00f1eros y compa\u00f1eras de filosof\u00eda creamos el GrupIREF y en enero del a\u00f1o siguiente fuimos a Mendham, New Jersey, a un curso intensivo sobre Philosophy for Children (P4C) con Matthew Lipman y Ann Sharp gracias al cual mi vida profesional dio un giro.<\/p><p>Trabajamos duro para que el proyecto tuviera presencia en el panorama educativo del pa\u00eds (edici\u00f3n de materiales, cursos de formaci\u00f3n para el profesorado: charlas, conferencias ....). Durante unos a\u00f1os tuve licencia para la dedicaci\u00f3n al proyecto Filosof\u00eda 3\/18, que es como hemos llamado en Catalu\u00f1a nuestra versi\u00f3n del proyecto original.<\/p><p>La difusi\u00f3n y formaci\u00f3n del profesorado fueron las prioridades de aquellos de a\u00f1os y de ah\u00ed el grupo cursos en Catalu\u00f1a, especialmente, pero tambi\u00e9n fuera (en Baleares, Valencia, Arag\u00f3n, Galicia, Castilla, etc.) y la publicaci\u00f3n de libros, art\u00edculos, conferencias que se encuentran en los distintos apartados de la web.<\/p><p>Desde el a\u00f1o 1988 hasta hoy he dado al menos m\u00e1s de 300 cursos en Catalu\u00f1a, Andorra, Mallorca, Menorca, Ibiza, Formentera, en el pa\u00eds valenciano (Valencia, Alcoy, Castell\u00f3n, Elche, Gand\u00eda), en varios lugares de Espa\u00f1a: Galicia (Sanxenxo, A Coru\u00f1a, Vigo), Teruel, Vitoria, Donostia, Salamanca, Zaragoza, C\u00f3rdoba, Granada, Almer\u00eda, y seguramente me dejo alguno.<\/p>\",\r\n      \"align\": \"top\",\r\n      \"row\": 4,\r\n      \"col\": 5,\r\n      \"colspan\": 5,\r\n      \"offsetx\": 0,\r\n      \"offsety\": 0,\r\n      \"spaceabove\": 0,\r\n      \"spacebelow\": 0,\r\n      \"yvel\": 1,\r\n      \"push\": 0,\r\n      \"relid\": 9\r\n    },\r\n    {\r\n      \"type\": \"text\",\r\n      \"cont\": \"<p>He participado en cursos, seminarios y Congresos en Italia (Catania, Padova, Acuto, Imola, Mil\u00e1n, Bologna, Bergamo, Chiari), Portugal, Brasil (Belo Horizonte, Sao Paulo, Florian\u00f3polis, Brasilia, Teofilandia y Cuiab\u00e1); Cuba; M\u00e9xico (M\u00e9rida, Durango, Veracruz, Oaxaca, Guadalajara, Cuernavaca, Ciudad de M\u00e9xico) y Colombia (Manizales, Bogot\u00e1). Tambi\u00e9n en Par\u00eds, Rennes, Dubrovnik, Graz, Amsterdam, Berl\u00edn, Glasgow.<\/p><p>Del 90 al 99 particip\u00e9 en la confecci\u00f3n de materiales curriculares y formaci\u00f3n del profesorado dirigidos a la Reforma educativa de educaci\u00f3n secundaria en el \u00c1rea de filosof\u00eda.<\/p><p>En septiembre de 1993 asum\u00ed la direcci\u00f3n del GrupIREF. Del 1993 al 96 hice los cursos de doctorado en la UB que, sin embargo, no lleg\u00f3 a Puerto porque en el d\u00eda a d\u00eda se esfumaban las semanas y meses.<\/p><p>Del 1998 al 2003 desde el GrupIREF ponemos en marcha varios proyectos europeos y personalmente participo en: Europhil, Cu\u00e9ntame, Cuento contado, ECODIALOGO y Edu_arts.<\/p><p>En 2000 nace el Proyecto Noria con Ang\u00e9lica S\u00e1tiro en castellano y me lleva a metas nuevas y la docencia en pa\u00edses de habla hispana.<\/p><p>En 2003 adquiero la condici\u00f3n de catedr\u00e1tica y sigo con la escritura de manuales de filosof\u00eda, historia de la filosof\u00eda y \u00e9tica y libros de divulgaci\u00f3n. Mantengo una alternancia entre docencia, participaci\u00f3n en Jornadas y Congresos y el nacimiento y alimentaci\u00f3n de la web del GrupIREF con la creaci\u00f3n de los blogs de Pensar con el cine y Pensar los Derechos, y\u00a0 Pensem-hi,<\/p><p>En 2007 con Carla Carreras creamos el Master en Filosof\u00eda 3\/18 (P4C) on line en catal\u00e1n y castellano en la UdG, que perdura hasta hoy.<\/p>\",\r\n      \"align\": \"top\",\r\n      \"row\": 4,\r\n      \"col\": 10,\r\n      \"colspan\": 5,\r\n      \"offsetx\": 0,\r\n      \"offsety\": 0,\r\n      \"spaceabove\": 0,\r\n      \"spacebelow\": 0,\r\n      \"yvel\": 1,\r\n      \"push\": 0,\r\n      \"relid\": 19\r\n    },\r\n    {\r\n      \"type\": \"text\",\r\n      \"cont\": \"<p>Oficialmente jubilada en 2010, continu\u00e9 con la direcci\u00f3n del GrupIREF hasta 2015 y ahora mismo sigo con iniciativas y proyectos, colaborando en la formaci\u00f3n o participando en foros relacionados con la docencia en general y con la educaci\u00f3n filos\u00f3fica, \u00e9tica, est\u00e9tica y literaria.<\/p><p>Al margen de art\u00edculos espor\u00e1dicos en revistas de educaci\u00f3n o de filosof\u00eda en catal\u00e1n y castellano, sigo participando activamente en la redacci\u00f3n del Bolet\u00edn Filosof\u00eda 3\/18; durante tres a\u00f1os he escrito los art\u00edculos mensuales de la secci\u00f3n Filosof\u00eda \/ Filosofemos por las revistas de la editorial Gra\u00f3: Aula de infantil, \u00a0Guix y Aula de secundaria en catal\u00e1n y castellano. Y a\u00fan hoy escribo el art\u00edculo de cada mes para la web de las Filoscoles (Red de escuelas relacionadas con el proyecto Filosof\u00eda 3\/18).<\/p><p>Desde el 2018 formo parte de la comisi\u00f3n de calidad de la Facultad de Letras de la UdG como miembro externo.<\/p><p>En 2020 he terminado la confecci\u00f3n de unos materiales encargados por el Departamento de Educaci\u00f3n de la Generalidad sobre derechos de los ni\u00f1os y derechos humanos para infantil, primaria y secundaria: Hablemos de derechos.<\/p><p>Durante la pandemia he preparado unos materiales: De la incertidumbre; La muerte, el duelo y el consuelo; \u00a0Cuentos de todo el mundo ... Y seguimos ......<\/p><p>Me han quedado en el tintero algunas cosas que me hubiera gustado hacer, como llevar a cabo un buen doctorado, aprender bien ingl\u00e9s, tocar un instrumento musical, viajar muuuuuucho m\u00e1s y cultivar algunas otras habilidades que me guardo por privadas.<\/p>\",\r\n      \"align\": \"top\",\r\n      \"row\": 4,\r\n      \"col\": 15,\r\n      \"colspan\": 5,\r\n      \"offsetx\": 0,\r\n      \"offsety\": 0,\r\n      \"spaceabove\": 0,\r\n      \"spacebelow\": 0,\r\n      \"yvel\": 1,\r\n      \"push\": 0,\r\n      \"relid\": 10\r\n    },\r\n    {\r\n      \"type\": \"hr\",\r\n      \"cont\": \"\",\r\n      \"align\": \"bottom\",\r\n      \"row\": 5,\r\n      \"col\": 0,\r\n      \"colspan\": 20,\r\n      \"offsetx\": 0,\r\n      \"offsety\": 0,\r\n      \"spaceabove\": 0,\r\n      \"spacebelow\": 0,\r\n      \"yvel\": 1,\r\n      \"push\": 0,\r\n      \"relid\": 15,\r\n      \"frameOverflow\": \"both\"\r\n    },\r\n    {\r\n      \"type\": \"text\",\r\n      \"cont\": \"<p style=\\\"text-align: center;\\\"><span style=\\\"font-family: georgia, palatino, serif; font-size: 20px;\\\">Si tienes alguna duda o deseas compartir un comentario<b>\u00a0<\/b>ponte en contacto conmigo irenedepuig@irenedepuig.cat<\/span><\/p>\",\r\n      \"align\": \"top\",\r\n      \"row\": 6,\r\n      \"col\": 0,\r\n      \"colspan\": 20,\r\n      \"offsetx\": 0,\r\n      \"offsety\": 0,\r\n      \"spaceabove\": 0,\r\n      \"spacebelow\": 0,\r\n      \"yvel\": 1,\r\n      \"push\": 0,\r\n      \"relid\": 13\r\n    }\r\n  ]\r\n}","phonegrid":"{\r\n  \"colCount\": 1,\r\n  \"colGutter\": 1,\r\n  \"rowGutters\": [\r\n    5,\r\n    5,\r\n    5,\r\n    5,\r\n    5,\r\n    5,\r\n    5,\r\n    5,\r\n    5,\r\n    5\r\n  ],\r\n  \"frameMargin\": 5,\r\n  \"topFrameMargin\": 5,\r\n  \"bottomFrameMargin\": 5,\r\n  \"rowAttrs\": [\r\n    {},\r\n    {},\r\n    {},\r\n    {},\r\n    {},\r\n    {},\r\n    {},\r\n    {},\r\n    {},\r\n    {},\r\n    {}\r\n  ],\r\n  \"bgColor\": null,\r\n  \"cont\": [\r\n    {\r\n      \"type\": \"text\",\r\n      \"cont\": \"<p style=\\\"text-align: center;\\\">BIOGRAF\u00cdA<\/p>\",\r\n      \"align\": \"middle\",\r\n      \"row\": 0,\r\n      \"col\": 0,\r\n      \"colspan\": 1,\r\n      \"offsetx\": 0,\r\n      \"offsety\": 0,\r\n      \"spaceabove\": 0,\r\n      \"spacebelow\": 0,\r\n      \"yvel\": 1,\r\n      \"push\": 0,\r\n      \"relid\": 6\r\n    },\r\n    {\r\n      \"type\": \"hr\",\r\n      \"cont\": \"\",\r\n      \"align\": \"middle\",\r\n      \"row\": 1,\r\n      \"col\": 0,\r\n      \"colspan\": 1,\r\n      \"offsetx\": 0,\r\n      \"offsety\": 0,\r\n      \"spaceabove\": 0,\r\n      \"spacebelow\": 0,\r\n      \"yvel\": 1,\r\n      \"push\": 0,\r\n      \"relid\": 16,\r\n      \"frameOverflow\": \"both\"\r\n    },\r\n    {\r\n      \"type\": \"img\",\r\n      \"cont\": \"\/wp-content\/uploads\/2020\/08\/Irene-de-Puig-bio.jpg\",\r\n      \"align\": \"bottom\",\r\n      \"row\": 2,\r\n      \"col\": 0,\r\n      \"colspan\": 1,\r\n      \"offsetx\": 0,\r\n      \"offsety\": 0,\r\n      \"spaceabove\": 0,\r\n      \"spacebelow\": 0,\r\n      \"yvel\": 1,\r\n      \"push\": 0,\r\n      \"relid\": 612,\r\n      \"attid\": 120,\r\n      \"sizes\": {\r\n        \"full\": \"\/wp-content\/uploads\/2020\/08\/Irene-de-Puig-bio.jpg\",\r\n        \"_1024\": \"\/wp-content\/uploads\/2020\/08\/Irene-de-Puig-bio-1024x809.jpg\",\r\n        \"_768\": \"\/wp-content\/uploads\/2020\/08\/Irene-de-Puig-bio-768x607.jpg\",\r\n        \"_512\": \"\/wp-content\/uploads\/2020\/08\/Irene-de-Puig-bio-512x404.jpg\",\r\n        \"_265\": \"\/wp-content\/uploads\/2020\/08\/Irene-de-Puig-bio-265x209.jpg\"\r\n      },\r\n      \"w\": 1109,\r\n      \"h\": 876,\r\n      \"ar\": 0.7899008115419297,\r\n      \"alt\": \"\",\r\n      \"frameOverflow\": \"\"\r\n    },\r\n    {\r\n      \"type\": \"text\",\r\n      \"cont\": \"<p><span style=\\\"font-family: georgia, palatino, serif; font-size: 20px;\\\">Nacida en Olot en 1949, estudi\u00f3 magisterio en Girona, Filosof\u00eda y Filolog\u00eda catalana en Barcelona. Maestra, profesora de secundaria, formadora de formadores, codirectora del Master de Filosof\u00eda 3\/18 en la UdG y muy activa en el mundo de la educaci\u00f3n. Directora del GrupIREF, y autora de numerosos libros y materiales sobre educaci\u00f3n, filosof\u00eda, derechos humanos y de los ni\u00f1os, \u00e9tica, est\u00e9tica; y tambi\u00e9n sobre narrativa y cine entre otros. Ha colaborado en revistas y congresos y ha participado en iniciativas de innovaci\u00f3n pedag\u00f3gica.<\/span><\/p>\",\r\n      \"align\": \"bottom\",\r\n      \"row\": 3,\r\n      \"col\": 0,\r\n      \"colspan\": 1,\r\n      \"offsetx\": 0,\r\n      \"offsety\": 0,\r\n      \"spaceabove\": 0,\r\n      \"spacebelow\": 0,\r\n      \"yvel\": 1,\r\n      \"push\": 0,\r\n      \"relid\": 12,\r\n      \"frameOverflow\": \"\"\r\n    },\r\n    {\r\n      \"type\": \"hr\",\r\n      \"cont\": \"\",\r\n      \"align\": \"bottom\",\r\n      \"row\": 4,\r\n      \"col\": 0,\r\n      \"colspan\": 1,\r\n      \"offsetx\": 0,\r\n      \"offsety\": 0,\r\n      \"spaceabove\": 0,\r\n      \"spacebelow\": 0,\r\n      \"yvel\": 1,\r\n      \"push\": 0,\r\n      \"relid\": 14,\r\n      \"frameOverflow\": \"both\"\r\n    },\r\n    {\r\n      \"type\": \"text\",\r\n      \"cont\": \"<p>Nac\u00ed en octubre de 1949 en Olot y pas\u00e9 mis primeros cinco a\u00f1os en Riudaura (peque\u00f1o pueblo de la Garrocha), \u00a0donde mi padre era maestro. Me esperaban dos hermanos, Jaume, de cinco a\u00f1os y Llu\u00eds M., de cuatro. De la Garrocha al Ampurd\u00e1n, en B\u00e0scara, de los cinco a los diez a\u00f1os, cuando la familia se estableci\u00f3 definitivamente en Girona. En la escuela p\u00fablica Eiximenis hice el ingreso al bachillerato y estudi\u00e9 el Instituto hasta los 15. Del Instituto a la escuela de Magisterio donde termin\u00e9 el a\u00f1o 68.<\/p><p>Durante dos a\u00f1os fui directora interina de la Guarder\u00eda Infantil de Hermanos Sabat de Girona. A comienzos del a\u00f1o 1970 fui a Barcelona a estudiar Filosof\u00eda en la Universidad de Barcelona. Como deb\u00eda ganarme la vida, aprend\u00ed unos cuantos \u00a0oficios y con el poco tiempo que me quedaba aprovech\u00e9 para estudiar italiano e ir al Palau de la M\u00fasica entre huelgas y manifestaciones de los a\u00f1os 70 a los 75.<\/p><p>Con la licenciatura en el bolsillo, el a\u00f1o 75 entr\u00e9 como profesora no numeraria en el Instituto Vicens Vives de Girona y el a\u00f1o siguiente estren\u00e9 el instituto de Salt, donde permanec\u00ed dos a\u00f1os. Al sacar las oposiciones, en 1978, hice un periplo breve: un curso en Ba\u00f1iles, otro curso en Matar\u00f3 y finalmente aterric\u00e9 en el Joane Martell de Esplugues del Llobregat, donde estuve tres cursos. Aprovechando la estancia en Barcelona,\u00a0complet\u00e9\u00a0los estudios de Filolog\u00eda catalana (1982- 84), tambi\u00e9n en la UB.<\/p>\",\r\n      \"align\": \"bottom\",\r\n      \"row\": 5,\r\n      \"col\": 0,\r\n      \"colspan\": 1,\r\n      \"offsetx\": 0,\r\n      \"offsety\": 0,\r\n      \"spaceabove\": 0,\r\n      \"spacebelow\": 0,\r\n      \"yvel\": 1,\r\n      \"push\": 0,\r\n      \"relid\": 4,\r\n      \"frameOverflow\": \"\"\r\n    },\r\n    {\r\n      \"type\": \"text\",\r\n      \"cont\": \"<p>Retorno a Salt en 1984 donde tuve plaza hasta el a\u00f1o 2009, cuando volv\u00ed al origen: el IES Vicens Vives. Durante varios a\u00f1os fui coordinadora de secundaria en el ICE de la UdG.En 1987 con unos compa\u00f1eros y compa\u00f1eras de filosof\u00eda creamos el GrupIREF y en enero del a\u00f1o siguiente fuimos a Mendham, New Jersey, a un curso intensivo sobre Philosophy for Children (P4C) con Matthew Lipman y Ann Sharp gracias al cual mi vida profesional dio un giro.<\/p><p>Trabajamos duro para que el proyecto tuviera presencia en el panorama educativo del pa\u00eds (edici\u00f3n de materiales, cursos de formaci\u00f3n para el profesorado: charlas, conferencias ....). Durante unos a\u00f1os tuve licencia para la dedicaci\u00f3n al proyecto Filosof\u00eda 3\/18, que es como hemos llamado en Catalu\u00f1a nuestra versi\u00f3n del proyecto original.<\/p><p>La difusi\u00f3n y formaci\u00f3n del profesorado fueron las prioridades de aquellos de a\u00f1os y de ah\u00ed el grupo cursos en Catalu\u00f1a, especialmente, pero tambi\u00e9n fuera (en Baleares, Valencia, Arag\u00f3n, Galicia, Castilla, etc.) y la publicaci\u00f3n de libros, art\u00edculos, conferencias que se encuentran en los distintos apartados de la web.<\/p><p>Desde el a\u00f1o 1988 hasta hoy he dado al menos m\u00e1s de 300 cursos en Catalu\u00f1a, Andorra, Mallorca, Menorca, Ibiza, Formentera, en el pa\u00eds valenciano (Valencia, Alcoy, Castell\u00f3n, Elche, Gand\u00eda), en varios lugares de Espa\u00f1a: Galicia (Sanxenxo, A Coru\u00f1a, Vigo), Teruel, Vitoria, Donostia, Salamanca, Zaragoza, C\u00f3rdoba, Granada, Almer\u00eda, y seguramente me dejo alguno.<\/p>\",\r\n      \"align\": \"top\",\r\n      \"row\": 6,\r\n      \"col\": 0,\r\n      \"colspan\": 1,\r\n      \"offsetx\": 0,\r\n      \"offsety\": 0,\r\n      \"spaceabove\": 0,\r\n      \"spacebelow\": 0,\r\n      \"yvel\": 1,\r\n      \"push\": 0,\r\n      \"relid\": 11\r\n    },\r\n    {\r\n      \"type\": \"text\",\r\n      \"cont\": \"<p>He participado en cursos, seminarios y Congresos en Italia (Catania, Padova, Acuto, Imola, Mil\u00e1n, Bologna, Bergamo, Chiari), Portugal, Brasil (Belo Horizonte, Sao Paulo, Florian\u00f3polis, Brasilia, Teofilandia y Cuiab\u00e1); Cuba; M\u00e9xico (M\u00e9rida, Durango, Veracruz, Oaxaca, Guadalajara, Cuernavaca, Ciudad de M\u00e9xico) y Colombia (Manizales, Bogot\u00e1). Tambi\u00e9n en Par\u00eds, Rennes, Dubrovnik, Graz, Amsterdam, Berl\u00edn, Glasgow.<\/p><p>Del 90 al 99 particip\u00e9 en la confecci\u00f3n de materiales curriculares y formaci\u00f3n del profesorado dirigidos a la Reforma educativa de educaci\u00f3n secundaria en el \u00c1rea de filosof\u00eda.<\/p><p>En septiembre de 1993 asum\u00ed la direcci\u00f3n del GrupIREF. Del 1993 al 96 hice los cursos de doctorado en la UB que, sin embargo, no lleg\u00f3 a Puerto porque en el d\u00eda a d\u00eda se esfumaban las semanas y meses.<\/p><p>Del 1998 al 2003 desde el GrupIREF ponemos en marcha varios proyectos europeos y personalmente participo en: Europhil, Cu\u00e9ntame, Cuento contado, ECODIALOGO y Edu_arts.<\/p><p>En 2000 nace el Proyecto Noria con Ang\u00e9lica S\u00e1tiro en castellano y me lleva a metas nuevas y la docencia en pa\u00edses de habla hispana.<\/p><p>En 2003 adquiero la condici\u00f3n de catedr\u00e1tica y sigo con la escritura de manuales de filosof\u00eda, historia de la filosof\u00eda y \u00e9tica y libros de divulgaci\u00f3n. Mantengo una alternancia entre docencia, participaci\u00f3n en Jornadas y Congresos y el nacimiento y alimentaci\u00f3n de la web del GrupIREF con la creaci\u00f3n de los blogs de Pensar con el cine y Pensar los Derechos, y\u00a0 Pensem-hi,<\/p><p>En 2007 con Carla Carreras creamos el Master en Filosof\u00eda 3\/18 (P4C) on line en catal\u00e1n y castellano en la UdG, que perdura hasta hoy.<\/p>\",\r\n      \"align\": \"top\",\r\n      \"row\": 7,\r\n      \"col\": 0,\r\n      \"colspan\": 1,\r\n      \"offsetx\": 0,\r\n      \"offsety\": 0,\r\n      \"spaceabove\": 0,\r\n      \"spacebelow\": 0,\r\n      \"yvel\": 1,\r\n      \"push\": 0,\r\n      \"relid\": 18\r\n    },\r\n    {\r\n      \"type\": \"text\",\r\n      \"cont\": \"<p>Oficialmente jubilada en 2010, continu\u00e9 con la direcci\u00f3n del GrupIREF hasta 2015 y ahora mismo sigo con iniciativas y proyectos, colaborando en la formaci\u00f3n o participando en foros relacionados con la docencia en general y con la educaci\u00f3n filos\u00f3fica, \u00e9tica, est\u00e9tica y literaria.<\/p><p>Al margen de art\u00edculos espor\u00e1dicos en revistas de educaci\u00f3n o de filosof\u00eda en catal\u00e1n y castellano, sigo participando activamente en la redacci\u00f3n del Bolet\u00edn Filosof\u00eda 3\/18; durante tres a\u00f1os he escrito los art\u00edculos mensuales de la secci\u00f3n Filosof\u00eda \/ Filosofemos por las revistas de la editorial Gra\u00f3: Aula de infantil, \u00a0Guix y Aula de secundaria en catal\u00e1n y castellano. Y a\u00fan hoy escribo el art\u00edculo de cada mes para la web de las Filoscoles (Red de escuelas relacionadas con el proyecto Filosof\u00eda 3\/18).<\/p><p>Desde el 2018 formo parte de la comisi\u00f3n de calidad de la Facultad de Letras de la UdG como miembro externo.<\/p><p>En 2020 he terminado la confecci\u00f3n de unos materiales encargados por el Departamento de Educaci\u00f3n de la Generalidad sobre derechos de los ni\u00f1os y derechos humanos para infantil, primaria y secundaria: Hablemos de derechos.<\/p><p>Durante la pandemia he preparado unos materiales: De la incertidumbre; La muerte, el duelo y el consuelo; \u00a0Cuentos de todo el mundo ... Y seguimos ......<\/p><p>Me han quedado en el tintero algunas cosas que me hubiera gustado hacer, como llevar a cabo un buen doctorado, aprender bien ingl\u00e9s, tocar un instrumento musical, viajar muuuuuucho m\u00e1s y cultivar algunas otras habilidades que me guardo por privadas.<\/p>\",\r\n      \"align\": \"top\",\r\n      \"row\": 8,\r\n      \"col\": 0,\r\n      \"colspan\": 1,\r\n      \"offsetx\": 0,\r\n      \"offsety\": 0,\r\n      \"spaceabove\": 0,\r\n      \"spacebelow\": 0,\r\n      \"yvel\": 1,\r\n      \"push\": 0,\r\n      \"relid\": 20\r\n    },\r\n    {\r\n      \"type\": \"hr\",\r\n      \"cont\": \"\",\r\n      \"align\": \"bottom\",\r\n      \"row\": 9,\r\n      \"col\": 0,\r\n      \"colspan\": 1,\r\n      \"offsetx\": 0,\r\n      \"offsety\": 0,\r\n      \"spaceabove\": 0,\r\n      \"spacebelow\": 0,\r\n      \"yvel\": 1,\r\n      \"push\": 0,\r\n      \"relid\": 15,\r\n      \"frameOverflow\": \"both\"\r\n    },\r\n    {\r\n      \"type\": \"text\",\r\n      \"cont\": \"<p style=\\\"text-align: center;\\\"><span style=\\\"font-family: georgia, palatino, serif; font-size: 20px;\\\">Si tienes alguna duda o deseas compartir un comentario<b>\u00a0<\/b>ponte en contacto conmigo irenedepuig@irenedepuig.cat<\/span><\/p>\",\r\n      \"align\": \"bottom\",\r\n      \"row\": 10,\r\n      \"col\": 0,\r\n      \"colspan\": 1,\r\n      \"offsetx\": 0,\r\n      \"offsety\": 0,\r\n      \"spaceabove\": 0,\r\n      \"spacebelow\": 0,\r\n      \"yvel\": 1,\r\n      \"push\": 0,\r\n      \"relid\": 13,\r\n      \"frameOverflow\": \"\"\r\n    }\r\n  ]\r\n}","_links":{"self":[{"href":"https:\/\/irenedepuig.cat\/es\/wp-json\/wp\/v2\/pages\/11","targetHints":{"allow":["GET"]}}],"collection":[{"href":"https:\/\/irenedepuig.cat\/es\/wp-json\/wp\/v2\/pages"}],"about":[{"href":"https:\/\/irenedepuig.cat\/es\/wp-json\/wp\/v2\/types\/page"}],"author":[{"embeddable":true,"href":"https:\/\/irenedepuig.cat\/es\/wp-json\/wp\/v2\/users\/1"}],"replies":[{"embeddable":true,"href":"https:\/\/irenedepuig.cat\/es\/wp-json\/wp\/v2\/comments?post=11"}],"version-history":[{"count":0,"href":"https:\/\/irenedepuig.cat\/es\/wp-json\/wp\/v2\/pages\/11\/revisions"}],"wp:attachment":[{"href":"https:\/\/irenedepuig.cat\/es\/wp-json\/wp\/v2\/media?parent=11"}],"curies":[{"name":"wp","href":"https:\/\/api.w.org\/{rel}","templated":true}]}}