{"id":10,"date":"2020-08-16T14:27:19","date_gmt":"2020-08-16T14:27:19","guid":{"rendered":"http:\/\/irenedepuig.cat\/?page_id=10"},"modified":"2024-11-08T15:10:36","modified_gmt":"2024-11-08T15:10:36","slug":"entrevistes","status":"publish","type":"page","link":"https:\/\/irenedepuig.cat\/es\/entrevistas\/","title":{"rendered":"Entrevistas"},"content":{"rendered":"","protected":false},"excerpt":{"rendered":"","protected":false},"author":1,"featured_media":0,"parent":0,"menu_order":4,"comment_status":"closed","ping_status":"closed","template":"","meta":[],"class_list":["post-10","page","type-page","status-publish","hentry"],"grid":"{\r\n  \"colCount\": 20,\r\n  \"colGutter\": 1,\r\n  \"rowGutters\": [\r\n    1,\r\n    1,\r\n    1,\r\n    1,\r\n    1,\r\n    1,\r\n    1,\r\n    1,\r\n    1,\r\n    1,\r\n    1,\r\n    1,\r\n    1,\r\n    1,\r\n    1,\r\n    1,\r\n    1,\r\n    1,\r\n    1,\r\n    1,\r\n    1,\r\n    1,\r\n    1,\r\n    1,\r\n    1,\r\n    1,\r\n    1,\r\n    1,\r\n    1,\r\n    1,\r\n    1,\r\n    1,\r\n    1,\r\n    1,\r\n    1,\r\n    1,\r\n    1,\r\n    1,\r\n    1,\r\n    1,\r\n    1,\r\n    1,\r\n    1,\r\n    1,\r\n    1,\r\n    1,\r\n    1,\r\n    1,\r\n    1,\r\n    1,\r\n    1,\r\n    1,\r\n    1,\r\n    1,\r\n    1,\r\n    1,\r\n    1,\r\n    1,\r\n    1,\r\n    1\r\n  ],\r\n  \"frameMargin\": 1,\r\n  \"topFrameMargin\": 68,\r\n  \"bottomFrameMargin\": 1,\r\n  \"rowAttrs\": [\r\n    {\r\n      \"relid\": 69\r\n    },\r\n    {\r\n      \"relid\": 70\r\n    },\r\n    {\r\n      \"relid\": 71\r\n    },\r\n    {\r\n      \"relid\": 392\r\n    },\r\n    {\r\n      \"relid\": 207\r\n    },\r\n    {\r\n      \"relid\": 209\r\n    },\r\n    {\r\n      \"relid\": 1\r\n    },\r\n    {\r\n      \"relid\": 2\r\n    },\r\n    {\r\n      \"relid\": 186\r\n    },\r\n    {\r\n      \"relid\": 72\r\n    },\r\n    {\r\n      \"relid\": 73\r\n    },\r\n    {\r\n      \"relid\": 162\r\n    },\r\n    {\r\n      \"relid\": 74\r\n    },\r\n    {\r\n      \"relid\": 177\r\n    },\r\n    {\r\n      \"relid\": 75\r\n    },\r\n    {\r\n      \"relid\": 175\r\n    },\r\n    {\r\n      \"relid\": 196\r\n    },\r\n    {\r\n      \"relid\": 198\r\n    },\r\n    {\r\n      \"relid\": 164\r\n    },\r\n    {\r\n      \"relid\": 173\r\n    },\r\n    {\r\n      \"relid\": 76\r\n    },\r\n    {\r\n      \"relid\": 171\r\n    },\r\n    {\r\n      \"relid\": 77\r\n    },\r\n    {\r\n      \"relid\": 167\r\n    },\r\n    {\r\n      \"relid\": 78\r\n    },\r\n    {\r\n      \"relid\": 79\r\n    },\r\n    {\r\n      \"relid\": 80\r\n    },\r\n    {\r\n      \"relid\": 81\r\n    },\r\n    {\r\n      \"relid\": 82\r\n    },\r\n    {\r\n      \"relid\": 83\r\n    },\r\n    {\r\n      \"relid\": 84\r\n    },\r\n    {\r\n      \"relid\": 85\r\n    },\r\n    {\r\n      \"relid\": 86\r\n    },\r\n    {\r\n      \"relid\": 87\r\n    },\r\n    {\r\n      \"relid\": 88\r\n    },\r\n    {\r\n      \"relid\": 89\r\n    },\r\n    {\r\n      \"relid\": 90\r\n    },\r\n    {\r\n      \"relid\": 91\r\n    },\r\n    {\r\n      \"relid\": 92\r\n    },\r\n    {\r\n      \"relid\": 93\r\n    },\r\n    {\r\n      \"relid\": 94\r\n    },\r\n    {\r\n      \"relid\": 95\r\n    },\r\n    {\r\n      \"relid\": 96\r\n    },\r\n    {\r\n      \"relid\": 97\r\n    },\r\n    {\r\n      \"relid\": 98\r\n    },\r\n    {\r\n      \"relid\": 99\r\n    },\r\n    {\r\n      \"relid\": 100\r\n    },\r\n    {\r\n      \"relid\": 101\r\n    },\r\n    {\r\n      \"relid\": 102\r\n    },\r\n    {\r\n      \"relid\": 103\r\n    },\r\n    {\r\n      \"relid\": 104\r\n    },\r\n    {\r\n      \"relid\": 105\r\n    },\r\n    {\r\n      \"relid\": 106\r\n    },\r\n    {\r\n      \"relid\": 107\r\n    },\r\n    {\r\n      \"relid\": 108\r\n    },\r\n    {\r\n      \"relid\": 109\r\n    },\r\n    {\r\n      \"relid\": 110\r\n    },\r\n    {\r\n      \"relid\": 111\r\n    },\r\n    {\r\n      \"relid\": 112\r\n    },\r\n    {\r\n      \"relid\": 113\r\n    },\r\n    {\r\n      \"relid\": 114\r\n    }\r\n  ],\r\n  \"bgColor\": null,\r\n  \"cont\": [\r\n    {\r\n      \"type\": \"text\",\r\n      \"cont\": \"<p><a href=\\\"https:\/\/irenedepuig.cat\/llibres\/\\\" data-type=\\\"page\\\" data-id=\\\"6\\\" data-title=\\\"Llibros\\\">Libros<\/a><\/p>\",\r\n      \"align\": \"middle\",\r\n      \"row\": 0,\r\n      \"col\": 0,\r\n      \"colspan\": 2,\r\n      \"offsetx\": 0,\r\n      \"offsety\": 0,\r\n      \"spaceabove\": 0,\r\n      \"spacebelow\": 0,\r\n      \"yvel\": 1,\r\n      \"push\": 0,\r\n      \"relid\": 34,\r\n      \"frameOverflow\": \"\",\r\n      \"absolute_position\": false\r\n    },\r\n    {\r\n      \"type\": \"text\",\r\n      \"cont\": \"<p><a href=\\\"https:\/\/irenedepuig.cat\/ponencies\/\\\" data-type=\\\"page\\\" data-id=\\\"7\\\" data-title=\\\"Ponencias\\\">Ponencias<\/a><\/p>\",\r\n      \"align\": \"middle\",\r\n      \"row\": 0,\r\n      \"col\": 2,\r\n      \"colspan\": 2,\r\n      \"offsetx\": 0,\r\n      \"offsety\": 0,\r\n      \"spaceabove\": 0,\r\n      \"spacebelow\": 0,\r\n      \"yvel\": 1,\r\n      \"push\": 0,\r\n      \"relid\": 49,\r\n      \"absolute_position\": false\r\n    },\r\n    {\r\n      \"type\": \"text\",\r\n      \"cont\": \"<p style=\\\"text-align: center;\\\">ENTREVISTAS<\/p>\",\r\n      \"align\": \"middle\",\r\n      \"row\": 0,\r\n      \"col\": 5,\r\n      \"colspan\": 10,\r\n      \"offsetx\": 0,\r\n      \"offsety\": 0,\r\n      \"spaceabove\": 0,\r\n      \"spacebelow\": 0,\r\n      \"yvel\": 1,\r\n      \"push\": 1,\r\n      \"relid\": 32,\r\n      \"frameOverflow\": \"\",\r\n      \"absolute_position\": false\r\n    },\r\n    {\r\n      \"type\": \"text\",\r\n      \"cont\": \"<p style=\\\"text-align: right;\\\"><a href=\\\"https:\/\/irenedepuig.cat\/articles\/\\\" data-type=\\\"page\\\" data-id=\\\"8\\\" data-title=\\\"Art\u00edculos\\\">Art\u00edclos<\/a><\/p>\",\r\n      \"align\": \"middle\",\r\n      \"row\": 0,\r\n      \"col\": 16,\r\n      \"colspan\": 2,\r\n      \"offsetx\": 0,\r\n      \"offsety\": 0,\r\n      \"spaceabove\": 0,\r\n      \"spacebelow\": 0,\r\n      \"yvel\": 1,\r\n      \"push\": 1,\r\n      \"relid\": 48,\r\n      \"absolute_position\": false\r\n    },\r\n    {\r\n      \"type\": \"text\",\r\n      \"cont\": \"<p style=\\\"text-align: right;\\\"><a href=\\\"https:\/\/irenedepuig.cat\/ca\/biografia\/\\\" data-id=\\\"11\\\" data-title=\\\"Biograf\u00eda\\\" data-type=\\\"page\\\">Biograf\u00eda<\/a><\/p>\",\r\n      \"align\": \"middle\",\r\n      \"row\": 0,\r\n      \"col\": 18,\r\n      \"colspan\": 2,\r\n      \"offsetx\": 0,\r\n      \"offsety\": 0,\r\n      \"spaceabove\": 0,\r\n      \"spacebelow\": 0,\r\n      \"yvel\": 1,\r\n      \"push\": 0,\r\n      \"relid\": 35,\r\n      \"frameOverflow\": \"\",\r\n      \"absolute_position\": false\r\n    },\r\n    {\r\n      \"type\": \"hr\",\r\n      \"cont\": \"\",\r\n      \"align\": \"middle\",\r\n      \"row\": 1,\r\n      \"col\": 0,\r\n      \"colspan\": 20,\r\n      \"offsetx\": 0,\r\n      \"offsety\": 0,\r\n      \"spaceabove\": 0,\r\n      \"spacebelow\": 0,\r\n      \"yvel\": 1,\r\n      \"push\": 0,\r\n      \"relid\": 33,\r\n      \"frameOverflow\": \"both\",\r\n      \"dosync\": false,\r\n      \"absolute_position\": false\r\n    },\r\n    {\r\n      \"type\": \"text\",\r\n      \"cont\": \"<p style=\\\"text-align: center;\\\">VIDEOS<\/p>\",\r\n      \"align\": \"middle\",\r\n      \"row\": 2,\r\n      \"col\": 5,\r\n      \"colspan\": 10,\r\n      \"offsetx\": 0,\r\n      \"offsety\": 0,\r\n      \"spaceabove\": 0,\r\n      \"spacebelow\": 0,\r\n      \"yvel\": 1,\r\n      \"push\": 5,\r\n      \"relid\": 10,\r\n      \"frameOverflow\": \"\",\r\n      \"dosync\": false,\r\n      \"absolute_position\": false\r\n    },\r\n    {\r\n      \"type\": \"hr\",\r\n      \"cont\": \"\",\r\n      \"align\": \"onethird\",\r\n      \"row\": 3,\r\n      \"col\": 0,\r\n      \"colspan\": 20,\r\n      \"offsetx\": 0,\r\n      \"offsety\": 0,\r\n      \"spaceabove\": 0,\r\n      \"spacebelow\": 0,\r\n      \"yvel\": 1,\r\n      \"push\": 0,\r\n      \"relid\": 393,\r\n      \"absolute_position\": false,\r\n      \"frameOverflow\": \"both\"\r\n    },\r\n    {\r\n      \"type\": \"video\",\r\n      \"cont\": \"https:\/\/i.ytimg.com\/vi\/Z9DZ3QK5oQE\/hqdefault.jpg\",\r\n      \"align\": \"middle\",\r\n      \"row\": 4,\r\n      \"col\": 0,\r\n      \"colspan\": 10,\r\n      \"offsetx\": 0,\r\n      \"offsety\": 0,\r\n      \"spaceabove\": 0,\r\n      \"spacebelow\": 0,\r\n      \"yvel\": 1,\r\n      \"push\": 0,\r\n      \"relid\": 208,\r\n      \"iframe\": \"<iframe width=\\\"200\\\" height=\\\"113\\\" src=\\\"\/\/www.youtube.com\/embed\/Z9DZ3QK5oQE?enablejsapi=1&wmode=transparent&autohide=1&iv_load_policy=3&modestbranding=1&rel=0&showinfo=0&showsearch=0?&theme=light&color=white\\\" frameborder=\\\"0\\\" allowfullscreen><\/iframe>\",\r\n      \"url\": \"https:\/\/www.youtube.com\/live\/Z9DZ3QK5oQE\",\r\n      \"w\": 200,\r\n      \"h\": 113,\r\n      \"ar\": 0.565,\r\n      \"absolute_position\": false,\r\n      \"frameOverflow\": \"\"\r\n    },\r\n    {\r\n      \"type\": \"text\",\r\n      \"cont\": \"<p><span>2023 Reivindicando los cuentos tradicionales para la educaci\u00f3n reflexiva en el Programa El Puente: Ilustres desconocidos, 7 noviembre<\/span><\/p>\",\r\n      \"align\": \"middle\",\r\n      \"row\": 4,\r\n      \"col\": 11,\r\n      \"colspan\": 8,\r\n      \"offsetx\": 0,\r\n      \"offsety\": 0,\r\n      \"spaceabove\": 0,\r\n      \"spacebelow\": 0,\r\n      \"yvel\": 1,\r\n      \"push\": 1,\r\n      \"relid\": 211,\r\n      \"absolute_position\": false,\r\n      \"frameOverflow\": \"\"\r\n    },\r\n    {\r\n      \"type\": \"hr\",\r\n      \"cont\": \"\",\r\n      \"align\": \"middle\",\r\n      \"row\": 5,\r\n      \"col\": 0,\r\n      \"colspan\": 20,\r\n      \"offsetx\": 0,\r\n      \"offsety\": 0,\r\n      \"spaceabove\": 0,\r\n      \"spacebelow\": 0,\r\n      \"yvel\": 1,\r\n      \"push\": 0,\r\n      \"relid\": 210,\r\n      \"absolute_position\": false,\r\n      \"frameOverflow\": \"both\"\r\n    },\r\n    {\r\n      \"type\": \"html\",\r\n      \"cont\": \"<iframe src=\\\"https:\/\/www.facebook.com\/plugins\/video.php?height=314&href=https%3A%2F%2Fwww.facebook.com%2Fmarfilfpn%2Fvideos%2F776825704248704%2F&show_text=false&width=560&t=39\\\" width=\\\"100%\\\" height=\\\"314\\\" style=\\\"border:none;overflow:hidden\\\" scrolling=\\\"no\\\" frameborder=\\\"0\\\" allowfullscreen=\\\"true\\\" allow=\\\"autoplay; clipboard-write; encrypted-media; picture-in-picture; web-share\\\" allowFullScreen=\\\"true\\\"><\/iframe>\",\r\n      \"align\": \"top\",\r\n      \"row\": 6,\r\n      \"col\": 0,\r\n      \"colspan\": 10,\r\n      \"offsetx\": 0,\r\n      \"offsety\": 0,\r\n      \"spaceabove\": 0,\r\n      \"spacebelow\": 0,\r\n      \"yvel\": 1,\r\n      \"push\": 0,\r\n      \"relid\": 188,\r\n      \"panelPosition\": {\r\n        \"width\": 1152,\r\n        \"height\": 621,\r\n        \"left\": \"64px\",\r\n        \"top\": \"34.5px\",\r\n        \"transform\": \"none\"\r\n      },\r\n      \"panelBodyHeight\": {\r\n        \"height\": \"485px\"\r\n      },\r\n      \"absolute_position\": false,\r\n      \"frameOverflow\": \"\"\r\n    },\r\n    {\r\n      \"type\": \"text\",\r\n      \"cont\": \"<p><span>2023 Reivindicando los cuentos tradicionales para la educaci\u00f3n reflexiva en el Programa El Puente: Ilustres desconocidos, 7 noviembre<\/span><\/p>\",\r\n      \"align\": \"middle\",\r\n      \"row\": 6,\r\n      \"col\": 11,\r\n      \"colspan\": 8,\r\n      \"offsetx\": 0,\r\n      \"offsety\": 0,\r\n      \"spaceabove\": 0,\r\n      \"spacebelow\": 0,\r\n      \"yvel\": 1,\r\n      \"push\": 1,\r\n      \"relid\": 189,\r\n      \"absolute_position\": false,\r\n      \"frameOverflow\": \"\"\r\n    },\r\n    {\r\n      \"type\": \"hr\",\r\n      \"cont\": \"\",\r\n      \"align\": \"middle\",\r\n      \"row\": 7,\r\n      \"col\": 0,\r\n      \"colspan\": 20,\r\n      \"offsetx\": 0,\r\n      \"offsety\": 0,\r\n      \"spaceabove\": 0,\r\n      \"spacebelow\": 0,\r\n      \"yvel\": 1,\r\n      \"push\": 0,\r\n      \"relid\": 3,\r\n      \"absolute_position\": false,\r\n      \"frameOverflow\": \"right\"\r\n    },\r\n    {\r\n      \"type\": \"video\",\r\n      \"cont\": \"https:\/\/i.ytimg.com\/vi\/2ONG_Rcjzf4\/hqdefault.jpg\",\r\n      \"align\": \"top\",\r\n      \"row\": 8,\r\n      \"col\": 0,\r\n      \"colspan\": 10,\r\n      \"offsetx\": 0,\r\n      \"offsety\": 0,\r\n      \"spaceabove\": 0,\r\n      \"spacebelow\": 0,\r\n      \"yvel\": 1,\r\n      \"push\": 0,\r\n      \"relid\": 391,\r\n      \"iframe\": \"<iframe width=\\\"200\\\" height=\\\"113\\\" src=\\\"\/\/www.youtube.com\/embed\/2ONG_Rcjzf4?enablejsapi=1&wmode=transparent&autohide=1&iv_load_policy=3&modestbranding=1&rel=0&showinfo=0&showsearch=0?&theme=light&color=white\\\" frameborder=\\\"0\\\" allowfullscreen><\/iframe>\",\r\n      \"url\": \"https:\/\/www.youtube.com\/watch?v=2ONG_Rcjzf4\",\r\n      \"w\": 200,\r\n      \"h\": 113,\r\n      \"ar\": 0.565,\r\n      \"absolute_position\": false,\r\n      \"frameOverflow\": \"\"\r\n    },\r\n    {\r\n      \"type\": \"text\",\r\n      \"cont\": \"<p>2023, Abril. Conversaci\u00f3n de Irene de Puig y Ang\u00e9lica S\u00e1tiro. Centro de Filosof\u00eda para Ni\u00f1os Espa\u00f1a.<\/p>\",\r\n      \"align\": \"middle\",\r\n      \"row\": 8,\r\n      \"col\": 11,\r\n      \"colspan\": 8,\r\n      \"offsetx\": 0,\r\n      \"offsety\": 0,\r\n      \"spaceabove\": 0,\r\n      \"spacebelow\": 0,\r\n      \"yvel\": 1,\r\n      \"push\": 1,\r\n      \"relid\": 187,\r\n      \"absolute_position\": false,\r\n      \"frameOverflow\": \"\"\r\n    },\r\n    {\r\n      \"type\": \"hr\",\r\n      \"cont\": \"\",\r\n      \"align\": \"middle\",\r\n      \"row\": 9,\r\n      \"col\": 0,\r\n      \"colspan\": 20,\r\n      \"offsetx\": 0,\r\n      \"offsety\": 0,\r\n      \"spaceabove\": 0,\r\n      \"spacebelow\": 0,\r\n      \"yvel\": 1,\r\n      \"push\": 0,\r\n      \"relid\": 11,\r\n      \"frameOverflow\": \"both\",\r\n      \"dosync\": false,\r\n      \"absolute_position\": false\r\n    },\r\n    {\r\n      \"type\": \"video\",\r\n      \"cont\": \"https:\/\/i.ytimg.com\/vi\/W97h9KAj7E4\/hqdefault.jpg\",\r\n      \"align\": \"top\",\r\n      \"row\": 10,\r\n      \"col\": 0,\r\n      \"colspan\": 10,\r\n      \"offsetx\": 0,\r\n      \"offsety\": 0,\r\n      \"spaceabove\": 0,\r\n      \"spacebelow\": 0,\r\n      \"yvel\": 1,\r\n      \"push\": 0,\r\n      \"relid\": 67,\r\n      \"iframe\": \"<iframe width=\\\"200\\\" height=\\\"113\\\" src=\\\"\/\/www.youtube.com\/embed\/W97h9KAj7E4?enablejsapi=1&wmode=transparent&autohide=1&iv_load_policy=3&modestbranding=1&rel=0&showinfo=0&showsearch=0?&theme=light&color=white\\\" frameborder=\\\"0\\\" allowfullscreen><\/iframe>\",\r\n      \"url\": \"https:\/\/www.youtube.com\/watch?v=W97h9KAj7E4\",\r\n      \"w\": 200,\r\n      \"h\": 113,\r\n      \"ar\": 0.565,\r\n      \"frameOverflow\": \"\",\r\n      \"absolute_position\": false\r\n    },\r\n    {\r\n      \"type\": \"text\",\r\n      \"cont\": \"<p>2022, Juny. Dialogando desde Filosof\u00eda para Ni\u00f1os. Irene de Puig i Gl\u00f2ria Arbon\u00e8s expliquen el passat, present i projectes de futur del GrupIREF dins del cicle que produeix el Centro de Filosof\u00eda Para Ni\u00f1os Espa\u00f1a.<\/p>\",\r\n      \"align\": \"middle\",\r\n      \"row\": 10,\r\n      \"col\": 11,\r\n      \"colspan\": 8,\r\n      \"offsetx\": 0,\r\n      \"offsety\": 0,\r\n      \"spaceabove\": 0,\r\n      \"spacebelow\": 0,\r\n      \"yvel\": 1,\r\n      \"push\": 1,\r\n      \"relid\": 68,\r\n      \"absolute_position\": false\r\n    },\r\n    {\r\n      \"type\": \"hr\",\r\n      \"cont\": \"\",\r\n      \"align\": \"twothirds\",\r\n      \"row\": 11,\r\n      \"col\": 0,\r\n      \"colspan\": 20,\r\n      \"offsetx\": 0,\r\n      \"offsety\": 0,\r\n      \"spaceabove\": 0,\r\n      \"spacebelow\": 0,\r\n      \"yvel\": 1,\r\n      \"push\": 0,\r\n      \"relid\": 163,\r\n      \"absolute_position\": false,\r\n      \"frameOverflow\": \"right\"\r\n    },\r\n    {\r\n      \"type\": \"video\",\r\n      \"cont\": \"https:\/\/i.ytimg.com\/vi\/fCov6EQBz-g\/hqdefault.jpg\",\r\n      \"align\": \"middle\",\r\n      \"row\": 12,\r\n      \"col\": 0,\r\n      \"colspan\": 10,\r\n      \"offsetx\": 0,\r\n      \"offsety\": 0,\r\n      \"spaceabove\": 0,\r\n      \"spacebelow\": 0,\r\n      \"yvel\": 1,\r\n      \"push\": 0,\r\n      \"relid\": 65,\r\n      \"iframe\": \"<iframe width=\\\"200\\\" height=\\\"113\\\" src=\\\"\/\/www.youtube.com\/embed\/fCov6EQBz-g?enablejsapi=1&wmode=transparent&autohide=1&iv_load_policy=3&modestbranding=1&rel=0&showinfo=0&showsearch=0?&theme=light&color=white\\\" frameborder=\\\"0\\\" allowfullscreen><\/iframe>\",\r\n      \"url\": \"https:\/\/www.youtube.com\/watch?v=fCov6EQBz-g&t=6s\",\r\n      \"w\": 200,\r\n      \"h\": 113,\r\n      \"ar\": 0.565,\r\n      \"frameOverflow\": \"\",\r\n      \"absolute_position\": false\r\n    },\r\n    {\r\n      \"type\": \"text\",\r\n      \"cont\": \"<p>2022, Abril. Manresa. \u00c0gora Educaci\u00f3. Francesc Torralba i Irene de Puig<\/p>\",\r\n      \"align\": \"middle\",\r\n      \"row\": 12,\r\n      \"col\": 11,\r\n      \"colspan\": 8,\r\n      \"offsetx\": 0,\r\n      \"offsety\": 0,\r\n      \"spaceabove\": 0,\r\n      \"spacebelow\": 0,\r\n      \"yvel\": 1,\r\n      \"push\": 1,\r\n      \"relid\": 66,\r\n      \"frameOverflow\": \"\",\r\n      \"absolute_position\": false\r\n    },\r\n    {\r\n      \"type\": \"hr\",\r\n      \"cont\": \"\",\r\n      \"align\": \"onethird\",\r\n      \"row\": 13,\r\n      \"col\": 0,\r\n      \"colspan\": 20,\r\n      \"offsetx\": 0,\r\n      \"offsety\": 0,\r\n      \"spaceabove\": 0,\r\n      \"spacebelow\": 0,\r\n      \"yvel\": 1,\r\n      \"push\": 0,\r\n      \"relid\": 178,\r\n      \"absolute_position\": false,\r\n      \"frameOverflow\": \"\"\r\n    },\r\n    {\r\n      \"type\": \"video\",\r\n      \"cont\": \"https:\/\/i.ytimg.com\/vi\/tonlkgOJE9U\/hqdefault.jpg\",\r\n      \"align\": \"top\",\r\n      \"row\": 14,\r\n      \"col\": 0,\r\n      \"colspan\": 10,\r\n      \"offsetx\": 0,\r\n      \"offsety\": 0,\r\n      \"spaceabove\": 0,\r\n      \"spacebelow\": 0,\r\n      \"yvel\": 1,\r\n      \"push\": 0,\r\n      \"relid\": 751,\r\n      \"iframe\": \"<iframe width=\\\"200\\\" height=\\\"113\\\" src=\\\"\/\/www.youtube.com\/embed\/tonlkgOJE9U?enablejsapi=1&wmode=transparent&autohide=1&iv_load_policy=3&modestbranding=1&rel=0&showinfo=0&showsearch=0?&theme=light&color=white\\\" frameborder=\\\"0\\\" allowfullscreen><\/iframe>\",\r\n      \"url\": \"https:\/\/www.youtube.com\/watch?v=tonlkgOJE9U\",\r\n      \"w\": 200,\r\n      \"h\": 113,\r\n      \"ar\": 0.565,\r\n      \"frameOverflow\": \"\",\r\n      \"absolute_position\": false\r\n    },\r\n    {\r\n      \"type\": \"text\",\r\n      \"cont\": \"<p>2022, Abril. Girona. Al Pou - La incertesa amb Irene de Puig.<\/p>\",\r\n      \"align\": \"middle\",\r\n      \"row\": 14,\r\n      \"col\": 11,\r\n      \"colspan\": 8,\r\n      \"offsetx\": 0,\r\n      \"offsety\": 0,\r\n      \"spaceabove\": 0,\r\n      \"spacebelow\": 0,\r\n      \"yvel\": 1,\r\n      \"push\": 1,\r\n      \"relid\": 752,\r\n      \"frameOverflow\": \"\",\r\n      \"absolute_position\": false\r\n    },\r\n    {\r\n      \"type\": \"hr\",\r\n      \"cont\": \"\",\r\n      \"align\": \"middle\",\r\n      \"row\": 15,\r\n      \"col\": 0,\r\n      \"colspan\": 20,\r\n      \"offsetx\": 0,\r\n      \"offsety\": 0,\r\n      \"spaceabove\": 0,\r\n      \"spacebelow\": 0,\r\n      \"yvel\": 1,\r\n      \"push\": 0,\r\n      \"relid\": 176,\r\n      \"absolute_position\": false,\r\n      \"frameOverflow\": \"\"\r\n    },\r\n    {\r\n      \"type\": \"img\",\r\n      \"cont\": \"\/wp-content\/uploads\/2024\/03\/Los-caminos-del-pensar.png\",\r\n      \"align\": \"middle\",\r\n      \"row\": 16,\r\n      \"col\": 0,\r\n      \"colspan\": 10,\r\n      \"offsetx\": 0,\r\n      \"offsety\": 0,\r\n      \"spaceabove\": 0,\r\n      \"spacebelow\": 0,\r\n      \"yvel\": 1,\r\n      \"push\": 0,\r\n      \"relid\": 197,\r\n      \"attid\": 768,\r\n      \"sizes\": {\r\n        \"full\": \"\/wp-content\/uploads\/2024\/03\/Los-caminos-del-pensar.png\",\r\n        \"_768\": \"\/wp-content\/uploads\/2024\/03\/Los-caminos-del-pensar-768x576.png\",\r\n        \"_512\": \"\/wp-content\/uploads\/2024\/03\/Los-caminos-del-pensar-512x384.png\",\r\n        \"_265\": \"\/wp-content\/uploads\/2024\/03\/Los-caminos-del-pensar-265x199.png\"\r\n      },\r\n      \"w\": 800,\r\n      \"h\": 600,\r\n      \"ar\": 0.75,\r\n      \"alt\": \"\",\r\n      \"absolute_position\": false,\r\n      \"frameOverflow\": \"\",\r\n      \"imagelink\": {\r\n        \"url\": \"http:\/\/www.crearmundos.net\/asociacion\/as\/revista_files\/Crearmundos%20N\u00ba18%20%3B%20Los%20caminos%20del%20Pensar.pdf\",\r\n        \"id\": 0,\r\n        \"type\": \"\",\r\n        \"newtab\": false,\r\n        \"title\": \"\",\r\n        \"hoverimageid\": null,\r\n        \"hoverimagesmallsrc\": \"\",\r\n        \"hoverimagetype\": \"\",\r\n        \"hoverimageposition\": \"\",\r\n        \"hoverimagepreactivated\": \"\",\r\n        \"hoverimageshowon\": \"\"\r\n      }\r\n    },\r\n    {\r\n      \"type\": \"text\",\r\n      \"cont\": \"<p><span lang=\\\"IT\\\">2022<\/span><span lang=\\\"IT\\\">. Las Habilidades de pensamiento nos ayudan a sacar partido a la vida. Eva Domingo entrevista a Irene de Puig.<\/span><\/p>\",\r\n      \"align\": \"middle\",\r\n      \"row\": 16,\r\n      \"col\": 11,\r\n      \"colspan\": 8,\r\n      \"offsetx\": 0,\r\n      \"offsety\": 0,\r\n      \"spaceabove\": 0,\r\n      \"spacebelow\": 0,\r\n      \"yvel\": 1,\r\n      \"push\": 1,\r\n      \"relid\": 200,\r\n      \"frameOverflow\": \"\",\r\n      \"absolute_position\": false\r\n    },\r\n    {\r\n      \"type\": \"hr\",\r\n      \"cont\": \"\",\r\n      \"align\": \"middle\",\r\n      \"row\": 17,\r\n      \"col\": 0,\r\n      \"colspan\": 20,\r\n      \"offsetx\": 0,\r\n      \"offsety\": 0,\r\n      \"spaceabove\": 0,\r\n      \"spacebelow\": 0,\r\n      \"yvel\": 1,\r\n      \"push\": 0,\r\n      \"relid\": 199,\r\n      \"absolute_position\": false,\r\n      \"frameOverflow\": \"right\"\r\n    },\r\n    {\r\n      \"type\": \"video\",\r\n      \"cont\": \"https:\/\/i.ytimg.com\/vi\/4UhG6aVoUNg\/hqdefault.jpg\",\r\n      \"align\": \"top\",\r\n      \"row\": 18,\r\n      \"col\": 0,\r\n      \"colspan\": 10,\r\n      \"offsetx\": 0,\r\n      \"offsety\": 0,\r\n      \"spaceabove\": 0,\r\n      \"spacebelow\": 0,\r\n      \"yvel\": 1,\r\n      \"push\": 0,\r\n      \"relid\": 166,\r\n      \"iframe\": \"<iframe width=\\\"200\\\" height=\\\"113\\\" src=\\\"\/\/www.youtube.com\/embed\/4UhG6aVoUNg?enablejsapi=1&wmode=transparent&autohide=1&iv_load_policy=3&modestbranding=1&rel=0&showinfo=0&showsearch=0?&theme=light&color=white\\\" frameborder=\\\"0\\\" allowfullscreen><\/iframe>\",\r\n      \"url\": \"https:\/\/www.youtube.com\/watch?v=4UhG6aVoUNg\",\r\n      \"w\": 200,\r\n      \"h\": 113,\r\n      \"ar\": 0.565,\r\n      \"absolute_position\": false\r\n    },\r\n    {\r\n      \"type\": \"text\",\r\n      \"cont\": \"<p class=\\\"_Default\\\"><span>XXX Encuentro Iberoamericano de Filosof\u00eda para Ni\u00f1os - Entrevistes a Gl\u00f2ria Arbon\u00e8s i Irene de Puig, C\u00e1ceres, Marzo 2022<\/span><\/p>\",\r\n      \"align\": \"middle\",\r\n      \"row\": 18,\r\n      \"col\": 11,\r\n      \"colspan\": 8,\r\n      \"offsetx\": 0,\r\n      \"offsety\": 0,\r\n      \"spaceabove\": 0,\r\n      \"spacebelow\": 0,\r\n      \"yvel\": 1,\r\n      \"push\": 1,\r\n      \"relid\": 165,\r\n      \"frameOverflow\": \"\",\r\n      \"absolute_position\": false\r\n    },\r\n    {\r\n      \"type\": \"hr\",\r\n      \"cont\": \"\",\r\n      \"align\": \"middle\",\r\n      \"row\": 19,\r\n      \"col\": 0,\r\n      \"colspan\": 20,\r\n      \"offsetx\": 0,\r\n      \"offsety\": 0,\r\n      \"spaceabove\": 0,\r\n      \"spacebelow\": 0,\r\n      \"yvel\": 1,\r\n      \"push\": 0,\r\n      \"relid\": 174,\r\n      \"absolute_position\": false,\r\n      \"frameOverflow\": \"\"\r\n    },\r\n    {\r\n      \"type\": \"img\",\r\n      \"cont\": \"\/wp-content\/uploads\/2023\/02\/XXX-Encuentro-Iberoamericano-de-Filosofia-para-Ninos.png\",\r\n      \"align\": \"top\",\r\n      \"row\": 20,\r\n      \"col\": 2,\r\n      \"colspan\": 6,\r\n      \"offsetx\": 0,\r\n      \"offsety\": 0,\r\n      \"spaceabove\": 0,\r\n      \"spacebelow\": 0,\r\n      \"yvel\": 1,\r\n      \"push\": 2,\r\n      \"relid\": 748,\r\n      \"attid\": 730,\r\n      \"sizes\": {\r\n        \"full\": \"\/wp-content\/uploads\/2023\/02\/XXX-Encuentro-Iberoamericano-de-Filosofia-para-Ninos.png\",\r\n        \"_265\": \"\/wp-content\/uploads\/2023\/02\/XXX-Encuentro-Iberoamericano-de-Filosofia-para-Ninos-265x370.png\"\r\n      },\r\n      \"w\": 289,\r\n      \"h\": 404,\r\n      \"ar\": 1.397923875432526,\r\n      \"alt\": \"\",\r\n      \"frameOverflow\": \"\",\r\n      \"imagelink\": {\r\n        \"url\": \"https:\/\/www.youtube.com\/watch?v=4UhG6aVoUNg\",\r\n        \"id\": 0,\r\n        \"type\": \"\",\r\n        \"newtab\": false,\r\n        \"title\": \"\",\r\n        \"hoverimageid\": null,\r\n        \"hoverimagesmallsrc\": \"\"\r\n      },\r\n      \"absolute_position\": false\r\n    },\r\n    {\r\n      \"type\": \"text\",\r\n      \"cont\": \"<p><span>2022, Marzo. C\u00e1ceres. XXX Encuentro Iberoamericano de Filosof\u00eda para Ni\u00f1os- Entrevistes a Gl\u00f2ria Arbon\u00e8s i Irene de Puig.<\/span><\/p>\",\r\n      \"align\": \"middle\",\r\n      \"row\": 20,\r\n      \"col\": 11,\r\n      \"colspan\": 8,\r\n      \"offsetx\": 0,\r\n      \"offsety\": 0,\r\n      \"spaceabove\": 0,\r\n      \"spacebelow\": 0,\r\n      \"yvel\": 1,\r\n      \"push\": 3,\r\n      \"relid\": 749,\r\n      \"frameOverflow\": \"\",\r\n      \"absolute_position\": false\r\n    },\r\n    {\r\n      \"type\": \"hr\",\r\n      \"cont\": \"\",\r\n      \"align\": \"middle\",\r\n      \"row\": 21,\r\n      \"col\": 0,\r\n      \"colspan\": 20,\r\n      \"offsetx\": 0,\r\n      \"offsety\": 0,\r\n      \"spaceabove\": 0,\r\n      \"spacebelow\": 0,\r\n      \"yvel\": 1,\r\n      \"push\": 0,\r\n      \"relid\": 172,\r\n      \"absolute_position\": false,\r\n      \"frameOverflow\": \"\"\r\n    },\r\n    {\r\n      \"type\": \"img\",\r\n      \"cont\": \"\/wp-content\/uploads\/2022\/09\/Portada.jpg\",\r\n      \"align\": \"middle\",\r\n      \"row\": 22,\r\n      \"col\": 0,\r\n      \"colspan\": 10,\r\n      \"offsetx\": 0,\r\n      \"offsety\": 0,\r\n      \"spaceabove\": 0,\r\n      \"spacebelow\": 0,\r\n      \"yvel\": 1,\r\n      \"push\": 0,\r\n      \"relid\": 809,\r\n      \"attid\": 726,\r\n      \"sizes\": {\r\n        \"full\": \"\/wp-content\/uploads\/2022\/09\/Portada.jpg\",\r\n        \"_1024\": \"\/wp-content\/uploads\/2022\/09\/Portada-1024x1024.jpg\",\r\n        \"_768\": \"\/wp-content\/uploads\/2022\/09\/Portada-768x768.jpg\",\r\n        \"_512\": \"\/wp-content\/uploads\/2022\/09\/Portada-512x512.jpg\",\r\n        \"_265\": \"\/wp-content\/uploads\/2022\/09\/Portada-265x265.jpg\"\r\n      },\r\n      \"w\": 1080,\r\n      \"h\": 1080,\r\n      \"ar\": 1,\r\n      \"alt\": \"\",\r\n      \"frameOverflow\": \"\",\r\n      \"imagelink\": {\r\n        \"url\": \"https:\/\/www.youtube.com\/watch?v=J2CQu6yQ_Y8\",\r\n        \"id\": 0,\r\n        \"type\": \"\",\r\n        \"newtab\": true,\r\n        \"title\": \"\",\r\n        \"hoverimageid\": null,\r\n        \"hoverimagesmallsrc\": \"\"\r\n      },\r\n      \"absolute_position\": false\r\n    },\r\n    {\r\n      \"type\": \"text\",\r\n      \"cont\": \"\",\r\n      \"align\": \"middle\",\r\n      \"row\": 22,\r\n      \"col\": 11,\r\n      \"colspan\": 8,\r\n      \"offsetx\": 0,\r\n      \"offsety\": 0,\r\n      \"spaceabove\": 0,\r\n      \"spacebelow\": 0,\r\n      \"yvel\": 1,\r\n      \"push\": 1,\r\n      \"relid\": 64,\r\n      \"frameOverflow\": \"\",\r\n      \"absolute_position\": false\r\n    },\r\n    {\r\n      \"type\": \"hr\",\r\n      \"cont\": \"\",\r\n      \"align\": \"onethird\",\r\n      \"row\": 23,\r\n      \"col\": 0,\r\n      \"colspan\": 20,\r\n      \"offsetx\": 0,\r\n      \"offsety\": 0,\r\n      \"spaceabove\": 0,\r\n      \"spacebelow\": 0,\r\n      \"yvel\": 1,\r\n      \"push\": 0,\r\n      \"relid\": 170,\r\n      \"absolute_position\": false,\r\n      \"frameOverflow\": \"\"\r\n    },\r\n    {\r\n      \"type\": \"video\",\r\n      \"cont\": \"https:\/\/i.ytimg.com\/vi\/qSX9KFlhi14\/hqdefault.jpg\",\r\n      \"align\": \"top\",\r\n      \"row\": 24,\r\n      \"col\": 0,\r\n      \"colspan\": 10,\r\n      \"offsetx\": 0,\r\n      \"offsety\": 0,\r\n      \"spaceabove\": 0,\r\n      \"spacebelow\": 0,\r\n      \"yvel\": 1,\r\n      \"push\": 0,\r\n      \"relid\": 61,\r\n      \"iframe\": \"<iframe width=\\\"200\\\" height=\\\"113\\\" src=\\\"\/\/www.youtube.com\/embed\/qSX9KFlhi14?enablejsapi=1&wmode=transparent&autohide=1&iv_load_policy=3&modestbranding=1&rel=0&showinfo=0&showsearch=0?&theme=light&color=white\\\" frameborder=\\\"0\\\" allowfullscreen><\/iframe>\",\r\n      \"url\": \"https:\/\/www.youtube.com\/watch?v=qSX9KFlhi14\",\r\n      \"w\": 200,\r\n      \"h\": 113,\r\n      \"ar\": 0.565,\r\n      \"frameOverflow\": \"\",\r\n      \"absolute_position\": false\r\n    },\r\n    {\r\n      \"type\": \"text\",\r\n      \"cont\": \"<p>2020 Entrevista a Filosofia d\u2019estar per casa, d\u2019\u00c0lex Agust\u00ed, Juliol.<\/p>\",\r\n      \"align\": \"middle\",\r\n      \"row\": 24,\r\n      \"col\": 11,\r\n      \"colspan\": 8,\r\n      \"offsetx\": 0,\r\n      \"offsety\": 0,\r\n      \"spaceabove\": 0,\r\n      \"spacebelow\": 0,\r\n      \"yvel\": 1,\r\n      \"push\": 1,\r\n      \"relid\": 63,\r\n      \"frameOverflow\": \"\",\r\n      \"absolute_position\": false\r\n    },\r\n    {\r\n      \"type\": \"hr\",\r\n      \"cont\": \"\",\r\n      \"align\": \"middle\",\r\n      \"row\": 25,\r\n      \"col\": 0,\r\n      \"colspan\": 20,\r\n      \"offsetx\": 0,\r\n      \"offsety\": 0,\r\n      \"spaceabove\": 0,\r\n      \"spacebelow\": 0,\r\n      \"yvel\": 1,\r\n      \"push\": 0,\r\n      \"relid\": 443,\r\n      \"frameOverflow\": \"right\",\r\n      \"absolute_position\": false\r\n    },\r\n    {\r\n      \"type\": \"video\",\r\n      \"cont\": \"https:\/\/i.ytimg.com\/vi\/yAV0kEobKA0\/hqdefault.jpg\",\r\n      \"align\": \"top\",\r\n      \"row\": 26,\r\n      \"col\": 0,\r\n      \"colspan\": 10,\r\n      \"offsetx\": 0,\r\n      \"offsety\": 0,\r\n      \"spaceabove\": 0,\r\n      \"spacebelow\": 0,\r\n      \"yvel\": 1,\r\n      \"push\": 0,\r\n      \"relid\": 436,\r\n      \"iframe\": \"<iframe width=\\\"200\\\" height=\\\"113\\\" src=\\\"\/\/www.youtube.com\/embed\/yAV0kEobKA0?enablejsapi=1&wmode=transparent&autohide=1&iv_load_policy=3&modestbranding=1&rel=0&showinfo=0&showsearch=0?&theme=light&color=white\\\" frameborder=\\\"0\\\" allowfullscreen><\/iframe>\",\r\n      \"url\": \"https:\/\/www.youtube.com\/watch?v=yAV0kEobKA0&feature=youtu.be\",\r\n      \"w\": 200,\r\n      \"h\": 113,\r\n      \"ar\": 0.565,\r\n      \"frameOverflow\": \"\",\r\n      \"absolute_position\": false\r\n    },\r\n    {\r\n      \"type\": \"text\",\r\n      \"cont\": \"<p>2020 Entrevista a Filosofia d\u2019estar per casa, d\u2019\u00c0lex Agust\u00ed, Juliol.<\/p>\",\r\n      \"align\": \"middle\",\r\n      \"row\": 26,\r\n      \"col\": 11,\r\n      \"colspan\": 8,\r\n      \"offsetx\": 0,\r\n      \"offsety\": 0,\r\n      \"spaceabove\": 0,\r\n      \"spacebelow\": 0,\r\n      \"yvel\": 1,\r\n      \"push\": 1,\r\n      \"relid\": 437,\r\n      \"frameOverflow\": \"\",\r\n      \"absolute_position\": false\r\n    },\r\n    {\r\n      \"type\": \"hr\",\r\n      \"cont\": \"\",\r\n      \"align\": \"middle\",\r\n      \"row\": 27,\r\n      \"col\": 0,\r\n      \"colspan\": 20,\r\n      \"offsetx\": 0,\r\n      \"offsety\": 0,\r\n      \"spaceabove\": 0,\r\n      \"spacebelow\": 0,\r\n      \"yvel\": 1,\r\n      \"push\": 0,\r\n      \"relid\": 62,\r\n      \"frameOverflow\": \"\",\r\n      \"absolute_position\": false\r\n    },\r\n    {\r\n      \"type\": \"video\",\r\n      \"cont\": \"https:\/\/i.ytimg.com\/vi\/hb7AqbDhYCM\/hqdefault.jpg\",\r\n      \"align\": \"top\",\r\n      \"row\": 28,\r\n      \"col\": 0,\r\n      \"colspan\": 10,\r\n      \"offsetx\": 0,\r\n      \"offsety\": 0,\r\n      \"spaceabove\": 0,\r\n      \"spacebelow\": 0,\r\n      \"yvel\": 1,\r\n      \"push\": 0,\r\n      \"relid\": 58,\r\n      \"iframe\": \"<iframe width=\\\"200\\\" height=\\\"113\\\" src=\\\"\/\/www.youtube.com\/embed\/hb7AqbDhYCM?enablejsapi=1&wmode=transparent&autohide=1&iv_load_policy=3&modestbranding=1&rel=0&showinfo=0&showsearch=0?&theme=light&color=white\\\" frameborder=\\\"0\\\" allowfullscreen><\/iframe>\",\r\n      \"url\": \"https:\/\/www.youtube.com\/watch?v=hb7AqbDhYCM\",\r\n      \"w\": 200,\r\n      \"h\": 113,\r\n      \"ar\": 0.565,\r\n      \"frameOverflow\": \"\",\r\n      \"absolute_position\": false\r\n    },\r\n    {\r\n      \"type\": \"text\",\r\n      \"cont\": \"<p>2020 Entrevista a Filosofia d\u2019estar per casa, d\u2019\u00c0lex Agust\u00ed, Juliol.<\/p>\",\r\n      \"align\": \"middle\",\r\n      \"row\": 28,\r\n      \"col\": 11,\r\n      \"colspan\": 8,\r\n      \"offsetx\": 0,\r\n      \"offsety\": 0,\r\n      \"spaceabove\": 0,\r\n      \"spacebelow\": 0,\r\n      \"yvel\": 1,\r\n      \"push\": 1,\r\n      \"relid\": 60,\r\n      \"frameOverflow\": \"\",\r\n      \"absolute_position\": false\r\n    },\r\n    {\r\n      \"type\": \"hr\",\r\n      \"cont\": \"\",\r\n      \"align\": \"middle\",\r\n      \"row\": 29,\r\n      \"col\": 0,\r\n      \"colspan\": 20,\r\n      \"offsetx\": 0,\r\n      \"offsety\": 0,\r\n      \"spaceabove\": 0,\r\n      \"spacebelow\": 0,\r\n      \"yvel\": 1,\r\n      \"push\": 0,\r\n      \"relid\": 59,\r\n      \"frameOverflow\": \"right\",\r\n      \"absolute_position\": false\r\n    },\r\n    {\r\n      \"type\": \"img\",\r\n      \"cont\": \"\/wp-content\/uploads\/2023\/02\/Filosofia-destar-per-casa.jpg\",\r\n      \"align\": \"middle\",\r\n      \"row\": 30,\r\n      \"col\": 0,\r\n      \"colspan\": 10,\r\n      \"offsetx\": 0,\r\n      \"offsety\": 0,\r\n      \"spaceabove\": 0,\r\n      \"spacebelow\": 0,\r\n      \"yvel\": 1,\r\n      \"push\": 0,\r\n      \"relid\": 750,\r\n      \"attid\": 733,\r\n      \"sizes\": {\r\n        \"full\": \"\/wp-content\/uploads\/2023\/02\/Filosofia-destar-per-casa.jpg\",\r\n        \"_265\": \"\/wp-content\/uploads\/2023\/02\/Filosofia-destar-per-casa-265x199.jpg\"\r\n      },\r\n      \"w\": 320,\r\n      \"h\": 240,\r\n      \"ar\": 0.75,\r\n      \"alt\": \"\",\r\n      \"frameOverflow\": \"\",\r\n      \"imagelink\": {\r\n        \"url\": \"https:\/\/www.youtube.com\/watch?v=f8Jypriw_tA&t=1s\",\r\n        \"id\": 0,\r\n        \"type\": \"\",\r\n        \"newtab\": true,\r\n        \"title\": \"\",\r\n        \"hoverimageid\": null,\r\n        \"hoverimagesmallsrc\": \"\"\r\n      },\r\n      \"absolute_position\": false\r\n    },\r\n    {\r\n      \"type\": \"text\",\r\n      \"cont\": \"<p>2020 Entrevista a Filosofia d\u2019estar per casa, d\u2019\u00c0lex Agust\u00ed, Juliol.<\/p>\",\r\n      \"align\": \"middle\",\r\n      \"row\": 30,\r\n      \"col\": 11,\r\n      \"colspan\": 8,\r\n      \"offsetx\": 0,\r\n      \"offsety\": 0,\r\n      \"spaceabove\": 0,\r\n      \"spacebelow\": 0,\r\n      \"yvel\": 1,\r\n      \"push\": 1,\r\n      \"relid\": 19,\r\n      \"frameOverflow\": \"\",\r\n      \"dosync\": false,\r\n      \"absolute_position\": false\r\n    },\r\n    {\r\n      \"type\": \"hr\",\r\n      \"cont\": \"\",\r\n      \"align\": \"top\",\r\n      \"row\": 31,\r\n      \"col\": 0,\r\n      \"colspan\": 20,\r\n      \"offsetx\": 0,\r\n      \"offsety\": 0,\r\n      \"spaceabove\": 0,\r\n      \"spacebelow\": 0,\r\n      \"yvel\": 1,\r\n      \"push\": 0,\r\n      \"relid\": 20,\r\n      \"frameOverflow\": \"both\",\r\n      \"dosync\": false,\r\n      \"absolute_position\": false\r\n    },\r\n    {\r\n      \"type\": \"video\",\r\n      \"cont\": \"https:\/\/i.ytimg.com\/vi\/-PK2IA7QJq0\/hqdefault.jpg\",\r\n      \"align\": \"middle\",\r\n      \"row\": 32,\r\n      \"col\": 0,\r\n      \"colspan\": 10,\r\n      \"offsetx\": 0,\r\n      \"offsety\": 0,\r\n      \"spaceabove\": 0,\r\n      \"spacebelow\": 0,\r\n      \"yvel\": 1,\r\n      \"push\": 0,\r\n      \"relid\": 5,\r\n      \"iframe\": \"<iframe width=\\\"480\\\" height=\\\"270\\\" src=\\\"\/\/www.youtube.com\/embed\/-PK2IA7QJq0?enablejsapi=1&wmode=transparent&autohide=1&iv_load_policy=3&modestbranding=1&rel=0&showinfo=0&showsearch=0?&theme=light&color=white\\\" frameborder=\\\"0\\\" allowfullscreen><\/iframe>\",\r\n      \"url\": \"https:\/\/www.youtube.com\/watch?v=-PK2IA7QJq0\",\r\n      \"w\": 480,\r\n      \"h\": 270,\r\n      \"ar\": 0.5625,\r\n      \"frameOverflow\": \"\",\r\n      \"dosync\": false,\r\n      \"absolute_position\": false\r\n    },\r\n    {\r\n      \"type\": \"text\",\r\n      \"cont\": \"<p>2020 Caf\u00e9 imaginario de Ang\u00e9lica S\u00e1tiro.<\/p>\",\r\n      \"align\": \"middle\",\r\n      \"row\": 32,\r\n      \"col\": 11,\r\n      \"colspan\": 8,\r\n      \"offsetx\": 0,\r\n      \"offsety\": 0,\r\n      \"spaceabove\": 0,\r\n      \"spacebelow\": 0,\r\n      \"yvel\": 1,\r\n      \"push\": 1,\r\n      \"relid\": 21,\r\n      \"frameOverflow\": \"\",\r\n      \"dosync\": false,\r\n      \"absolute_position\": false\r\n    },\r\n    {\r\n      \"type\": \"hr\",\r\n      \"cont\": \"\",\r\n      \"align\": \"middle\",\r\n      \"row\": 33,\r\n      \"col\": 0,\r\n      \"colspan\": 20,\r\n      \"offsetx\": 0,\r\n      \"offsety\": 0,\r\n      \"spaceabove\": 0,\r\n      \"spacebelow\": 0,\r\n      \"yvel\": 1,\r\n      \"push\": 0,\r\n      \"relid\": 22,\r\n      \"frameOverflow\": \"both\",\r\n      \"dosync\": false,\r\n      \"absolute_position\": false\r\n    },\r\n    {\r\n      \"type\": \"video\",\r\n      \"cont\": \"https:\/\/i.ytimg.com\/vi\/T7UICH9LvwY\/hqdefault.jpg\",\r\n      \"align\": \"middle\",\r\n      \"row\": 34,\r\n      \"col\": 0,\r\n      \"colspan\": 10,\r\n      \"offsetx\": 0,\r\n      \"offsety\": 0,\r\n      \"spaceabove\": 0,\r\n      \"spacebelow\": 0,\r\n      \"yvel\": 1,\r\n      \"push\": 0,\r\n      \"relid\": 6,\r\n      \"iframe\": \"<iframe width=\\\"480\\\" height=\\\"270\\\" src=\\\"\/\/www.youtube.com\/embed\/T7UICH9LvwY?enablejsapi=1&wmode=transparent&autohide=1&iv_load_policy=3&modestbranding=1&rel=0&showinfo=0&showsearch=0?&theme=light&color=white\\\" frameborder=\\\"0\\\" allowfullscreen><\/iframe>\",\r\n      \"url\": \"https:\/\/www.youtube.com\/watch?v=T7UICH9LvwY&feature=emb_logo\",\r\n      \"w\": 480,\r\n      \"h\": 270,\r\n      \"ar\": 0.5625,\r\n      \"frameOverflow\": \"\",\r\n      \"dosync\": false,\r\n      \"absolute_position\": false\r\n    },\r\n    {\r\n      \"type\": \"text\",\r\n      \"cont\": \"<p>2019 Pensament cr\u00edtic i educaci\u00f3. Fundaci\u00f3 Bofill.<\/p>\",\r\n      \"align\": \"middle\",\r\n      \"row\": 34,\r\n      \"col\": 11,\r\n      \"colspan\": 8,\r\n      \"offsetx\": 0,\r\n      \"offsety\": 0,\r\n      \"spaceabove\": 0,\r\n      \"spacebelow\": 0,\r\n      \"yvel\": 1,\r\n      \"push\": 1,\r\n      \"relid\": 23,\r\n      \"frameOverflow\": \"\",\r\n      \"dosync\": false,\r\n      \"absolute_position\": false\r\n    },\r\n    {\r\n      \"type\": \"hr\",\r\n      \"cont\": \"\",\r\n      \"align\": \"middle\",\r\n      \"row\": 35,\r\n      \"col\": 0,\r\n      \"colspan\": 20,\r\n      \"offsetx\": 0,\r\n      \"offsety\": 0,\r\n      \"spaceabove\": 0,\r\n      \"spacebelow\": 0,\r\n      \"yvel\": 1,\r\n      \"push\": 0,\r\n      \"relid\": 25,\r\n      \"frameOverflow\": \"both\",\r\n      \"dosync\": false,\r\n      \"absolute_position\": false\r\n    },\r\n    {\r\n      \"type\": \"video\",\r\n      \"cont\": \"https:\/\/i.ytimg.com\/vi\/nk8HyV5zCIo\/hqdefault.jpg\",\r\n      \"align\": \"top\",\r\n      \"row\": 36,\r\n      \"col\": 0,\r\n      \"colspan\": 10,\r\n      \"offsetx\": 0,\r\n      \"offsety\": 0,\r\n      \"spaceabove\": 0,\r\n      \"spacebelow\": 0,\r\n      \"yvel\": 1,\r\n      \"push\": 0,\r\n      \"relid\": 45,\r\n      \"iframe\": \"<iframe width=\\\"480\\\" height=\\\"270\\\" src=\\\"\/\/www.youtube.com\/embed\/nk8HyV5zCIo?enablejsapi=1&wmode=transparent&autohide=1&iv_load_policy=3&modestbranding=1&rel=0&showinfo=0&showsearch=0?&theme=light&color=white\\\" frameborder=\\\"0\\\" allowfullscreen><\/iframe>\",\r\n      \"url\": \"https:\/\/www.youtube.com\/watch?v=nk8HyV5zCIo&feature=emb_logo\",\r\n      \"w\": 480,\r\n      \"h\": 270,\r\n      \"ar\": 0.5625,\r\n      \"frameOverflow\": \"\",\r\n      \"dosync\": false,\r\n      \"absolute_position\": false\r\n    },\r\n    {\r\n      \"type\": \"text\",\r\n      \"cont\": \"<p>2017 Audio. Entrevista a Irene de Puig Programa \\\"EL Puente\\\" \u2013 Uniminuto<br \/>Radio \u2013 Col\u00f2mbia 08 de maig.<\/p>\",\r\n      \"align\": \"middle\",\r\n      \"row\": 36,\r\n      \"col\": 11,\r\n      \"colspan\": 8,\r\n      \"offsetx\": 0,\r\n      \"offsety\": 0,\r\n      \"spaceabove\": 0,\r\n      \"spacebelow\": 0,\r\n      \"yvel\": 1,\r\n      \"push\": 1,\r\n      \"relid\": 47,\r\n      \"frameOverflow\": \"\",\r\n      \"dosync\": false,\r\n      \"absolute_position\": false\r\n    },\r\n    {\r\n      \"type\": \"hr\",\r\n      \"cont\": \"\",\r\n      \"align\": \"middle\",\r\n      \"row\": 37,\r\n      \"col\": 0,\r\n      \"colspan\": 20,\r\n      \"offsetx\": 0,\r\n      \"offsety\": 0,\r\n      \"spaceabove\": 0,\r\n      \"spacebelow\": 0,\r\n      \"yvel\": 1,\r\n      \"push\": 0,\r\n      \"relid\": 46,\r\n      \"frameOverflow\": \"both\",\r\n      \"dosync\": false,\r\n      \"absolute_position\": false\r\n    },\r\n    {\r\n      \"type\": \"video\",\r\n      \"cont\": \"https:\/\/i.ytimg.com\/vi\/mOw5DC3V8Ww\/hqdefault.jpg\",\r\n      \"align\": \"middle\",\r\n      \"row\": 38,\r\n      \"col\": 0,\r\n      \"colspan\": 10,\r\n      \"offsetx\": 0,\r\n      \"offsety\": 0,\r\n      \"spaceabove\": 0,\r\n      \"spacebelow\": 0,\r\n      \"yvel\": 1,\r\n      \"push\": 0,\r\n      \"relid\": 7,\r\n      \"iframe\": \"<iframe width=\\\"480\\\" height=\\\"270\\\" src=\\\"\/\/www.youtube.com\/embed\/mOw5DC3V8Ww?enablejsapi=1&wmode=transparent&autohide=1&iv_load_policy=3&modestbranding=1&rel=0&showinfo=0&showsearch=0?&theme=light&color=white\\\" frameborder=\\\"0\\\" allowfullscreen><\/iframe>\",\r\n      \"url\": \"https:\/\/www.youtube.com\/watch?v=mOw5DC3V8Ww\",\r\n      \"w\": 480,\r\n      \"h\": 270,\r\n      \"ar\": 0.5625,\r\n      \"frameOverflow\": \"\",\r\n      \"dosync\": false,\r\n      \"absolute_position\": false\r\n    },\r\n    {\r\n      \"type\": \"text\",\r\n      \"cont\": \"<p>2017 Filosofia 3\/18 a \\\"EDUCA QU\u00c9\\\" _ TV Girona.<\/p>\",\r\n      \"align\": \"middle\",\r\n      \"row\": 38,\r\n      \"col\": 11,\r\n      \"colspan\": 8,\r\n      \"offsetx\": 0,\r\n      \"offsety\": 0,\r\n      \"spaceabove\": 0,\r\n      \"spacebelow\": 0,\r\n      \"yvel\": 1,\r\n      \"push\": 1,\r\n      \"relid\": 26,\r\n      \"frameOverflow\": \"\",\r\n      \"dosync\": false,\r\n      \"absolute_position\": false\r\n    },\r\n    {\r\n      \"type\": \"hr\",\r\n      \"cont\": \"\",\r\n      \"align\": \"top\",\r\n      \"row\": 39,\r\n      \"col\": 0,\r\n      \"colspan\": 20,\r\n      \"offsetx\": 0,\r\n      \"offsety\": 0,\r\n      \"spaceabove\": 0,\r\n      \"spacebelow\": 0,\r\n      \"yvel\": 1,\r\n      \"push\": 0,\r\n      \"relid\": 24,\r\n      \"frameOverflow\": \"both\",\r\n      \"dosync\": false,\r\n      \"absolute_position\": false\r\n    },\r\n    {\r\n      \"type\": \"html\",\r\n      \"cont\": \"<iframe src=\\\"https:\/\/www.ccma.cat\/video\/embed\/5675764\/\\\" allowfullscreen scrolling=\\\"no\\\" frameborder=\\\"0\\\" width=\\\"100%\\\" height=\\\"281px\\\"><\/iframe>\",\r\n      \"align\": \"top\",\r\n      \"row\": 40,\r\n      \"col\": 0,\r\n      \"colspan\": 10,\r\n      \"offsetx\": 0,\r\n      \"offsety\": 0,\r\n      \"spaceabove\": 0,\r\n      \"spacebelow\": 0,\r\n      \"yvel\": 1,\r\n      \"push\": 0,\r\n      \"relid\": 51,\r\n      \"frameOverflow\": \"\",\r\n      \"absolute_position\": false\r\n    },\r\n    {\r\n      \"type\": \"text\",\r\n      \"cont\": \"<p>2017 Filosofia 3\/18 a \\\"EDUCA QU\u00c9\\\" _ TV Girona.<\/p>\",\r\n      \"align\": \"middle\",\r\n      \"row\": 40,\r\n      \"col\": 11,\r\n      \"colspan\": 8,\r\n      \"offsetx\": 0,\r\n      \"offsety\": 0,\r\n      \"spaceabove\": 0,\r\n      \"spacebelow\": 0,\r\n      \"yvel\": 1,\r\n      \"push\": 1,\r\n      \"relid\": 52,\r\n      \"frameOverflow\": \"\",\r\n      \"absolute_position\": false\r\n    },\r\n    {\r\n      \"type\": \"hr\",\r\n      \"cont\": \"\",\r\n      \"align\": \"middle\",\r\n      \"row\": 41,\r\n      \"col\": 0,\r\n      \"colspan\": 20,\r\n      \"offsetx\": 0,\r\n      \"offsety\": 0,\r\n      \"spaceabove\": 0,\r\n      \"spacebelow\": 0,\r\n      \"yvel\": 1,\r\n      \"push\": 0,\r\n      \"relid\": 53,\r\n      \"frameOverflow\": \"\",\r\n      \"absolute_position\": false\r\n    },\r\n    {\r\n      \"type\": \"video\",\r\n      \"cont\": \"https:\/\/i.ytimg.com\/vi\/7kUg_OB3Gks\/hqdefault.jpg\",\r\n      \"align\": \"top\",\r\n      \"row\": 42,\r\n      \"col\": 0,\r\n      \"colspan\": 10,\r\n      \"offsetx\": 0,\r\n      \"offsety\": 0,\r\n      \"spaceabove\": 0,\r\n      \"spacebelow\": 0,\r\n      \"yvel\": 1,\r\n      \"push\": 0,\r\n      \"relid\": 8,\r\n      \"iframe\": \"<iframe width=\\\"480\\\" height=\\\"270\\\" src=\\\"\/\/www.youtube.com\/embed\/7kUg_OB3Gks?enablejsapi=1&wmode=transparent&autohide=1&iv_load_policy=3&modestbranding=1&rel=0&showinfo=0&showsearch=0?&theme=light&color=white\\\" frameborder=\\\"0\\\" allowfullscreen><\/iframe>\",\r\n      \"url\": \"https:\/\/www.youtube.com\/watch?v=7kUg_OB3Gks\",\r\n      \"w\": 480,\r\n      \"h\": 270,\r\n      \"ar\": 0.5625,\r\n      \"frameOverflow\": \"\",\r\n      \"dosync\": false,\r\n      \"absolute_position\": false\r\n    },\r\n    {\r\n      \"type\": \"text\",\r\n      \"cont\": \"<p>2017 Educar en el pensament cr\u00edtic avui a Debat extraordinari sobre l\u2019educaci\u00f3 p\u00fablica catalana.<\/p>\",\r\n      \"align\": \"middle\",\r\n      \"row\": 42,\r\n      \"col\": 11,\r\n      \"colspan\": 8,\r\n      \"offsetx\": 0,\r\n      \"offsety\": 0,\r\n      \"spaceabove\": 0,\r\n      \"spacebelow\": 0,\r\n      \"yvel\": 1,\r\n      \"push\": 1,\r\n      \"relid\": 28,\r\n      \"frameOverflow\": \"\",\r\n      \"dosync\": false,\r\n      \"absolute_position\": false\r\n    },\r\n    {\r\n      \"type\": \"hr\",\r\n      \"cont\": \"\",\r\n      \"align\": \"top\",\r\n      \"row\": 43,\r\n      \"col\": 0,\r\n      \"colspan\": 20,\r\n      \"offsetx\": 0,\r\n      \"offsety\": 0,\r\n      \"spaceabove\": 0,\r\n      \"spacebelow\": 0,\r\n      \"yvel\": 1,\r\n      \"push\": 0,\r\n      \"relid\": 30,\r\n      \"frameOverflow\": \"both\",\r\n      \"absolute_position\": false\r\n    },\r\n    {\r\n      \"type\": \"video\",\r\n      \"cont\": \"https:\/\/i.ytimg.com\/vi\/GS1m0-F28Nw\/hqdefault.jpg\",\r\n      \"align\": \"middle\",\r\n      \"row\": 44,\r\n      \"col\": 0,\r\n      \"colspan\": 10,\r\n      \"offsetx\": 0,\r\n      \"offsety\": 0,\r\n      \"spaceabove\": 0,\r\n      \"spacebelow\": 0,\r\n      \"yvel\": 1,\r\n      \"push\": 0,\r\n      \"relid\": 9,\r\n      \"iframe\": \"<iframe width=\\\"480\\\" height=\\\"270\\\" src=\\\"\/\/www.youtube.com\/embed\/GS1m0-F28Nw?enablejsapi=1&wmode=transparent&autohide=1&iv_load_policy=3&modestbranding=1&rel=0&showinfo=0&showsearch=0?&theme=light&color=white\\\" frameborder=\\\"0\\\" allowfullscreen><\/iframe>\",\r\n      \"url\": \"https:\/\/www.youtube.com\/watch?v=GS1m0-F28Nw\",\r\n      \"w\": 480,\r\n      \"h\": 270,\r\n      \"ar\": 0.5625,\r\n      \"frameOverflow\": \"\",\r\n      \"dosync\": false,\r\n      \"absolute_position\": false\r\n    },\r\n    {\r\n      \"type\": \"text\",\r\n      \"cont\": \"<p>2017 Educaci\u00f3n y derechos de los ni\u00f1os. En el programa Oiga Profe de la Escuela de Medios de UNIMINUTO en Bogot\u00e1 - Colombia.<\/p>\",\r\n      \"align\": \"middle\",\r\n      \"row\": 44,\r\n      \"col\": 11,\r\n      \"colspan\": 8,\r\n      \"offsetx\": 0,\r\n      \"offsety\": 0,\r\n      \"spaceabove\": 0,\r\n      \"spacebelow\": 0,\r\n      \"yvel\": 1,\r\n      \"push\": 1,\r\n      \"relid\": 36,\r\n      \"frameOverflow\": \"\",\r\n      \"dosync\": false,\r\n      \"absolute_position\": false\r\n    },\r\n    {\r\n      \"type\": \"hr\",\r\n      \"cont\": \"\",\r\n      \"align\": \"middle\",\r\n      \"row\": 45,\r\n      \"col\": 0,\r\n      \"colspan\": 20,\r\n      \"offsetx\": 0,\r\n      \"offsety\": 0,\r\n      \"spaceabove\": 0,\r\n      \"spacebelow\": 0,\r\n      \"yvel\": 1,\r\n      \"push\": 0,\r\n      \"relid\": 57,\r\n      \"frameOverflow\": \"right\",\r\n      \"absolute_position\": false\r\n    },\r\n    {\r\n      \"type\": \"video\",\r\n      \"cont\": \"https:\/\/i.ytimg.com\/vi\/eNs9YSNK_uA\/hqdefault.jpg\",\r\n      \"align\": \"top\",\r\n      \"row\": 46,\r\n      \"col\": 0,\r\n      \"colspan\": 10,\r\n      \"offsetx\": 0,\r\n      \"offsety\": 0,\r\n      \"spaceabove\": 0,\r\n      \"spacebelow\": 0,\r\n      \"yvel\": 1,\r\n      \"push\": 0,\r\n      \"relid\": 12,\r\n      \"iframe\": \"<iframe width=\\\"480\\\" height=\\\"270\\\" src=\\\"\/\/www.youtube.com\/embed\/eNs9YSNK_uA?enablejsapi=1&wmode=transparent&autohide=1&iv_load_policy=3&modestbranding=1&rel=0&showinfo=0&showsearch=0?&theme=light&color=white\\\" frameborder=\\\"0\\\" allowfullscreen><\/iframe>\",\r\n      \"url\": \"https:\/\/www.youtube.com\/watch?v=eNs9YSNK_uA\",\r\n      \"w\": 480,\r\n      \"h\": 270,\r\n      \"ar\": 0.5625,\r\n      \"frameOverflow\": \"\",\r\n      \"dosync\": false,\r\n      \"absolute_position\": false\r\n    },\r\n    {\r\n      \"type\": \"text\",\r\n      \"cont\": \"<p>2017 Educar en el pensament cr\u00edtic avui a Debat extraordinari sobre<br \/>l\u2019educaci\u00f3 p\u00fablica catalana.<\/p>\",\r\n      \"align\": \"middle\",\r\n      \"row\": 46,\r\n      \"col\": 11,\r\n      \"colspan\": 8,\r\n      \"offsetx\": 0,\r\n      \"offsety\": 0,\r\n      \"spaceabove\": 0,\r\n      \"spacebelow\": 0,\r\n      \"yvel\": 1,\r\n      \"push\": 1,\r\n      \"relid\": 27,\r\n      \"frameOverflow\": \"\",\r\n      \"dosync\": false,\r\n      \"absolute_position\": false\r\n    },\r\n    {\r\n      \"type\": \"hr\",\r\n      \"cont\": \"\",\r\n      \"align\": \"middle\",\r\n      \"row\": 47,\r\n      \"col\": 0,\r\n      \"colspan\": 20,\r\n      \"offsetx\": 0,\r\n      \"offsety\": 0,\r\n      \"spaceabove\": 0,\r\n      \"spacebelow\": 0,\r\n      \"yvel\": 1,\r\n      \"push\": 0,\r\n      \"relid\": 31,\r\n      \"frameOverflow\": \"both\",\r\n      \"dosync\": false,\r\n      \"absolute_position\": false\r\n    },\r\n    {\r\n      \"type\": \"video\",\r\n      \"cont\": \"https:\/\/i.ytimg.com\/vi\/FYZHNQQ54Pk\/hqdefault.jpg\",\r\n      \"align\": \"middle\",\r\n      \"row\": 48,\r\n      \"col\": 0,\r\n      \"colspan\": 10,\r\n      \"offsetx\": 0,\r\n      \"offsety\": 0,\r\n      \"spaceabove\": 0,\r\n      \"spacebelow\": 0,\r\n      \"yvel\": 1,\r\n      \"push\": 0,\r\n      \"relid\": 16,\r\n      \"iframe\": \"<iframe width=\\\"480\\\" height=\\\"270\\\" src=\\\"\/\/www.youtube.com\/embed\/FYZHNQQ54Pk?enablejsapi=1&wmode=transparent&autohide=1&iv_load_policy=3&modestbranding=1&rel=0&showinfo=0&showsearch=0?&theme=light&color=white\\\" frameborder=\\\"0\\\" allowfullscreen><\/iframe>\",\r\n      \"url\": \"https:\/\/www.youtube.com\/watch?v=FYZHNQQ54Pk\",\r\n      \"w\": 480,\r\n      \"h\": 270,\r\n      \"ar\": 0.5625,\r\n      \"frameOverflow\": \"\",\r\n      \"dosync\": false,\r\n      \"absolute_position\": false\r\n    },\r\n    {\r\n      \"type\": \"text\",\r\n      \"cont\": \"<p>2012 Fer filosofia a l'escola. Recull en v\u00eddeo de la presentaci\u00f3 a la Llibreria Embat, el dijous dia 4 d'octubre de 2012, del llibre \\\"Fer filosofia a l'escola\\\", a c\u00e0rrec de Maribel Pomar i Carme Ripoll.<\/p>\",\r\n      \"align\": \"middle\",\r\n      \"row\": 48,\r\n      \"col\": 11,\r\n      \"colspan\": 8,\r\n      \"offsetx\": 0,\r\n      \"offsety\": 0,\r\n      \"spaceabove\": 0,\r\n      \"spacebelow\": 0,\r\n      \"yvel\": 1,\r\n      \"push\": 1,\r\n      \"relid\": 38,\r\n      \"frameOverflow\": \"\",\r\n      \"dosync\": false,\r\n      \"absolute_position\": false\r\n    },\r\n    {\r\n      \"type\": \"hr\",\r\n      \"cont\": \"\",\r\n      \"align\": \"top\",\r\n      \"row\": 49,\r\n      \"col\": 0,\r\n      \"colspan\": 20,\r\n      \"offsetx\": 0,\r\n      \"offsety\": 0,\r\n      \"spaceabove\": 0,\r\n      \"spacebelow\": 0,\r\n      \"yvel\": 1,\r\n      \"push\": 0,\r\n      \"relid\": 37,\r\n      \"frameOverflow\": \"both\",\r\n      \"absolute_position\": false\r\n    },\r\n    {\r\n      \"type\": \"video\",\r\n      \"cont\": \"https:\/\/i.ytimg.com\/vi\/QKDqKGkvoZU\/hqdefault.jpg\",\r\n      \"align\": \"top\",\r\n      \"row\": 50,\r\n      \"col\": 0,\r\n      \"colspan\": 10,\r\n      \"offsetx\": 0,\r\n      \"offsety\": 0,\r\n      \"spaceabove\": 0,\r\n      \"spacebelow\": 0,\r\n      \"yvel\": 1,\r\n      \"push\": 0,\r\n      \"relid\": 17,\r\n      \"iframe\": \"<iframe width=\\\"480\\\" height=\\\"270\\\" src=\\\"\/\/www.youtube.com\/embed\/QKDqKGkvoZU?enablejsapi=1&wmode=transparent&autohide=1&iv_load_policy=3&modestbranding=1&rel=0&showinfo=0&showsearch=0?&theme=light&color=white\\\" frameborder=\\\"0\\\" allowfullscreen><\/iframe>\",\r\n      \"url\": \"https:\/\/www.youtube.com\/watch?v=QKDqKGkvoZU\",\r\n      \"w\": 480,\r\n      \"h\": 270,\r\n      \"ar\": 0.5625,\r\n      \"frameOverflow\": \"\",\r\n      \"dosync\": false,\r\n      \"absolute_position\": false\r\n    },\r\n    {\r\n      \"type\": \"text\",\r\n      \"cont\": \"<p>2011 Filosof\u00eda para Ni\u00f1os a Para Todos\u00a0Programa sobre Filosof\u00eda para Ni\u00f1os con Irene de Puig, Francesc Torralba y Marta Aja emitido el 19 de octubre.<\/p>\",\r\n      \"align\": \"middle\",\r\n      \"row\": 50,\r\n      \"col\": 11,\r\n      \"colspan\": 8,\r\n      \"offsetx\": 0,\r\n      \"offsety\": 0,\r\n      \"spaceabove\": 0,\r\n      \"spacebelow\": 0,\r\n      \"yvel\": 1,\r\n      \"push\": 1,\r\n      \"relid\": 39,\r\n      \"frameOverflow\": \"\",\r\n      \"dosync\": false,\r\n      \"absolute_position\": false\r\n    },\r\n    {\r\n      \"type\": \"hr\",\r\n      \"cont\": \"\",\r\n      \"align\": \"middle\",\r\n      \"row\": 51,\r\n      \"col\": 0,\r\n      \"colspan\": 20,\r\n      \"offsetx\": 0,\r\n      \"offsety\": 0,\r\n      \"spaceabove\": 0,\r\n      \"spacebelow\": 0,\r\n      \"yvel\": 1,\r\n      \"push\": 0,\r\n      \"relid\": 13,\r\n      \"frameOverflow\": \"both\",\r\n      \"dosync\": false,\r\n      \"absolute_position\": false\r\n    },\r\n    {\r\n      \"type\": \"video\",\r\n      \"cont\": \"https:\/\/i.ytimg.com\/vi\/QPpQSMuwHh0\/hqdefault.jpg\",\r\n      \"align\": \"middle\",\r\n      \"row\": 52,\r\n      \"col\": 0,\r\n      \"colspan\": 10,\r\n      \"offsetx\": 0,\r\n      \"offsety\": 0,\r\n      \"spaceabove\": 0,\r\n      \"spacebelow\": 0,\r\n      \"yvel\": 1,\r\n      \"push\": 0,\r\n      \"relid\": 18,\r\n      \"iframe\": \"<iframe width=\\\"459\\\" height=\\\"344\\\" src=\\\"\/\/www.youtube.com\/embed\/QPpQSMuwHh0?enablejsapi=1&wmode=transparent&autohide=1&iv_load_policy=3&modestbranding=1&rel=0&showinfo=0&showsearch=0?&theme=light&color=white\\\" frameborder=\\\"0\\\" allowfullscreen><\/iframe>\",\r\n      \"url\": \"https:\/\/www.youtube.com\/watch?v=QPpQSMuwHh0\",\r\n      \"w\": 459,\r\n      \"h\": 344,\r\n      \"ar\": 0.7494553376906318,\r\n      \"frameOverflow\": \"\",\r\n      \"dosync\": false,\r\n      \"absolute_position\": false\r\n    },\r\n    {\r\n      \"type\": \"text\",\r\n      \"cont\": \"<p>2007 Filosofia 3\/18 a \u201cLa nit i el dia\u201d. Escola El Puig d\u2019Esparreguera, Maig.<\/p>\",\r\n      \"align\": \"middle\",\r\n      \"row\": 52,\r\n      \"col\": 11,\r\n      \"colspan\": 8,\r\n      \"offsetx\": 0,\r\n      \"offsety\": 0,\r\n      \"spaceabove\": 0,\r\n      \"spacebelow\": 0,\r\n      \"yvel\": 1,\r\n      \"push\": 1,\r\n      \"relid\": 40,\r\n      \"frameOverflow\": \"\",\r\n      \"dosync\": false,\r\n      \"absolute_position\": false\r\n    },\r\n    {\r\n      \"type\": \"hr\",\r\n      \"cont\": \"\",\r\n      \"align\": \"top\",\r\n      \"row\": 53,\r\n      \"col\": 0,\r\n      \"colspan\": 20,\r\n      \"offsetx\": 0,\r\n      \"offsety\": 0,\r\n      \"spaceabove\": 0,\r\n      \"spacebelow\": 0,\r\n      \"yvel\": 1,\r\n      \"push\": 0,\r\n      \"relid\": 14,\r\n      \"frameOverflow\": \"both\",\r\n      \"dosync\": false,\r\n      \"absolute_position\": false\r\n    },\r\n    {\r\n      \"type\": \"text\",\r\n      \"cont\": \"<p style=\\\"text-align: center;\\\">AUDIOS<\/p>\",\r\n      \"align\": \"middle\",\r\n      \"row\": 54,\r\n      \"col\": 0,\r\n      \"colspan\": 20,\r\n      \"offsetx\": 0,\r\n      \"offsety\": 0,\r\n      \"spaceabove\": 0,\r\n      \"spacebelow\": 0,\r\n      \"yvel\": 1,\r\n      \"push\": 0,\r\n      \"relid\": 15,\r\n      \"frameOverflow\": \"\",\r\n      \"absolute_position\": false\r\n    },\r\n    {\r\n      \"type\": \"hr\",\r\n      \"cont\": \"\",\r\n      \"align\": \"top\",\r\n      \"row\": 55,\r\n      \"col\": 0,\r\n      \"colspan\": 20,\r\n      \"offsetx\": 0,\r\n      \"offsety\": 0,\r\n      \"spaceabove\": 0,\r\n      \"spacebelow\": 0,\r\n      \"yvel\": 1,\r\n      \"push\": 0,\r\n      \"relid\": 41,\r\n      \"frameOverflow\": \"both\",\r\n      \"dosync\": false,\r\n      \"absolute_position\": false\r\n    },\r\n    {\r\n      \"type\": \"html\",\r\n      \"cont\": \"<iframe src=\\\"https:\/\/www.ccma.cat\/audio\/embed\/888742\/\\\" allowfullscreen scrolling=\\\"no\\\" frameborder=\\\"0\\\" width=\\\"100%\\\" height=\\\"350px\\\"><\/iframe>\",\r\n      \"align\": \"top\",\r\n      \"row\": 56,\r\n      \"col\": 0,\r\n      \"colspan\": 10,\r\n      \"offsetx\": 0,\r\n      \"offsety\": 0,\r\n      \"spaceabove\": 0,\r\n      \"spacebelow\": 0,\r\n      \"yvel\": 1,\r\n      \"push\": 0,\r\n      \"relid\": 42,\r\n      \"frameOverflow\": \"\",\r\n      \"dosync\": false,\r\n      \"absolute_position\": false\r\n    },\r\n    {\r\n      \"type\": \"text\",\r\n      \"cont\": \"<p>2007 Filosofia 3\/18 a \u201cLa nit i el dia\u201d. Escola El Puig d\u2019Esparreguera, Maig.<\/p>\",\r\n      \"align\": \"middle\",\r\n      \"row\": 56,\r\n      \"col\": 11,\r\n      \"colspan\": 8,\r\n      \"offsetx\": 0,\r\n      \"offsety\": 0,\r\n      \"spaceabove\": 0,\r\n      \"spacebelow\": 0,\r\n      \"yvel\": 1,\r\n      \"push\": 1,\r\n      \"relid\": 43,\r\n      \"frameOverflow\": \"\",\r\n      \"dosync\": false,\r\n      \"absolute_position\": false\r\n    },\r\n    {\r\n      \"type\": \"hr\",\r\n      \"cont\": \"\",\r\n      \"align\": \"middle\",\r\n      \"row\": 57,\r\n      \"col\": 0,\r\n      \"colspan\": 20,\r\n      \"offsetx\": 0,\r\n      \"offsety\": 0,\r\n      \"spaceabove\": 0,\r\n      \"spacebelow\": 0,\r\n      \"yvel\": 1,\r\n      \"push\": 0,\r\n      \"relid\": 50,\r\n      \"frameOverflow\": \"both\",\r\n      \"absolute_position\": false\r\n    },\r\n    {\r\n      \"type\": \"text\",\r\n      \"cont\": \"<p style=\\\"text-align: center;\\\">PRENSA ESCRITA<\/p>\",\r\n      \"align\": \"top\",\r\n      \"row\": 58,\r\n      \"col\": 0,\r\n      \"colspan\": 20,\r\n      \"offsetx\": 0,\r\n      \"offsety\": 0,\r\n      \"spaceabove\": 0,\r\n      \"spacebelow\": 0,\r\n      \"yvel\": 1,\r\n      \"push\": 0,\r\n      \"relid\": 54,\r\n      \"frameOverflow\": \"\",\r\n      \"absolute_position\": false\r\n    },\r\n    {\r\n      \"type\": \"hr\",\r\n      \"cont\": \"\",\r\n      \"align\": \"top\",\r\n      \"row\": 59,\r\n      \"col\": 0,\r\n      \"colspan\": 20,\r\n      \"offsetx\": 0,\r\n      \"offsety\": 0,\r\n      \"spaceabove\": 0,\r\n      \"spacebelow\": 0,\r\n      \"yvel\": 1,\r\n      \"push\": 0,\r\n      \"relid\": 55,\r\n      \"frameOverflow\": \"both\",\r\n      \"absolute_position\": false\r\n    },\r\n    {\r\n      \"type\": \"shortcode\",\r\n      \"cont\": \"[table id=25 \/]\",\r\n      \"align\": \"middle\",\r\n      \"row\": 60,\r\n      \"col\": 1,\r\n      \"colspan\": 18,\r\n      \"offsetx\": 0,\r\n      \"offsety\": 0,\r\n      \"spaceabove\": 0,\r\n      \"spacebelow\": 0,\r\n      \"yvel\": 1,\r\n      \"push\": 1,\r\n      \"relid\": 56,\r\n      \"shortcodeid\": 1679677770035,\r\n      \"frameOverflow\": \"\",\r\n      \"absolute_position\": false\r\n    }\r\n  ]\r\n}","phonegrid":"{\r\n  \"colCount\": 1,\r\n  \"colGutter\": 1,\r\n  \"rowGutters\": [\r\n    5,\r\n    5,\r\n    5,\r\n    5,\r\n    5,\r\n    5,\r\n    5,\r\n    5,\r\n    5,\r\n    5,\r\n    5,\r\n    5,\r\n    5,\r\n    5,\r\n    5,\r\n    5,\r\n    5,\r\n    5,\r\n    5,\r\n    5,\r\n    5,\r\n    5,\r\n    5,\r\n    5,\r\n    5,\r\n    5,\r\n    5,\r\n    5,\r\n    5,\r\n    5,\r\n    5,\r\n    5,\r\n    5,\r\n    5,\r\n    5,\r\n    5,\r\n    5,\r\n    5,\r\n    5,\r\n    5,\r\n    5,\r\n    5,\r\n    5,\r\n    5,\r\n    5,\r\n    5,\r\n    5,\r\n    5,\r\n    5,\r\n    5,\r\n    5,\r\n    5,\r\n    5,\r\n    5,\r\n    5,\r\n    5,\r\n    5,\r\n    5,\r\n    5,\r\n    5,\r\n    5,\r\n    5,\r\n    5,\r\n    5,\r\n    5,\r\n    5,\r\n    5,\r\n    5,\r\n    5,\r\n    5,\r\n    5,\r\n    5,\r\n    5,\r\n    5,\r\n    5,\r\n    5,\r\n    5\r\n  ],\r\n  \"frameMargin\": 5,\r\n  \"topFrameMargin\": 5,\r\n  \"bottomFrameMargin\": 5,\r\n  \"rowAttrs\": [\r\n    {\r\n      \"relid\": 115\r\n    },\r\n    {\r\n      \"relid\": 213\r\n    },\r\n    {\r\n      \"relid\": 212\r\n    },\r\n    {\r\n      \"relid\": 194\r\n    },\r\n    {\r\n      \"relid\": 190\r\n    },\r\n    {\r\n      \"relid\": 192\r\n    },\r\n    {\r\n      \"relid\": 116\r\n    },\r\n    {\r\n      \"relid\": 396\r\n    },\r\n    {\r\n      \"relid\": 398\r\n    },\r\n    {\r\n      \"relid\": 394\r\n    },\r\n    {\r\n      \"relid\": 826\r\n    },\r\n    {\r\n      \"relid\": 823\r\n    },\r\n    {\r\n      \"relid\": 822\r\n    },\r\n    {\r\n      \"relid\": 820\r\n    },\r\n    {\r\n      \"relid\": 816\r\n    },\r\n    {\r\n      \"relid\": 818\r\n    },\r\n    {\r\n      \"relid\": 814\r\n    },\r\n    {\r\n      \"relid\": 810\r\n    },\r\n    {\r\n      \"relid\": 205\r\n    },\r\n    {\r\n      \"relid\": 201\r\n    },\r\n    {\r\n      \"relid\": 203\r\n    },\r\n    {\r\n      \"relid\": 812\r\n    },\r\n    {\r\n      \"relid\": 117\r\n    },\r\n    {\r\n      \"relid\": 807\r\n    },\r\n    {\r\n      \"relid\": 805\r\n    },\r\n    {\r\n      \"relid\": 803\r\n    },\r\n    {\r\n      \"relid\": 574\r\n    },\r\n    {\r\n      \"relid\": 572\r\n    },\r\n    {\r\n      \"relid\": 570\r\n    },\r\n    {\r\n      \"relid\": 181\r\n    },\r\n    {\r\n      \"relid\": 179\r\n    },\r\n    {\r\n      \"relid\": 168\r\n    },\r\n    {\r\n      \"relid\": 118\r\n    },\r\n    {\r\n      \"relid\": 119\r\n    },\r\n    {\r\n      \"relid\": 120\r\n    },\r\n    {\r\n      \"relid\": 121\r\n    },\r\n    {\r\n      \"relid\": 122\r\n    },\r\n    {\r\n      \"relid\": 123\r\n    },\r\n    {\r\n      \"relid\": 124\r\n    },\r\n    {\r\n      \"relid\": 125\r\n    },\r\n    {\r\n      \"relid\": 126\r\n    },\r\n    {\r\n      \"relid\": 127\r\n    },\r\n    {\r\n      \"relid\": 128\r\n    },\r\n    {\r\n      \"relid\": 129\r\n    },\r\n    {\r\n      \"relid\": 130\r\n    },\r\n    {\r\n      \"relid\": 131\r\n    },\r\n    {\r\n      \"relid\": 132\r\n    },\r\n    {\r\n      \"relid\": 133\r\n    },\r\n    {\r\n      \"relid\": 134\r\n    },\r\n    {\r\n      \"relid\": 135\r\n    },\r\n    {\r\n      \"relid\": 136\r\n    },\r\n    {\r\n      \"relid\": 137\r\n    },\r\n    {\r\n      \"relid\": 138\r\n    },\r\n    {\r\n      \"relid\": 139\r\n    },\r\n    {\r\n      \"relid\": 140\r\n    },\r\n    {\r\n      \"relid\": 141\r\n    },\r\n    {\r\n      \"relid\": 142\r\n    },\r\n    {\r\n      \"relid\": 143\r\n    },\r\n    {\r\n      \"relid\": 144\r\n    },\r\n    {\r\n      \"relid\": 145\r\n    },\r\n    {\r\n      \"relid\": 146\r\n    },\r\n    {\r\n      \"relid\": 147\r\n    },\r\n    {\r\n      \"relid\": 148\r\n    },\r\n    {\r\n      \"relid\": 149\r\n    },\r\n    {\r\n      \"relid\": 150\r\n    },\r\n    {\r\n      \"relid\": 151\r\n    },\r\n    {\r\n      \"relid\": 152\r\n    },\r\n    {\r\n      \"relid\": 153\r\n    },\r\n    {\r\n      \"relid\": 154\r\n    },\r\n    {\r\n      \"relid\": 155\r\n    },\r\n    {\r\n      \"relid\": 156\r\n    },\r\n    {\r\n      \"relid\": 157\r\n    },\r\n    {\r\n      \"relid\": 158\r\n    },\r\n    {\r\n      \"relid\": 159\r\n    },\r\n    {\r\n      \"relid\": 160\r\n    },\r\n    {\r\n      \"relid\": 161\r\n    },\r\n    {\r\n      \"relid\": 182\r\n    },\r\n    {\r\n      \"relid\": 184\r\n    }\r\n  ],\r\n  \"bgColor\": null,\r\n  \"cont\": [\r\n    {\r\n      \"type\": \"text\",\r\n      \"cont\": \"<p style=\\\"text-align: center;\\\">ENTREVISTAS<\/p>\",\r\n      \"align\": \"bottom\",\r\n      \"row\": 0,\r\n      \"col\": 0,\r\n      \"colspan\": 1,\r\n      \"offsetx\": 0,\r\n      \"offsety\": 0,\r\n      \"spaceabove\": 0,\r\n      \"spacebelow\": 0,\r\n      \"yvel\": 1,\r\n      \"push\": 0,\r\n      \"relid\": 32,\r\n      \"frameOverflow\": \"\",\r\n      \"absolute_position\": false\r\n    },\r\n    {\r\n      \"type\": \"video\",\r\n      \"cont\": \"https:\/\/i.ytimg.com\/vi\/Z9DZ3QK5oQE\/hqdefault.jpg\",\r\n      \"align\": \"middle\",\r\n      \"row\": 1,\r\n      \"col\": 0,\r\n      \"colspan\": 1,\r\n      \"offsetx\": 0,\r\n      \"offsety\": 0,\r\n      \"spaceabove\": 0,\r\n      \"spacebelow\": 0,\r\n      \"yvel\": 1,\r\n      \"push\": 0,\r\n      \"relid\": 215,\r\n      \"iframe\": \"<iframe width=\\\"200\\\" height=\\\"113\\\" src=\\\"\/\/www.youtube.com\/embed\/Z9DZ3QK5oQE?enablejsapi=1&wmode=transparent&autohide=1&iv_load_policy=3&modestbranding=1&rel=0&showinfo=0&showsearch=0?&theme=light&color=white\\\" frameborder=\\\"0\\\" allowfullscreen><\/iframe>\",\r\n      \"url\": \"https:\/\/www.youtube.com\/live\/Z9DZ3QK5oQE\",\r\n      \"w\": 200,\r\n      \"h\": 113,\r\n      \"ar\": 0.565,\r\n      \"absolute_position\": false\r\n    },\r\n    {\r\n      \"type\": \"text\",\r\n      \"cont\": \"<p><span>2023 Reivindicando los cuentos tradicionales para la educaci\u00f3n reflexiva en el Programa El Puente: Ilustres desconocidos, 7 noviembre<\/span><\/p>\",\r\n      \"align\": \"middle\",\r\n      \"row\": 2,\r\n      \"col\": 0,\r\n      \"colspan\": 1,\r\n      \"offsetx\": 0,\r\n      \"offsety\": 0,\r\n      \"spaceabove\": 0,\r\n      \"spacebelow\": 0,\r\n      \"yvel\": 1,\r\n      \"push\": 0,\r\n      \"relid\": 214,\r\n      \"absolute_position\": false\r\n    },\r\n    {\r\n      \"type\": \"hr\",\r\n      \"cont\": \"\",\r\n      \"align\": \"middle\",\r\n      \"row\": 3,\r\n      \"col\": 0,\r\n      \"colspan\": 1,\r\n      \"offsetx\": 0,\r\n      \"offsety\": 0,\r\n      \"spaceabove\": 0,\r\n      \"spacebelow\": 0,\r\n      \"yvel\": 1,\r\n      \"push\": 0,\r\n      \"relid\": 195,\r\n      \"absolute_position\": false\r\n    },\r\n    {\r\n      \"type\": \"html\",\r\n      \"cont\": \"<iframe src=\\\"https:\/\/www.facebook.com\/plugins\/video.php?height=314&href=https%3A%2F%2Fwww.facebook.com%2Fmarfilfpn%2Fvideos%2F776825704248704%2F&show_text=false&width=560&t=39\\\" width=\\\"560\\\" height=\\\"314\\\" style=\\\"border:none;overflow:hidden\\\" scrolling=\\\"no\\\" frameborder=\\\"0\\\" allowfullscreen=\\\"true\\\" allow=\\\"autoplay; clipboard-write; encrypted-media; picture-in-picture; web-share\\\" allowFullScreen=\\\"true\\\"><\/iframe>\",\r\n      \"align\": \"middle\",\r\n      \"row\": 4,\r\n      \"col\": 0,\r\n      \"colspan\": 1,\r\n      \"offsetx\": 0,\r\n      \"offsety\": 0,\r\n      \"spaceabove\": 0,\r\n      \"spacebelow\": 0,\r\n      \"yvel\": 1,\r\n      \"push\": 0,\r\n      \"relid\": 191,\r\n      \"panelPosition\": {\r\n        \"width\": 1152,\r\n        \"height\": 621,\r\n        \"left\": \"64px\",\r\n        \"top\": \"34.5px\",\r\n        \"transform\": \"none\"\r\n      },\r\n      \"panelBodyHeight\": {\r\n        \"height\": \"485px\"\r\n      },\r\n      \"absolute_position\": false\r\n    },\r\n    {\r\n      \"type\": \"text\",\r\n      \"cont\": \"\",\r\n      \"align\": \"onethird\",\r\n      \"row\": 5,\r\n      \"col\": 0,\r\n      \"colspan\": 1,\r\n      \"offsetx\": 0,\r\n      \"offsety\": 0,\r\n      \"spaceabove\": 0,\r\n      \"spacebelow\": 0,\r\n      \"yvel\": 1,\r\n      \"push\": 0,\r\n      \"relid\": 193,\r\n      \"absolute_position\": false\r\n    },\r\n    {\r\n      \"type\": \"hr\",\r\n      \"cont\": \"\",\r\n      \"align\": \"bottom\",\r\n      \"row\": 6,\r\n      \"col\": 0,\r\n      \"colspan\": 1,\r\n      \"offsetx\": 0,\r\n      \"offsety\": 0,\r\n      \"spaceabove\": 0,\r\n      \"spacebelow\": 0,\r\n      \"yvel\": 1,\r\n      \"push\": 0,\r\n      \"relid\": 33,\r\n      \"frameOverflow\": \"both\",\r\n      \"dosync\": false,\r\n      \"absolute_position\": false\r\n    },\r\n    {\r\n      \"type\": \"video\",\r\n      \"cont\": \"https:\/\/i.ytimg.com\/vi\/2ONG_Rcjzf4\/hqdefault.jpg\",\r\n      \"align\": \"onethird\",\r\n      \"row\": 7,\r\n      \"col\": 0,\r\n      \"colspan\": 1,\r\n      \"offsetx\": 0,\r\n      \"offsety\": 0,\r\n      \"spaceabove\": 0,\r\n      \"spacebelow\": 0,\r\n      \"yvel\": 1,\r\n      \"push\": 0,\r\n      \"relid\": 397,\r\n      \"iframe\": \"<iframe width=\\\"200\\\" height=\\\"113\\\" src=\\\"\/\/www.youtube.com\/embed\/2ONG_Rcjzf4?enablejsapi=1&wmode=transparent&autohide=1&iv_load_policy=3&modestbranding=1&rel=0&showinfo=0&showsearch=0?&theme=light&color=white\\\" frameborder=\\\"0\\\" allowfullscreen><\/iframe>\",\r\n      \"url\": \"https:\/\/www.youtube.com\/watch?v=2ONG_Rcjzf4\",\r\n      \"w\": 200,\r\n      \"h\": 113,\r\n      \"ar\": 0.565,\r\n      \"absolute_position\": false\r\n    },\r\n    {\r\n      \"type\": \"text\",\r\n      \"cont\": \"\",\r\n      \"align\": \"onethird\",\r\n      \"row\": 8,\r\n      \"col\": 0,\r\n      \"colspan\": 1,\r\n      \"offsetx\": 0,\r\n      \"offsety\": 0,\r\n      \"spaceabove\": 0,\r\n      \"spacebelow\": 0,\r\n      \"yvel\": 1,\r\n      \"push\": 0,\r\n      \"relid\": 399,\r\n      \"absolute_position\": false\r\n    },\r\n    {\r\n      \"type\": \"hr\",\r\n      \"cont\": \"\",\r\n      \"align\": \"top\",\r\n      \"row\": 9,\r\n      \"col\": 0,\r\n      \"colspan\": 1,\r\n      \"offsetx\": 0,\r\n      \"offsety\": 0,\r\n      \"spaceabove\": 0,\r\n      \"spacebelow\": 0,\r\n      \"yvel\": 1,\r\n      \"push\": 0,\r\n      \"relid\": 395,\r\n      \"absolute_position\": false,\r\n      \"frameOverflow\": \"both\"\r\n    },\r\n    {\r\n      \"type\": \"video\",\r\n      \"cont\": \"https:\/\/i.ytimg.com\/vi\/W97h9KAj7E4\/hqdefault.jpg\",\r\n      \"align\": \"top\",\r\n      \"row\": 10,\r\n      \"col\": 0,\r\n      \"colspan\": 1,\r\n      \"offsetx\": 0,\r\n      \"offsety\": 0,\r\n      \"spaceabove\": 0,\r\n      \"spacebelow\": 0,\r\n      \"yvel\": 1,\r\n      \"push\": 0,\r\n      \"relid\": 827,\r\n      \"iframe\": \"<iframe width=\\\"200\\\" height=\\\"113\\\" src=\\\"\/\/www.youtube.com\/embed\/W97h9KAj7E4?enablejsapi=1&wmode=transparent&autohide=1&iv_load_policy=3&modestbranding=1&rel=0&showinfo=0&showsearch=0?&theme=light&color=white\\\" frameborder=\\\"0\\\" allowfullscreen><\/iframe>\",\r\n      \"url\": \"https:\/\/www.youtube.com\/watch?v=W97h9KAj7E4\",\r\n      \"w\": 200,\r\n      \"h\": 113,\r\n      \"ar\": 0.565,\r\n      \"absolute_position\": false\r\n    },\r\n    {\r\n      \"type\": \"text\",\r\n      \"cont\": \"<p>2022, Juny. Dialogando desde Filosof\u00eda para Ni\u00f1os. Irene de Puig i Gl\u00f2ria Arbon\u00e8s expliquen el passat, present i projectes de futur del GrupIREF dins del cicle que produeix el Centro de Filosof\u00eda Para Ni\u00f1os Espa\u00f1a.<\/p>\",\r\n      \"align\": \"middle\",\r\n      \"row\": 11,\r\n      \"col\": 0,\r\n      \"colspan\": 1,\r\n      \"offsetx\": 0,\r\n      \"offsety\": 0,\r\n      \"spaceabove\": 0,\r\n      \"spacebelow\": 0,\r\n      \"yvel\": 1,\r\n      \"push\": 0,\r\n      \"relid\": 825,\r\n      \"absolute_position\": false\r\n    },\r\n    {\r\n      \"type\": \"hr\",\r\n      \"cont\": \"\",\r\n      \"align\": \"middle\",\r\n      \"row\": 12,\r\n      \"col\": 0,\r\n      \"colspan\": 1,\r\n      \"offsetx\": 0,\r\n      \"offsety\": 0,\r\n      \"spaceabove\": 0,\r\n      \"spacebelow\": 0,\r\n      \"yvel\": 1,\r\n      \"push\": 0,\r\n      \"relid\": 824,\r\n      \"absolute_position\": false,\r\n      \"frameOverflow\": \"both\"\r\n    },\r\n    {\r\n      \"type\": \"video\",\r\n      \"cont\": \"https:\/\/i.ytimg.com\/vi\/fCov6EQBz-g\/hqdefault.jpg\",\r\n      \"align\": \"onethird\",\r\n      \"row\": 13,\r\n      \"col\": 0,\r\n      \"colspan\": 1,\r\n      \"offsetx\": 0,\r\n      \"offsety\": 0,\r\n      \"spaceabove\": 0,\r\n      \"spacebelow\": 0,\r\n      \"yvel\": 1,\r\n      \"push\": 0,\r\n      \"relid\": 821,\r\n      \"iframe\": \"<iframe width=\\\"200\\\" height=\\\"113\\\" src=\\\"\/\/www.youtube.com\/embed\/fCov6EQBz-g?enablejsapi=1&wmode=transparent&autohide=1&iv_load_policy=3&modestbranding=1&rel=0&showinfo=0&showsearch=0?&theme=light&color=white\\\" frameborder=\\\"0\\\" allowfullscreen><\/iframe>\",\r\n      \"url\": \"https:\/\/www.youtube.com\/watch?v=fCov6EQBz-g&t=6s\",\r\n      \"w\": 200,\r\n      \"h\": 113,\r\n      \"ar\": 0.565,\r\n      \"absolute_position\": false\r\n    },\r\n    {\r\n      \"type\": \"text\",\r\n      \"cont\": \"<p>2022, Abril. Manresa. \u00c0gora Educaci\u00f3. Francesc Torralba i Irene de Puig<\/p>\",\r\n      \"align\": \"onethird\",\r\n      \"row\": 14,\r\n      \"col\": 0,\r\n      \"colspan\": 1,\r\n      \"offsetx\": 0,\r\n      \"offsety\": 0,\r\n      \"spaceabove\": 0,\r\n      \"spacebelow\": 0,\r\n      \"yvel\": 1,\r\n      \"push\": 0,\r\n      \"relid\": 817,\r\n      \"absolute_position\": false\r\n    },\r\n    {\r\n      \"type\": \"hr\",\r\n      \"cont\": \"\",\r\n      \"align\": \"middle\",\r\n      \"row\": 15,\r\n      \"col\": 0,\r\n      \"colspan\": 1,\r\n      \"offsetx\": 0,\r\n      \"offsety\": 0,\r\n      \"spaceabove\": 0,\r\n      \"spacebelow\": 0,\r\n      \"yvel\": 1,\r\n      \"push\": 0,\r\n      \"relid\": 819,\r\n      \"absolute_position\": false,\r\n      \"frameOverflow\": \"both\"\r\n    },\r\n    {\r\n      \"type\": \"video\",\r\n      \"cont\": \"https:\/\/i.ytimg.com\/vi\/tonlkgOJE9U\/hqdefault.jpg\",\r\n      \"align\": \"top\",\r\n      \"row\": 16,\r\n      \"col\": 0,\r\n      \"colspan\": 1,\r\n      \"offsetx\": 0,\r\n      \"offsety\": 0,\r\n      \"spaceabove\": 0,\r\n      \"spacebelow\": 0,\r\n      \"yvel\": 1,\r\n      \"push\": 0,\r\n      \"relid\": 815,\r\n      \"iframe\": \"<iframe width=\\\"200\\\" height=\\\"113\\\" src=\\\"\/\/www.youtube.com\/embed\/tonlkgOJE9U?enablejsapi=1&wmode=transparent&autohide=1&iv_load_policy=3&modestbranding=1&rel=0&showinfo=0&showsearch=0?&theme=light&color=white\\\" frameborder=\\\"0\\\" allowfullscreen><\/iframe>\",\r\n      \"url\": \"https:\/\/www.youtube.com\/watch?v=tonlkgOJE9U\",\r\n      \"w\": 200,\r\n      \"h\": 113,\r\n      \"ar\": 0.565,\r\n      \"absolute_position\": false\r\n    },\r\n    {\r\n      \"type\": \"text\",\r\n      \"cont\": \"\",\r\n      \"align\": \"onethird\",\r\n      \"row\": 17,\r\n      \"col\": 0,\r\n      \"colspan\": 1,\r\n      \"offsetx\": 0,\r\n      \"offsety\": 0,\r\n      \"spaceabove\": 0,\r\n      \"spacebelow\": 0,\r\n      \"yvel\": 1,\r\n      \"push\": 0,\r\n      \"relid\": 811,\r\n      \"absolute_position\": false\r\n    },\r\n    {\r\n      \"type\": \"hr\",\r\n      \"cont\": \"\",\r\n      \"align\": \"middle\",\r\n      \"row\": 18,\r\n      \"col\": 0,\r\n      \"colspan\": 1,\r\n      \"offsetx\": 0,\r\n      \"offsety\": 0,\r\n      \"spaceabove\": 0,\r\n      \"spacebelow\": 0,\r\n      \"yvel\": 1,\r\n      \"push\": 0,\r\n      \"relid\": 206,\r\n      \"absolute_position\": false\r\n    },\r\n    {\r\n      \"type\": \"img\",\r\n      \"cont\": \"\/wp-content\/uploads\/2024\/03\/Los-caminos-del-pensar.png\",\r\n      \"align\": \"middle\",\r\n      \"row\": 19,\r\n      \"col\": 0,\r\n      \"colspan\": 1,\r\n      \"offsetx\": 0,\r\n      \"offsety\": 0,\r\n      \"spaceabove\": 0,\r\n      \"spacebelow\": 0,\r\n      \"yvel\": 1,\r\n      \"push\": 0,\r\n      \"relid\": 202,\r\n      \"attid\": 768,\r\n      \"sizes\": {\r\n        \"full\": \"\/wp-content\/uploads\/2024\/03\/Los-caminos-del-pensar.png\",\r\n        \"_768\": \"\/wp-content\/uploads\/2024\/03\/Los-caminos-del-pensar-768x576.png\",\r\n        \"_512\": \"\/wp-content\/uploads\/2024\/03\/Los-caminos-del-pensar-512x384.png\",\r\n        \"_265\": \"\/wp-content\/uploads\/2024\/03\/Los-caminos-del-pensar-265x199.png\"\r\n      },\r\n      \"w\": 800,\r\n      \"h\": 600,\r\n      \"ar\": 0.75,\r\n      \"alt\": \"\",\r\n      \"absolute_position\": false,\r\n      \"imagelink\": {\r\n        \"url\": \"http:\/\/www.crearmundos.net\/asociacion\/as\/revista_files\/Crearmundos%20N\u00ba18%20%3B%20Los%20caminos%20del%20Pensar.pdf\",\r\n        \"id\": null,\r\n        \"type\": \"\",\r\n        \"newtab\": false,\r\n        \"title\": \"\",\r\n        \"hoverimageid\": null,\r\n        \"hoverimagesmallsrc\": \"\",\r\n        \"hoverimagetype\": \"\",\r\n        \"hoverimageposition\": \"\",\r\n        \"hoverimagepreactivated\": \"\",\r\n        \"hoverimageshowon\": \"\"\r\n      }\r\n    },\r\n    {\r\n      \"type\": \"text\",\r\n      \"cont\": \"<p><a href=\\\"http:\/\/www.crearmundos.net\/asociacion\/as\/revista_files\/Crearmundos%20N\u00ba18%20%3B%20Los%20caminos%20del%20Pensar.pdf\\\"><span lang=\\\"IT\\\">2022<\/span><span lang=\\\"IT\\\">. Las Habilidades de pensamiento nos ayudan a sacar partido a la vida. Eva Domingo entrevista a Irene de Puig.<\/span><\/a><\/p>\",\r\n      \"align\": \"onethird\",\r\n      \"row\": 20,\r\n      \"col\": 0,\r\n      \"colspan\": 1,\r\n      \"offsetx\": 0,\r\n      \"offsety\": 0,\r\n      \"spaceabove\": 0,\r\n      \"spacebelow\": 0,\r\n      \"yvel\": 1,\r\n      \"push\": 0,\r\n      \"relid\": 204,\r\n      \"absolute_position\": false\r\n    },\r\n    {\r\n      \"type\": \"hr\",\r\n      \"cont\": \"\",\r\n      \"align\": \"middle\",\r\n      \"row\": 21,\r\n      \"col\": 0,\r\n      \"colspan\": 1,\r\n      \"offsetx\": 0,\r\n      \"offsety\": 0,\r\n      \"spaceabove\": 0,\r\n      \"spacebelow\": 0,\r\n      \"yvel\": 1,\r\n      \"push\": 0,\r\n      \"relid\": 813,\r\n      \"absolute_position\": false,\r\n      \"frameOverflow\": \"both\"\r\n    },\r\n    {\r\n      \"type\": \"text\",\r\n      \"cont\": \"<p style=\\\"text-align: center;\\\">VIDEOS<\/p>\",\r\n      \"align\": \"bottom\",\r\n      \"row\": 22,\r\n      \"col\": 0,\r\n      \"colspan\": 1,\r\n      \"offsetx\": 0,\r\n      \"offsety\": 0,\r\n      \"spaceabove\": 0,\r\n      \"spacebelow\": 0,\r\n      \"yvel\": 1,\r\n      \"push\": 0,\r\n      \"relid\": 10,\r\n      \"frameOverflow\": \"\",\r\n      \"dosync\": false,\r\n      \"absolute_position\": false\r\n    },\r\n    {\r\n      \"type\": \"video\",\r\n      \"cont\": \"https:\/\/i.ytimg.com\/vi\/4UhG6aVoUNg\/hqdefault.jpg\",\r\n      \"align\": \"top\",\r\n      \"row\": 23,\r\n      \"col\": 0,\r\n      \"colspan\": 1,\r\n      \"offsetx\": 0,\r\n      \"offsety\": 0,\r\n      \"spaceabove\": 0,\r\n      \"spacebelow\": 0,\r\n      \"yvel\": 1,\r\n      \"push\": 0,\r\n      \"relid\": 808,\r\n      \"iframe\": \"<iframe width=\\\"200\\\" height=\\\"113\\\" src=\\\"\/\/www.youtube.com\/embed\/4UhG6aVoUNg?enablejsapi=1&wmode=transparent&autohide=1&iv_load_policy=3&modestbranding=1&rel=0&showinfo=0&showsearch=0?&theme=light&color=white\\\" frameborder=\\\"0\\\" allowfullscreen><\/iframe>\",\r\n      \"url\": \"https:\/\/www.youtube.com\/watch?v=4UhG6aVoUNg\",\r\n      \"w\": 200,\r\n      \"h\": 113,\r\n      \"ar\": 0.565,\r\n      \"absolute_position\": false\r\n    },\r\n    {\r\n      \"type\": \"text\",\r\n      \"cont\": \"<p class=\\\"_Default\\\"><span>XXX Encuentro Iberoamericano de Filosof\u00eda para Ni\u00f1os - Entrevistes a Gl\u00f2ria Arbon\u00e8s i Irene de Puig, C\u00e1ceres, Marzo 2022<\/span><\/p>\",\r\n      \"align\": \"onethird\",\r\n      \"row\": 24,\r\n      \"col\": 0,\r\n      \"colspan\": 1,\r\n      \"offsetx\": 0,\r\n      \"offsety\": 0,\r\n      \"spaceabove\": 0,\r\n      \"spacebelow\": 0,\r\n      \"yvel\": 1,\r\n      \"push\": 0,\r\n      \"relid\": 806,\r\n      \"absolute_position\": false\r\n    },\r\n    {\r\n      \"type\": \"hr\",\r\n      \"cont\": \"\",\r\n      \"align\": \"top\",\r\n      \"row\": 25,\r\n      \"col\": 0,\r\n      \"colspan\": 1,\r\n      \"offsetx\": 0,\r\n      \"offsety\": 0,\r\n      \"spaceabove\": 0,\r\n      \"spacebelow\": 0,\r\n      \"yvel\": 1,\r\n      \"push\": 0,\r\n      \"relid\": 804,\r\n      \"absolute_position\": false,\r\n      \"frameOverflow\": \"both\"\r\n    },\r\n    {\r\n      \"type\": \"img\",\r\n      \"cont\": \"\/wp-content\/uploads\/2023\/02\/XXX-Encuentro-Iberoamericano-de-Filosofia-para-Ninos.png\",\r\n      \"align\": \"top\",\r\n      \"row\": 26,\r\n      \"col\": 0,\r\n      \"colspan\": 1,\r\n      \"offsetx\": 0,\r\n      \"offsety\": 0,\r\n      \"spaceabove\": 0,\r\n      \"spacebelow\": 0,\r\n      \"yvel\": 1,\r\n      \"push\": 0,\r\n      \"relid\": 802,\r\n      \"attid\": 730,\r\n      \"sizes\": {\r\n        \"full\": \"\/wp-content\/uploads\/2023\/02\/XXX-Encuentro-Iberoamericano-de-Filosofia-para-Ninos.png\",\r\n        \"_265\": \"\/wp-content\/uploads\/2023\/02\/XXX-Encuentro-Iberoamericano-de-Filosofia-para-Ninos-265x370.png\"\r\n      },\r\n      \"w\": 289,\r\n      \"h\": 404,\r\n      \"ar\": 1.397923875432526,\r\n      \"alt\": \"\",\r\n      \"absolute_position\": false,\r\n      \"frameOverflow\": \"\"\r\n    },\r\n    {\r\n      \"type\": \"text\",\r\n      \"cont\": \"<p><span>2022, Marzo. C\u00e1ceres. XXX Encuentro Iberoamericano de Filosof\u00eda para Ni\u00f1os- Entrevistes a Gl\u00f2ria Arbon\u00e8s i Irene de Puig.<\/span><\/p>\",\r\n      \"align\": \"top\",\r\n      \"row\": 27,\r\n      \"col\": 0,\r\n      \"colspan\": 1,\r\n      \"offsetx\": 0,\r\n      \"offsety\": 0,\r\n      \"spaceabove\": 0,\r\n      \"spacebelow\": 0,\r\n      \"yvel\": 1,\r\n      \"push\": 0,\r\n      \"relid\": 573,\r\n      \"absolute_position\": false\r\n    },\r\n    {\r\n      \"type\": \"hr\",\r\n      \"cont\": \"\",\r\n      \"align\": \"middle\",\r\n      \"row\": 28,\r\n      \"col\": 0,\r\n      \"colspan\": 1,\r\n      \"offsetx\": 0,\r\n      \"offsety\": 0,\r\n      \"spaceabove\": 0,\r\n      \"spacebelow\": 0,\r\n      \"yvel\": 1,\r\n      \"push\": 0,\r\n      \"relid\": 571,\r\n      \"absolute_position\": false,\r\n      \"frameOverflow\": \"both\"\r\n    },\r\n    {\r\n      \"type\": \"img\",\r\n      \"cont\": \"\/wp-content\/uploads\/2022\/09\/Portada.jpg\",\r\n      \"align\": \"top\",\r\n      \"row\": 29,\r\n      \"col\": 0,\r\n      \"colspan\": 1,\r\n      \"offsetx\": 0,\r\n      \"offsety\": 0,\r\n      \"spaceabove\": 0,\r\n      \"spacebelow\": 0,\r\n      \"yvel\": 1,\r\n      \"push\": 0,\r\n      \"relid\": 569,\r\n      \"attid\": 726,\r\n      \"sizes\": {\r\n        \"full\": \"\/wp-content\/uploads\/2022\/09\/Portada.jpg\",\r\n        \"_1024\": \"\/wp-content\/uploads\/2022\/09\/Portada-1024x1024.jpg\",\r\n        \"_768\": \"\/wp-content\/uploads\/2022\/09\/Portada-768x768.jpg\",\r\n        \"_512\": \"\/wp-content\/uploads\/2022\/09\/Portada-512x512.jpg\",\r\n        \"_265\": \"\/wp-content\/uploads\/2022\/09\/Portada-265x265.jpg\"\r\n      },\r\n      \"w\": 1080,\r\n      \"h\": 1080,\r\n      \"ar\": 1,\r\n      \"alt\": \"\",\r\n      \"absolute_position\": false\r\n    },\r\n    {\r\n      \"type\": \"text\",\r\n      \"cont\": \"<p>2021, Septiembre. \u00bfPor qu\u00e9 una filosof\u00eda para y con ni\u00f1os? UNIMINUTO, con Olga Grau y V\u00edctor Rojas, 7 de octubre. Comisi\u00f3n Educativa de la Sociedad Colombiana de Filosof\u00eda.<\/p>\",\r\n      \"align\": \"top\",\r\n      \"row\": 30,\r\n      \"col\": 0,\r\n      \"colspan\": 1,\r\n      \"offsetx\": 0,\r\n      \"offsety\": 0,\r\n      \"spaceabove\": 0,\r\n      \"spacebelow\": 0,\r\n      \"yvel\": 1,\r\n      \"push\": 0,\r\n      \"relid\": 180,\r\n      \"absolute_position\": false\r\n    },\r\n    {\r\n      \"type\": \"hr\",\r\n      \"cont\": \"\",\r\n      \"align\": \"middle\",\r\n      \"row\": 31,\r\n      \"col\": 0,\r\n      \"colspan\": 1,\r\n      \"offsetx\": 0,\r\n      \"offsety\": 0,\r\n      \"spaceabove\": 0,\r\n      \"spacebelow\": 0,\r\n      \"yvel\": 1,\r\n      \"push\": 0,\r\n      \"relid\": 169,\r\n      \"absolute_position\": false,\r\n      \"frameOverflow\": \"both\"\r\n    },\r\n    {\r\n      \"type\": \"video\",\r\n      \"cont\": \"https:\/\/i.ytimg.com\/vi\/qSX9KFlhi14\/hqdefault.jpg\",\r\n      \"align\": \"top\",\r\n      \"row\": 32,\r\n      \"col\": 0,\r\n      \"colspan\": 1,\r\n      \"offsetx\": 0,\r\n      \"offsety\": 0,\r\n      \"spaceabove\": 0,\r\n      \"spacebelow\": 0,\r\n      \"yvel\": 1,\r\n      \"push\": 0,\r\n      \"relid\": 442,\r\n      \"iframe\": \"<iframe width=\\\"200\\\" height=\\\"113\\\" src=\\\"\/\/www.youtube.com\/embed\/qSX9KFlhi14?enablejsapi=1&wmode=transparent&autohide=1&iv_load_policy=3&modestbranding=1&rel=0&showinfo=0&showsearch=0?&theme=light&color=white\\\" frameborder=\\\"0\\\" allowfullscreen><\/iframe>\",\r\n      \"url\": \"https:\/\/www.youtube.com\/watch?v=qSX9KFlhi14\",\r\n      \"w\": 200,\r\n      \"h\": 113,\r\n      \"ar\": 0.565,\r\n      \"absolute_position\": false\r\n    },\r\n    {\r\n      \"type\": \"text\",\r\n      \"cont\": \"<p><span>2021, Abril. Como leler\u00a0el principito. V\u00eddeo del club de lectura EL PUENTE a UNIMINUTO, Bogot\u00e1<\/span><\/p>\",\r\n      \"align\": \"top\",\r\n      \"row\": 33,\r\n      \"col\": 0,\r\n      \"colspan\": 1,\r\n      \"offsetx\": 0,\r\n      \"offsety\": 0,\r\n      \"spaceabove\": 0,\r\n      \"spacebelow\": 0,\r\n      \"yvel\": 1,\r\n      \"push\": 0,\r\n      \"relid\": 441,\r\n      \"absolute_position\": false\r\n    },\r\n    {\r\n      \"type\": \"hr\",\r\n      \"cont\": \"\",\r\n      \"align\": \"middle\",\r\n      \"row\": 34,\r\n      \"col\": 0,\r\n      \"colspan\": 1,\r\n      \"offsetx\": 0,\r\n      \"offsety\": 0,\r\n      \"spaceabove\": 0,\r\n      \"spacebelow\": 0,\r\n      \"yvel\": 1,\r\n      \"push\": 0,\r\n      \"relid\": 440,\r\n      \"absolute_position\": false,\r\n      \"frameOverflow\": \"both\"\r\n    },\r\n    {\r\n      \"type\": \"video\",\r\n      \"cont\": \"https:\/\/i.ytimg.com\/vi\/yAV0kEobKA0\/hqdefault.jpg\",\r\n      \"align\": \"top\",\r\n      \"row\": 35,\r\n      \"col\": 0,\r\n      \"colspan\": 1,\r\n      \"offsetx\": 0,\r\n      \"offsety\": 0,\r\n      \"spaceabove\": 0,\r\n      \"spacebelow\": 0,\r\n      \"yvel\": 1,\r\n      \"push\": 0,\r\n      \"relid\": 439,\r\n      \"iframe\": \"<iframe width=\\\"200\\\" height=\\\"113\\\" src=\\\"\/\/www.youtube.com\/embed\/yAV0kEobKA0?enablejsapi=1&wmode=transparent&autohide=1&iv_load_policy=3&modestbranding=1&rel=0&showinfo=0&showsearch=0?&theme=light&color=white\\\" frameborder=\\\"0\\\" allowfullscreen><\/iframe>\",\r\n      \"url\": \"https:\/\/www.youtube.com\/watch?v=yAV0kEobKA0\",\r\n      \"w\": 200,\r\n      \"h\": 113,\r\n      \"ar\": 0.565,\r\n      \"absolute_position\": false\r\n    },\r\n    {\r\n      \"type\": \"text\",\r\n      \"cont\": \"\",\r\n      \"align\": \"top\",\r\n      \"row\": 36,\r\n      \"col\": 0,\r\n      \"colspan\": 1,\r\n      \"offsetx\": 0,\r\n      \"offsety\": 0,\r\n      \"spaceabove\": 0,\r\n      \"spacebelow\": 0,\r\n      \"yvel\": 1,\r\n      \"push\": 0,\r\n      \"relid\": 438,\r\n      \"absolute_position\": false\r\n    },\r\n    {\r\n      \"type\": \"hr\",\r\n      \"cont\": \"\",\r\n      \"align\": \"bottom\",\r\n      \"row\": 37,\r\n      \"col\": 0,\r\n      \"colspan\": 1,\r\n      \"offsetx\": 0,\r\n      \"offsety\": 0,\r\n      \"spaceabove\": 0,\r\n      \"spacebelow\": 0,\r\n      \"yvel\": 1,\r\n      \"push\": 0,\r\n      \"relid\": 11,\r\n      \"frameOverflow\": \"both\",\r\n      \"dosync\": false,\r\n      \"absolute_position\": false\r\n    },\r\n    {\r\n      \"type\": \"video\",\r\n      \"cont\": \"https:\/\/i.ytimg.com\/vi\/f8Jypriw_tA\/hqdefault.jpg\",\r\n      \"align\": \"bottom\",\r\n      \"row\": 38,\r\n      \"col\": 0,\r\n      \"colspan\": 1,\r\n      \"offsetx\": 0,\r\n      \"offsety\": 0,\r\n      \"spaceabove\": 0,\r\n      \"spacebelow\": 0,\r\n      \"yvel\": 1,\r\n      \"push\": 0,\r\n      \"relid\": 4,\r\n      \"iframe\": \"<iframe width=\\\"480\\\" height=\\\"270\\\" src=\\\"\/\/www.youtube.com\/embed\/f8Jypriw_tA?enablejsapi=1&wmode=transparent&autohide=1&iv_load_policy=3&modestbranding=1&rel=0&showinfo=0&showsearch=0?&theme=light&color=white\\\" frameborder=\\\"0\\\" allowfullscreen><\/iframe>\",\r\n      \"url\": \"https:\/\/www.youtube.com\/watch?v=f8Jypriw_tA\",\r\n      \"w\": 480,\r\n      \"h\": 270,\r\n      \"ar\": 0.5625,\r\n      \"frameOverflow\": \"\",\r\n      \"dosync\": false,\r\n      \"absolute_position\": false\r\n    },\r\n    {\r\n      \"type\": \"text\",\r\n      \"cont\": \"<p>2020 Entrevista a Filosofia d\u2019estar per casa, d\u2019\u00c0lex Agust\u00ed, Juliol.<\/p>\",\r\n      \"align\": \"bottom\",\r\n      \"row\": 39,\r\n      \"col\": 0,\r\n      \"colspan\": 1,\r\n      \"offsetx\": 0,\r\n      \"offsety\": 0,\r\n      \"spaceabove\": 0,\r\n      \"spacebelow\": 0,\r\n      \"yvel\": 1,\r\n      \"push\": 0,\r\n      \"relid\": 19,\r\n      \"frameOverflow\": \"\",\r\n      \"dosync\": false,\r\n      \"absolute_position\": false\r\n    },\r\n    {\r\n      \"type\": \"hr\",\r\n      \"cont\": \"\",\r\n      \"align\": \"bottom\",\r\n      \"row\": 40,\r\n      \"col\": 0,\r\n      \"colspan\": 1,\r\n      \"offsetx\": 0,\r\n      \"offsety\": 0,\r\n      \"spaceabove\": 0,\r\n      \"spacebelow\": 0,\r\n      \"yvel\": 1,\r\n      \"push\": 0,\r\n      \"relid\": 20,\r\n      \"frameOverflow\": \"both\",\r\n      \"dosync\": false,\r\n      \"absolute_position\": false\r\n    },\r\n    {\r\n      \"type\": \"video\",\r\n      \"cont\": \"https:\/\/i.ytimg.com\/vi\/-PK2IA7QJq0\/hqdefault.jpg\",\r\n      \"align\": \"bottom\",\r\n      \"row\": 41,\r\n      \"col\": 0,\r\n      \"colspan\": 1,\r\n      \"offsetx\": 0,\r\n      \"offsety\": 0,\r\n      \"spaceabove\": 0,\r\n      \"spacebelow\": 0,\r\n      \"yvel\": 1,\r\n      \"push\": 0,\r\n      \"relid\": 5,\r\n      \"iframe\": \"<iframe width=\\\"480\\\" height=\\\"270\\\" src=\\\"\/\/www.youtube.com\/embed\/-PK2IA7QJq0?enablejsapi=1&wmode=transparent&autohide=1&iv_load_policy=3&modestbranding=1&rel=0&showinfo=0&showsearch=0?&theme=light&color=white\\\" frameborder=\\\"0\\\" allowfullscreen><\/iframe>\",\r\n      \"url\": \"https:\/\/www.youtube.com\/watch?v=-PK2IA7QJq0\",\r\n      \"w\": 480,\r\n      \"h\": 270,\r\n      \"ar\": 0.5625,\r\n      \"frameOverflow\": \"\",\r\n      \"dosync\": false,\r\n      \"absolute_position\": false\r\n    },\r\n    {\r\n      \"type\": \"text\",\r\n      \"cont\": \"<p>2020 Caf\u00e9 imaginario de Ang\u00e9lica S\u00e1tiro.<\/p>\",\r\n      \"align\": \"bottom\",\r\n      \"row\": 42,\r\n      \"col\": 0,\r\n      \"colspan\": 1,\r\n      \"offsetx\": 0,\r\n      \"offsety\": 0,\r\n      \"spaceabove\": 0,\r\n      \"spacebelow\": 0,\r\n      \"yvel\": 1,\r\n      \"push\": 0,\r\n      \"relid\": 21,\r\n      \"frameOverflow\": \"\",\r\n      \"dosync\": false,\r\n      \"absolute_position\": false\r\n    },\r\n    {\r\n      \"type\": \"hr\",\r\n      \"cont\": \"\",\r\n      \"align\": \"bottom\",\r\n      \"row\": 43,\r\n      \"col\": 0,\r\n      \"colspan\": 1,\r\n      \"offsetx\": 0,\r\n      \"offsety\": 0,\r\n      \"spaceabove\": 0,\r\n      \"spacebelow\": 0,\r\n      \"yvel\": 1,\r\n      \"push\": 0,\r\n      \"relid\": 22,\r\n      \"frameOverflow\": \"both\",\r\n      \"dosync\": false,\r\n      \"absolute_position\": false\r\n    },\r\n    {\r\n      \"type\": \"video\",\r\n      \"cont\": \"https:\/\/i.ytimg.com\/vi\/T7UICH9LvwY\/hqdefault.jpg\",\r\n      \"align\": \"bottom\",\r\n      \"row\": 44,\r\n      \"col\": 0,\r\n      \"colspan\": 1,\r\n      \"offsetx\": 0,\r\n      \"offsety\": 0,\r\n      \"spaceabove\": 0,\r\n      \"spacebelow\": 0,\r\n      \"yvel\": 1,\r\n      \"push\": 0,\r\n      \"relid\": 6,\r\n      \"iframe\": \"<iframe width=\\\"480\\\" height=\\\"270\\\" src=\\\"\/\/www.youtube.com\/embed\/T7UICH9LvwY?enablejsapi=1&wmode=transparent&autohide=1&iv_load_policy=3&modestbranding=1&rel=0&showinfo=0&showsearch=0?&theme=light&color=white\\\" frameborder=\\\"0\\\" allowfullscreen><\/iframe>\",\r\n      \"url\": \"https:\/\/www.youtube.com\/watch?v=T7UICH9LvwY&feature=emb_logo\",\r\n      \"w\": 480,\r\n      \"h\": 270,\r\n      \"ar\": 0.5625,\r\n      \"frameOverflow\": \"\",\r\n      \"dosync\": false,\r\n      \"absolute_position\": false\r\n    },\r\n    {\r\n      \"type\": \"text\",\r\n      \"cont\": \"<p>2019 Pensament cr\u00edtic i educaci\u00f3. Fundaci\u00f3 Bofill.<\/p>\",\r\n      \"align\": \"bottom\",\r\n      \"row\": 45,\r\n      \"col\": 0,\r\n      \"colspan\": 1,\r\n      \"offsetx\": 0,\r\n      \"offsety\": 0,\r\n      \"spaceabove\": 0,\r\n      \"spacebelow\": 0,\r\n      \"yvel\": 1,\r\n      \"push\": 0,\r\n      \"relid\": 23,\r\n      \"frameOverflow\": \"\",\r\n      \"dosync\": false,\r\n      \"absolute_position\": false\r\n    },\r\n    {\r\n      \"type\": \"hr\",\r\n      \"cont\": \"\",\r\n      \"align\": \"bottom\",\r\n      \"row\": 46,\r\n      \"col\": 0,\r\n      \"colspan\": 1,\r\n      \"offsetx\": 0,\r\n      \"offsety\": 0,\r\n      \"spaceabove\": 0,\r\n      \"spacebelow\": 0,\r\n      \"yvel\": 1,\r\n      \"push\": 0,\r\n      \"relid\": 25,\r\n      \"frameOverflow\": \"both\",\r\n      \"dosync\": false,\r\n      \"absolute_position\": false\r\n    },\r\n    {\r\n      \"type\": \"video\",\r\n      \"cont\": \"https:\/\/i.ytimg.com\/vi\/nk8HyV5zCIo\/hqdefault.jpg\",\r\n      \"align\": \"bottom\",\r\n      \"row\": 47,\r\n      \"col\": 0,\r\n      \"colspan\": 1,\r\n      \"offsetx\": 0,\r\n      \"offsety\": 0,\r\n      \"spaceabove\": 0,\r\n      \"spacebelow\": 0,\r\n      \"yvel\": 1,\r\n      \"push\": 0,\r\n      \"relid\": 45,\r\n      \"iframe\": \"<iframe width=\\\"480\\\" height=\\\"270\\\" src=\\\"\/\/www.youtube.com\/embed\/nk8HyV5zCIo?enablejsapi=1&wmode=transparent&autohide=1&iv_load_policy=3&modestbranding=1&rel=0&showinfo=0&showsearch=0?&theme=light&color=white\\\" frameborder=\\\"0\\\" allowfullscreen><\/iframe>\",\r\n      \"url\": \"https:\/\/www.youtube.com\/watch?v=nk8HyV5zCIo&feature=emb_logo\",\r\n      \"w\": 480,\r\n      \"h\": 270,\r\n      \"ar\": 0.5625,\r\n      \"frameOverflow\": \"\",\r\n      \"dosync\": false,\r\n      \"absolute_position\": false\r\n    },\r\n    {\r\n      \"type\": \"text\",\r\n      \"cont\": \"<p>2017 Audio. Entrevista a Irene de Puig Programa \\\"EL Puente\\\" \u2013 Uniminuto<br \/>Radio \u2013 Col\u00f2mbia 08 de maig.<\/p>\",\r\n      \"align\": \"bottom\",\r\n      \"row\": 48,\r\n      \"col\": 0,\r\n      \"colspan\": 1,\r\n      \"offsetx\": 0,\r\n      \"offsety\": 0,\r\n      \"spaceabove\": 0,\r\n      \"spacebelow\": 0,\r\n      \"yvel\": 1,\r\n      \"push\": 0,\r\n      \"relid\": 47,\r\n      \"frameOverflow\": \"\",\r\n      \"dosync\": false,\r\n      \"absolute_position\": false\r\n    },\r\n    {\r\n      \"type\": \"hr\",\r\n      \"cont\": \"\",\r\n      \"align\": \"bottom\",\r\n      \"row\": 49,\r\n      \"col\": 0,\r\n      \"colspan\": 1,\r\n      \"offsetx\": 0,\r\n      \"offsety\": 0,\r\n      \"spaceabove\": 0,\r\n      \"spacebelow\": 0,\r\n      \"yvel\": 1,\r\n      \"push\": 0,\r\n      \"relid\": 46,\r\n      \"frameOverflow\": \"both\",\r\n      \"dosync\": false,\r\n      \"absolute_position\": false\r\n    },\r\n    {\r\n      \"type\": \"video\",\r\n      \"cont\": \"https:\/\/i.ytimg.com\/vi\/mOw5DC3V8Ww\/hqdefault.jpg\",\r\n      \"align\": \"bottom\",\r\n      \"row\": 50,\r\n      \"col\": 0,\r\n      \"colspan\": 1,\r\n      \"offsetx\": 0,\r\n      \"offsety\": 0,\r\n      \"spaceabove\": 0,\r\n      \"spacebelow\": 0,\r\n      \"yvel\": 1,\r\n      \"push\": 0,\r\n      \"relid\": 7,\r\n      \"iframe\": \"<iframe width=\\\"480\\\" height=\\\"270\\\" src=\\\"\/\/www.youtube.com\/embed\/mOw5DC3V8Ww?enablejsapi=1&wmode=transparent&autohide=1&iv_load_policy=3&modestbranding=1&rel=0&showinfo=0&showsearch=0?&theme=light&color=white\\\" frameborder=\\\"0\\\" allowfullscreen><\/iframe>\",\r\n      \"url\": \"https:\/\/www.youtube.com\/watch?v=mOw5DC3V8Ww\",\r\n      \"w\": 480,\r\n      \"h\": 270,\r\n      \"ar\": 0.5625,\r\n      \"frameOverflow\": \"\",\r\n      \"dosync\": false,\r\n      \"absolute_position\": false\r\n    },\r\n    {\r\n      \"type\": \"text\",\r\n      \"cont\": \"<p>2017 Filosofia 3\/18 a \\\"EDUCA QU\u00c9\\\" _ TV Girona.<\/p>\",\r\n      \"align\": \"bottom\",\r\n      \"row\": 51,\r\n      \"col\": 0,\r\n      \"colspan\": 1,\r\n      \"offsetx\": 0,\r\n      \"offsety\": 0,\r\n      \"spaceabove\": 0,\r\n      \"spacebelow\": 0,\r\n      \"yvel\": 1,\r\n      \"push\": 0,\r\n      \"relid\": 26,\r\n      \"frameOverflow\": \"\",\r\n      \"dosync\": false,\r\n      \"absolute_position\": false\r\n    },\r\n    {\r\n      \"type\": \"hr\",\r\n      \"cont\": \"\",\r\n      \"align\": \"bottom\",\r\n      \"row\": 52,\r\n      \"col\": 0,\r\n      \"colspan\": 1,\r\n      \"offsetx\": 0,\r\n      \"offsety\": 0,\r\n      \"spaceabove\": 0,\r\n      \"spacebelow\": 0,\r\n      \"yvel\": 1,\r\n      \"push\": 0,\r\n      \"relid\": 24,\r\n      \"frameOverflow\": \"both\",\r\n      \"dosync\": false,\r\n      \"absolute_position\": false\r\n    },\r\n    {\r\n      \"type\": \"video\",\r\n      \"cont\": \"https:\/\/i.ytimg.com\/vi\/eNs9YSNK_uA\/hqdefault.jpg\",\r\n      \"align\": \"bottom\",\r\n      \"row\": 53,\r\n      \"col\": 0,\r\n      \"colspan\": 1,\r\n      \"offsetx\": 0,\r\n      \"offsety\": 0,\r\n      \"spaceabove\": 0,\r\n      \"spacebelow\": 0,\r\n      \"yvel\": 1,\r\n      \"push\": 0,\r\n      \"relid\": 12,\r\n      \"iframe\": \"<iframe width=\\\"480\\\" height=\\\"270\\\" src=\\\"\/\/www.youtube.com\/embed\/eNs9YSNK_uA?enablejsapi=1&wmode=transparent&autohide=1&iv_load_policy=3&modestbranding=1&rel=0&showinfo=0&showsearch=0?&theme=light&color=white\\\" frameborder=\\\"0\\\" allowfullscreen><\/iframe>\",\r\n      \"url\": \"https:\/\/www.youtube.com\/watch?v=eNs9YSNK_uA\",\r\n      \"w\": 480,\r\n      \"h\": 270,\r\n      \"ar\": 0.5625,\r\n      \"frameOverflow\": \"\",\r\n      \"dosync\": false,\r\n      \"absolute_position\": false\r\n    },\r\n    {\r\n      \"type\": \"text\",\r\n      \"cont\": \"<p>2017 Educar en el pensament cr\u00edtic avui a Debat extraordinari sobre l\u2019educaci\u00f3 p\u00fablica catalana.<\/p>\",\r\n      \"align\": \"bottom\",\r\n      \"row\": 54,\r\n      \"col\": 0,\r\n      \"colspan\": 1,\r\n      \"offsetx\": 0,\r\n      \"offsety\": 0,\r\n      \"spaceabove\": 0,\r\n      \"spacebelow\": 0,\r\n      \"yvel\": 1,\r\n      \"push\": 0,\r\n      \"relid\": 27,\r\n      \"frameOverflow\": \"\",\r\n      \"dosync\": false,\r\n      \"absolute_position\": false\r\n    },\r\n    {\r\n      \"type\": \"hr\",\r\n      \"cont\": \"\",\r\n      \"align\": \"bottom\",\r\n      \"row\": 55,\r\n      \"col\": 0,\r\n      \"colspan\": 1,\r\n      \"offsetx\": 0,\r\n      \"offsety\": 0,\r\n      \"spaceabove\": 0,\r\n      \"spacebelow\": 0,\r\n      \"yvel\": 1,\r\n      \"push\": 0,\r\n      \"relid\": 29,\r\n      \"frameOverflow\": \"both\",\r\n      \"dosync\": false,\r\n      \"absolute_position\": false\r\n    },\r\n    {\r\n      \"type\": \"video\",\r\n      \"cont\": \"https:\/\/i.ytimg.com\/vi\/7kUg_OB3Gks\/hqdefault.jpg\",\r\n      \"align\": \"bottom\",\r\n      \"row\": 56,\r\n      \"col\": 0,\r\n      \"colspan\": 1,\r\n      \"offsetx\": 0,\r\n      \"offsety\": 0,\r\n      \"spaceabove\": 0,\r\n      \"spacebelow\": 0,\r\n      \"yvel\": 1,\r\n      \"push\": 0,\r\n      \"relid\": 8,\r\n      \"iframe\": \"<iframe width=\\\"480\\\" height=\\\"270\\\" src=\\\"\/\/www.youtube.com\/embed\/7kUg_OB3Gks?enablejsapi=1&wmode=transparent&autohide=1&iv_load_policy=3&modestbranding=1&rel=0&showinfo=0&showsearch=0?&theme=light&color=white\\\" frameborder=\\\"0\\\" allowfullscreen><\/iframe>\",\r\n      \"url\": \"https:\/\/www.youtube.com\/watch?v=7kUg_OB3Gks\",\r\n      \"w\": 480,\r\n      \"h\": 270,\r\n      \"ar\": 0.5625,\r\n      \"frameOverflow\": \"\",\r\n      \"dosync\": false,\r\n      \"absolute_position\": false\r\n    },\r\n    {\r\n      \"type\": \"text\",\r\n      \"cont\": \"<p>2017 Educar en el pensament cr\u00edtic avui a Debat extraordinari sobre l\u2019educaci\u00f3 p\u00fablica catalana.<\/p>\",\r\n      \"align\": \"bottom\",\r\n      \"row\": 57,\r\n      \"col\": 0,\r\n      \"colspan\": 1,\r\n      \"offsetx\": 0,\r\n      \"offsety\": 0,\r\n      \"spaceabove\": 0,\r\n      \"spacebelow\": 0,\r\n      \"yvel\": 1,\r\n      \"push\": 0,\r\n      \"relid\": 28,\r\n      \"frameOverflow\": \"\",\r\n      \"dosync\": false,\r\n      \"absolute_position\": false\r\n    },\r\n    {\r\n      \"type\": \"hr\",\r\n      \"cont\": \"\",\r\n      \"align\": \"bottom\",\r\n      \"row\": 58,\r\n      \"col\": 0,\r\n      \"colspan\": 1,\r\n      \"offsetx\": 0,\r\n      \"offsety\": 0,\r\n      \"spaceabove\": 0,\r\n      \"spacebelow\": 0,\r\n      \"yvel\": 1,\r\n      \"push\": 0,\r\n      \"relid\": 30,\r\n      \"frameOverflow\": \"both\",\r\n      \"absolute_position\": false\r\n    },\r\n    {\r\n      \"type\": \"video\",\r\n      \"cont\": \"https:\/\/i.ytimg.com\/vi\/GS1m0-F28Nw\/hqdefault.jpg\",\r\n      \"align\": \"bottom\",\r\n      \"row\": 59,\r\n      \"col\": 0,\r\n      \"colspan\": 1,\r\n      \"offsetx\": 0,\r\n      \"offsety\": 0,\r\n      \"spaceabove\": 0,\r\n      \"spacebelow\": 0,\r\n      \"yvel\": 1,\r\n      \"push\": 0,\r\n      \"relid\": 9,\r\n      \"iframe\": \"<iframe width=\\\"480\\\" height=\\\"270\\\" src=\\\"\/\/www.youtube.com\/embed\/GS1m0-F28Nw?enablejsapi=1&wmode=transparent&autohide=1&iv_load_policy=3&modestbranding=1&rel=0&showinfo=0&showsearch=0?&theme=light&color=white\\\" frameborder=\\\"0\\\" allowfullscreen><\/iframe>\",\r\n      \"url\": \"https:\/\/www.youtube.com\/watch?v=GS1m0-F28Nw\",\r\n      \"w\": 480,\r\n      \"h\": 270,\r\n      \"ar\": 0.5625,\r\n      \"frameOverflow\": \"\",\r\n      \"dosync\": false,\r\n      \"absolute_position\": false\r\n    },\r\n    {\r\n      \"type\": \"text\",\r\n      \"cont\": \"<p>2017 Educaci\u00f3n y derechos de los ni\u00f1os. En el programa Oiga Profe de la Escuela de Medios de UNIMINUTO en Bogot\u00e1 - Colombia.<\/p>\",\r\n      \"align\": \"bottom\",\r\n      \"row\": 60,\r\n      \"col\": 0,\r\n      \"colspan\": 1,\r\n      \"offsetx\": 0,\r\n      \"offsety\": 0,\r\n      \"spaceabove\": 0,\r\n      \"spacebelow\": 0,\r\n      \"yvel\": 1,\r\n      \"push\": 0,\r\n      \"relid\": 36,\r\n      \"frameOverflow\": \"\",\r\n      \"dosync\": false,\r\n      \"absolute_position\": false\r\n    },\r\n    {\r\n      \"type\": \"hr\",\r\n      \"cont\": \"\",\r\n      \"align\": \"bottom\",\r\n      \"row\": 61,\r\n      \"col\": 0,\r\n      \"colspan\": 1,\r\n      \"offsetx\": 0,\r\n      \"offsety\": 0,\r\n      \"spaceabove\": 0,\r\n      \"spacebelow\": 0,\r\n      \"yvel\": 1,\r\n      \"push\": 0,\r\n      \"relid\": 31,\r\n      \"frameOverflow\": \"both\",\r\n      \"dosync\": false,\r\n      \"absolute_position\": false\r\n    },\r\n    {\r\n      \"type\": \"video\",\r\n      \"cont\": \"https:\/\/i.ytimg.com\/vi\/FYZHNQQ54Pk\/hqdefault.jpg\",\r\n      \"align\": \"bottom\",\r\n      \"row\": 62,\r\n      \"col\": 0,\r\n      \"colspan\": 1,\r\n      \"offsetx\": 0,\r\n      \"offsety\": 0,\r\n      \"spaceabove\": 0,\r\n      \"spacebelow\": 0,\r\n      \"yvel\": 1,\r\n      \"push\": 0,\r\n      \"relid\": 16,\r\n      \"iframe\": \"<iframe width=\\\"480\\\" height=\\\"270\\\" src=\\\"\/\/www.youtube.com\/embed\/FYZHNQQ54Pk?enablejsapi=1&wmode=transparent&autohide=1&iv_load_policy=3&modestbranding=1&rel=0&showinfo=0&showsearch=0?&theme=light&color=white\\\" frameborder=\\\"0\\\" allowfullscreen><\/iframe>\",\r\n      \"url\": \"https:\/\/www.youtube.com\/watch?v=FYZHNQQ54Pk\",\r\n      \"w\": 480,\r\n      \"h\": 270,\r\n      \"ar\": 0.5625,\r\n      \"frameOverflow\": \"\",\r\n      \"dosync\": false,\r\n      \"absolute_position\": false\r\n    },\r\n    {\r\n      \"type\": \"text\",\r\n      \"cont\": \"<p>2012 Fer filosofia a l'escola. Recull en v\u00eddeo de la presentaci\u00f3 a la Llibreria Embat, el dijous dia 4 d'octubre de 2012, del llibre \\\"Fer filosofia a l'escola\\\", a c\u00e0rrec de Maribel Pomar i Carme Ripoll.<\/p>\",\r\n      \"align\": \"bottom\",\r\n      \"row\": 63,\r\n      \"col\": 0,\r\n      \"colspan\": 1,\r\n      \"offsetx\": 0,\r\n      \"offsety\": 0,\r\n      \"spaceabove\": 0,\r\n      \"spacebelow\": 0,\r\n      \"yvel\": 1,\r\n      \"push\": 0,\r\n      \"relid\": 38,\r\n      \"frameOverflow\": \"\",\r\n      \"dosync\": false,\r\n      \"absolute_position\": false\r\n    },\r\n    {\r\n      \"type\": \"hr\",\r\n      \"cont\": \"\",\r\n      \"align\": \"bottom\",\r\n      \"row\": 64,\r\n      \"col\": 0,\r\n      \"colspan\": 1,\r\n      \"offsetx\": 0,\r\n      \"offsety\": 0,\r\n      \"spaceabove\": 0,\r\n      \"spacebelow\": 0,\r\n      \"yvel\": 1,\r\n      \"push\": 0,\r\n      \"relid\": 37,\r\n      \"frameOverflow\": \"both\",\r\n      \"absolute_position\": false\r\n    },\r\n    {\r\n      \"type\": \"video\",\r\n      \"cont\": \"https:\/\/i.ytimg.com\/vi\/QKDqKGkvoZU\/hqdefault.jpg\",\r\n      \"align\": \"bottom\",\r\n      \"row\": 65,\r\n      \"col\": 0,\r\n      \"colspan\": 1,\r\n      \"offsetx\": 0,\r\n      \"offsety\": 0,\r\n      \"spaceabove\": 0,\r\n      \"spacebelow\": 0,\r\n      \"yvel\": 1,\r\n      \"push\": 0,\r\n      \"relid\": 17,\r\n      \"iframe\": \"<iframe width=\\\"480\\\" height=\\\"270\\\" src=\\\"\/\/www.youtube.com\/embed\/QKDqKGkvoZU?enablejsapi=1&wmode=transparent&autohide=1&iv_load_policy=3&modestbranding=1&rel=0&showinfo=0&showsearch=0?&theme=light&color=white\\\" frameborder=\\\"0\\\" allowfullscreen><\/iframe>\",\r\n      \"url\": \"https:\/\/www.youtube.com\/watch?v=QKDqKGkvoZU\",\r\n      \"w\": 480,\r\n      \"h\": 270,\r\n      \"ar\": 0.5625,\r\n      \"frameOverflow\": \"\",\r\n      \"dosync\": false,\r\n      \"absolute_position\": false\r\n    },\r\n    {\r\n      \"type\": \"text\",\r\n      \"cont\": \"<p>2011 Filosof\u00eda para Ni\u00f1os a Para Todos\u00a0Programa sobre Filosof\u00eda para Ni\u00f1os con Irene de Puig, Francesc Torralba y Marta Aja emitido el 19 de octubre.<\/p>\",\r\n      \"align\": \"bottom\",\r\n      \"row\": 66,\r\n      \"col\": 0,\r\n      \"colspan\": 1,\r\n      \"offsetx\": 0,\r\n      \"offsety\": 0,\r\n      \"spaceabove\": 0,\r\n      \"spacebelow\": 0,\r\n      \"yvel\": 1,\r\n      \"push\": 0,\r\n      \"relid\": 39,\r\n      \"frameOverflow\": \"\",\r\n      \"dosync\": false,\r\n      \"absolute_position\": false\r\n    },\r\n    {\r\n      \"type\": \"hr\",\r\n      \"cont\": \"\",\r\n      \"align\": \"bottom\",\r\n      \"row\": 67,\r\n      \"col\": 0,\r\n      \"colspan\": 1,\r\n      \"offsetx\": 0,\r\n      \"offsety\": 0,\r\n      \"spaceabove\": 0,\r\n      \"spacebelow\": 0,\r\n      \"yvel\": 1,\r\n      \"push\": 0,\r\n      \"relid\": 13,\r\n      \"frameOverflow\": \"both\",\r\n      \"dosync\": false,\r\n      \"absolute_position\": false\r\n    },\r\n    {\r\n      \"type\": \"video\",\r\n      \"cont\": \"https:\/\/i.ytimg.com\/vi\/QPpQSMuwHh0\/hqdefault.jpg\",\r\n      \"align\": \"bottom\",\r\n      \"row\": 68,\r\n      \"col\": 0,\r\n      \"colspan\": 1,\r\n      \"offsetx\": 0,\r\n      \"offsety\": 0,\r\n      \"spaceabove\": 0,\r\n      \"spacebelow\": 0,\r\n      \"yvel\": 1,\r\n      \"push\": 0,\r\n      \"relid\": 18,\r\n      \"iframe\": \"<iframe width=\\\"459\\\" height=\\\"344\\\" src=\\\"\/\/www.youtube.com\/embed\/QPpQSMuwHh0?enablejsapi=1&wmode=transparent&autohide=1&iv_load_policy=3&modestbranding=1&rel=0&showinfo=0&showsearch=0?&theme=light&color=white\\\" frameborder=\\\"0\\\" allowfullscreen><\/iframe>\",\r\n      \"url\": \"https:\/\/www.youtube.com\/watch?v=QPpQSMuwHh0\",\r\n      \"w\": 459,\r\n      \"h\": 344,\r\n      \"ar\": 0.7494553376906318,\r\n      \"frameOverflow\": \"\",\r\n      \"dosync\": false,\r\n      \"absolute_position\": false\r\n    },\r\n    {\r\n      \"type\": \"text\",\r\n      \"cont\": \"<p>2007 Filosofia 3\/18 a \u201cLa nit i el dia\u201d. Escola El Puig d\u2019Esparreguera, Maig.<\/p>\",\r\n      \"align\": \"bottom\",\r\n      \"row\": 69,\r\n      \"col\": 0,\r\n      \"colspan\": 1,\r\n      \"offsetx\": 0,\r\n      \"offsety\": 0,\r\n      \"spaceabove\": 0,\r\n      \"spacebelow\": 0,\r\n      \"yvel\": 1,\r\n      \"push\": 0,\r\n      \"relid\": 40,\r\n      \"frameOverflow\": \"\",\r\n      \"dosync\": false,\r\n      \"absolute_position\": false\r\n    },\r\n    {\r\n      \"type\": \"hr\",\r\n      \"cont\": \"\",\r\n      \"align\": \"bottom\",\r\n      \"row\": 70,\r\n      \"col\": 0,\r\n      \"colspan\": 1,\r\n      \"offsetx\": 0,\r\n      \"offsety\": 0,\r\n      \"spaceabove\": 0,\r\n      \"spacebelow\": 0,\r\n      \"yvel\": 1,\r\n      \"push\": 0,\r\n      \"relid\": 14,\r\n      \"frameOverflow\": \"\",\r\n      \"dosync\": false,\r\n      \"absolute_position\": false\r\n    },\r\n    {\r\n      \"type\": \"text\",\r\n      \"cont\": \"<p style=\\\"text-align: center;\\\">AUDIOS<\/p>\",\r\n      \"align\": \"bottom\",\r\n      \"row\": 71,\r\n      \"col\": 0,\r\n      \"colspan\": 1,\r\n      \"offsetx\": 0,\r\n      \"offsety\": 0,\r\n      \"spaceabove\": 0,\r\n      \"spacebelow\": 0,\r\n      \"yvel\": 1,\r\n      \"push\": 0,\r\n      \"relid\": 15,\r\n      \"frameOverflow\": \"\",\r\n      \"absolute_position\": false\r\n    },\r\n    {\r\n      \"type\": \"hr\",\r\n      \"cont\": \"\",\r\n      \"align\": \"bottom\",\r\n      \"row\": 72,\r\n      \"col\": 0,\r\n      \"colspan\": 1,\r\n      \"offsetx\": 0,\r\n      \"offsety\": 0,\r\n      \"spaceabove\": 0,\r\n      \"spacebelow\": 0,\r\n      \"yvel\": 1,\r\n      \"push\": 0,\r\n      \"relid\": 41,\r\n      \"frameOverflow\": \"right\",\r\n      \"dosync\": false,\r\n      \"absolute_position\": false\r\n    },\r\n    {\r\n      \"type\": \"html\",\r\n      \"cont\": \"<iframe src=\\\"https:\/\/www.ccma.cat\/audio\/embed\/888742\/\\\" allowfullscreen scrolling=\\\"no\\\" frameborder=\\\"0\\\" width=\\\"100%\\\" height=\\\"350px\\\"><\/iframe>\",\r\n      \"align\": \"bottom\",\r\n      \"row\": 73,\r\n      \"col\": 0,\r\n      \"colspan\": 1,\r\n      \"offsetx\": 0,\r\n      \"offsety\": 0,\r\n      \"spaceabove\": 0,\r\n      \"spacebelow\": 0,\r\n      \"yvel\": 1,\r\n      \"push\": 0,\r\n      \"relid\": 42,\r\n      \"frameOverflow\": \"\",\r\n      \"dosync\": false,\r\n      \"absolute_position\": false\r\n    },\r\n    {\r\n      \"type\": \"text\",\r\n      \"cont\": \"<p>2007 Filosofia 3\/18 a \u201cLa nit i el dia\u201d. Escola El Puig d\u2019Esparreguera, Maig.<\/p>\",\r\n      \"align\": \"bottom\",\r\n      \"row\": 74,\r\n      \"col\": 0,\r\n      \"colspan\": 1,\r\n      \"offsetx\": 0,\r\n      \"offsety\": 0,\r\n      \"spaceabove\": 0,\r\n      \"spacebelow\": 0,\r\n      \"yvel\": 1,\r\n      \"push\": 0,\r\n      \"relid\": 43,\r\n      \"frameOverflow\": \"\",\r\n      \"dosync\": false,\r\n      \"absolute_position\": false\r\n    },\r\n    {\r\n      \"type\": \"hr\",\r\n      \"cont\": \"\",\r\n      \"align\": \"bottom\",\r\n      \"row\": 75,\r\n      \"col\": 0,\r\n      \"colspan\": 1,\r\n      \"offsetx\": 0,\r\n      \"offsety\": 0,\r\n      \"spaceabove\": 0,\r\n      \"spacebelow\": 0,\r\n      \"yvel\": 1,\r\n      \"push\": 0,\r\n      \"relid\": 44,\r\n      \"frameOverflow\": \"right\",\r\n      \"dosync\": false,\r\n      \"absolute_position\": false\r\n    },\r\n    {\r\n      \"type\": \"text\",\r\n      \"cont\": \"<p style=\\\"text-align: center;\\\">PRENSA ESCRITA<\/p>\",\r\n      \"align\": \"onethird\",\r\n      \"row\": 76,\r\n      \"col\": 0,\r\n      \"colspan\": 1,\r\n      \"offsetx\": 0,\r\n      \"offsety\": 0,\r\n      \"spaceabove\": 0,\r\n      \"spacebelow\": 0,\r\n      \"yvel\": 1,\r\n      \"push\": 0,\r\n      \"relid\": 183,\r\n      \"absolute_position\": false\r\n    },\r\n    {\r\n      \"type\": \"shortcode\",\r\n      \"cont\": \"[table id=25 \/]\",\r\n      \"align\": \"top\",\r\n      \"row\": 77,\r\n      \"col\": 0,\r\n      \"colspan\": 1,\r\n      \"offsetx\": 0,\r\n      \"offsety\": 0,\r\n      \"spaceabove\": 0,\r\n      \"spacebelow\": 0,\r\n      \"yvel\": 1,\r\n      \"push\": 0,\r\n      \"relid\": 185,\r\n      \"shortcodeid\": 1679677903353,\r\n      \"absolute_position\": false\r\n    }\r\n  ]\r\n}","_links":{"self":[{"href":"https:\/\/irenedepuig.cat\/es\/wp-json\/wp\/v2\/pages\/10","targetHints":{"allow":["GET"]}}],"collection":[{"href":"https:\/\/irenedepuig.cat\/es\/wp-json\/wp\/v2\/pages"}],"about":[{"href":"https:\/\/irenedepuig.cat\/es\/wp-json\/wp\/v2\/types\/page"}],"author":[{"embeddable":true,"href":"https:\/\/irenedepuig.cat\/es\/wp-json\/wp\/v2\/users\/1"}],"replies":[{"embeddable":true,"href":"https:\/\/irenedepuig.cat\/es\/wp-json\/wp\/v2\/comments?post=10"}],"version-history":[{"count":0,"href":"https:\/\/irenedepuig.cat\/es\/wp-json\/wp\/v2\/pages\/10\/revisions"}],"wp:attachment":[{"href":"https:\/\/irenedepuig.cat\/es\/wp-json\/wp\/v2\/media?parent=10"}],"curies":[{"name":"wp","href":"https:\/\/api.w.org\/{rel}","templated":true}]}}