{"id":8,"date":"2020-08-16T14:26:36","date_gmt":"2020-08-16T14:26:36","guid":{"rendered":"http:\/\/irenedepuig.cat\/?page_id=8"},"modified":"2024-03-18T14:46:20","modified_gmt":"2024-03-18T14:46:20","slug":"articles","status":"publish","type":"page","link":"https:\/\/irenedepuig.cat\/ca\/articles\/","title":{"rendered":"Articles"},"content":{"rendered":"","protected":false},"excerpt":{"rendered":"","protected":false},"author":1,"featured_media":0,"parent":0,"menu_order":3,"comment_status":"closed","ping_status":"closed","template":"","meta":[],"class_list":["post-8","page","type-page","status-publish","hentry"],"grid":"{\r\n  \"colCount\": 20,\r\n  \"colGutter\": 1,\r\n  \"rowGutters\": [\r\n    1,\r\n    1,\r\n    1\r\n  ],\r\n  \"frameMargin\": 1,\r\n  \"topFrameMargin\": 68,\r\n  \"bottomFrameMargin\": 5,\r\n  \"rowAttrs\": [\r\n    {\r\n      \"relid\": 14\r\n    },\r\n    {\r\n      \"relid\": 15\r\n    },\r\n    {\r\n      \"relid\": 16\r\n    },\r\n    {\r\n      \"relid\": 17\r\n    }\r\n  ],\r\n  \"bgColor\": null,\r\n  \"cont\": [\r\n    {\r\n      \"type\": \"text\",\r\n      \"cont\": \"<p><a href=\\\"https:\/\/irenedepuig.cat\/llibres\/\\\" data-type=\\\"page\\\" data-id=\\\"6\\\" data-title=\\\"Llibres\\\">Llibres<\/a><\/p>\",\r\n      \"align\": \"middle\",\r\n      \"row\": 0,\r\n      \"col\": 0,\r\n      \"colspan\": 2,\r\n      \"offsetx\": 0,\r\n      \"offsety\": 0,\r\n      \"spaceabove\": 0,\r\n      \"spacebelow\": 0,\r\n      \"yvel\": 1,\r\n      \"push\": 0,\r\n      \"relid\": 4,\r\n      \"frameOverflow\": \"\"\r\n    },\r\n    {\r\n      \"type\": \"text\",\r\n      \"cont\": \"<p><a href=\\\"https:\/\/irenedepuig.cat\/ponencies\/\\\" data-type=\\\"page\\\" data-id=\\\"7\\\" data-title=\\\"Pon\u00e8ncies\\\">Pon\u00e8ncies<\/a><\/p>\",\r\n      \"align\": \"middle\",\r\n      \"row\": 0,\r\n      \"col\": 2,\r\n      \"colspan\": 2,\r\n      \"offsetx\": 0,\r\n      \"offsety\": 0,\r\n      \"spaceabove\": 0,\r\n      \"spacebelow\": 0,\r\n      \"yvel\": 1,\r\n      \"push\": 0,\r\n      \"relid\": 12\r\n    },\r\n    {\r\n      \"type\": \"text\",\r\n      \"cont\": \"<p style=\\\"text-align: center;\\\">ARTICLES<\/p>\",\r\n      \"align\": \"middle\",\r\n      \"row\": 0,\r\n      \"col\": 6,\r\n      \"colspan\": 8,\r\n      \"offsetx\": 0,\r\n      \"offsety\": 0,\r\n      \"spaceabove\": 0,\r\n      \"spacebelow\": 0,\r\n      \"yvel\": 1,\r\n      \"push\": 2,\r\n      \"relid\": 5,\r\n      \"frameOverflow\": \"\"\r\n    },\r\n    {\r\n      \"type\": \"text\",\r\n      \"cont\": \"<p style=\\\"text-align: right;\\\"><a href=\\\"https:\/\/irenedepuig.cat\/ca\/biografia\/\\\">Biografia<\/a><\/p>\",\r\n      \"align\": \"middle\",\r\n      \"row\": 0,\r\n      \"col\": 16,\r\n      \"colspan\": 2,\r\n      \"offsetx\": 0,\r\n      \"offsety\": 0,\r\n      \"spaceabove\": 0,\r\n      \"spacebelow\": 0,\r\n      \"yvel\": 1,\r\n      \"push\": 2,\r\n      \"relid\": 13\r\n    },\r\n    {\r\n      \"type\": \"text\",\r\n      \"cont\": \"<p style=\\\"text-align: right;\\\"><a href=\\\"https:\/\/irenedepuig.cat\/entrevistes\/\\\" data-type=\\\"page\\\" data-id=\\\"10\\\" data-title=\\\"Entrevistes\\\">Entrevistes<\/a><\/p>\",\r\n      \"align\": \"middle\",\r\n      \"row\": 0,\r\n      \"col\": 18,\r\n      \"colspan\": 2,\r\n      \"offsetx\": 0,\r\n      \"offsety\": 0,\r\n      \"spaceabove\": 0,\r\n      \"spacebelow\": 0,\r\n      \"yvel\": 1,\r\n      \"push\": 0,\r\n      \"relid\": 6,\r\n      \"frameOverflow\": \"\",\r\n      \"dosync\": false\r\n    },\r\n    {\r\n      \"type\": \"hr\",\r\n      \"cont\": \"\",\r\n      \"align\": \"middle\",\r\n      \"row\": 1,\r\n      \"col\": 0,\r\n      \"colspan\": 20,\r\n      \"offsetx\": 0,\r\n      \"offsety\": 0,\r\n      \"spaceabove\": 0,\r\n      \"spacebelow\": 0,\r\n      \"yvel\": 1,\r\n      \"push\": 0,\r\n      \"relid\": 7,\r\n      \"frameOverflow\": \"both\"\r\n    },\r\n    {\r\n      \"type\": \"text\",\r\n      \"cont\": \"<p>Del 2012-13 vaig col\u00b7laborar amb 21 articles a <span style=\\\"text-decoration: underline;\\\"><a href=\\\"http:\/\/bloko.info\/\\\">Bloko<\/a><\/span>, un diari digital adre\u00e7at a un p\u00fablic b\u00e0sicament juvenil que van crear a Mallorca en Ferran Aguil\u00f3, Rafel Gallego i Bartomeu Picornell. Des del 2015 al 2020 he mantingut la secci\u00f3 mensual Filosofem \/ Filosofemos de les revistes Guix Infantil, Guix i Aula de Secund\u00e0ria de l\u2019Editorial Gra\u00f3 amb un total de 70 articles. I d\u2019enc\u00e0 del 2017 fins avui cada mes publico un article per les Filoscoles (Xarxa d\u2019escoles que treballa en el projecte educatiu Filosofia 3\/18) a la p\u00e0gina de GrupIREF. Cap d\u2019aquests articles figura al llistat seg\u00fcent.<\/p>\",\r\n      \"align\": \"top\",\r\n      \"row\": 2,\r\n      \"col\": 1,\r\n      \"colspan\": 18,\r\n      \"offsetx\": 0,\r\n      \"offsety\": 0,\r\n      \"spaceabove\": 2.5,\r\n      \"spacebelow\": 2.5,\r\n      \"yvel\": 1,\r\n      \"push\": 1,\r\n      \"relid\": 9\r\n    },\r\n    {\r\n      \"type\": \"shortcode\",\r\n      \"cont\": \"[accordions id=\\\"157\\\"]\",\r\n      \"align\": \"top\",\r\n      \"row\": 3,\r\n      \"col\": 1,\r\n      \"colspan\": 18,\r\n      \"offsetx\": 0,\r\n      \"offsety\": 0,\r\n      \"spaceabove\": 0,\r\n      \"spacebelow\": 0,\r\n      \"yvel\": 1,\r\n      \"push\": 1,\r\n      \"relid\": 8,\r\n      \"shortcodeid\": 1679045185183,\r\n      \"frameOverflow\": \"\"\r\n    }\r\n  ]\r\n}","phonegrid":"{\r\n  \"colCount\": 12,\r\n  \"colGutter\": 1,\r\n  \"rowGutters\": [\r\n    5,\r\n    5,\r\n    5\r\n  ],\r\n  \"frameMargin\": 5,\r\n  \"topFrameMargin\": 5,\r\n  \"bottomFrameMargin\": 5,\r\n  \"rowAttrs\": [\r\n    {\r\n      \"relid\": 18\r\n    },\r\n    {\r\n      \"relid\": 19\r\n    },\r\n    [],\r\n    []\r\n  ],\r\n  \"bgColor\": null,\r\n  \"cont\": [\r\n    {\r\n      \"type\": \"text\",\r\n      \"cont\": \"<p style=\\\"text-align: center;\\\">ART\u00cdCULOS<\/p>\",\r\n      \"align\": \"middle\",\r\n      \"row\": 0,\r\n      \"col\": 0,\r\n      \"colspan\": 12,\r\n      \"offsetx\": 0,\r\n      \"offsety\": 0,\r\n      \"spaceabove\": 0,\r\n      \"spacebelow\": 0,\r\n      \"yvel\": 1,\r\n      \"push\": 0,\r\n      \"relid\": 10\r\n    },\r\n    {\r\n      \"type\": \"hr\",\r\n      \"cont\": \"\",\r\n      \"align\": \"top\",\r\n      \"row\": 1,\r\n      \"col\": 0,\r\n      \"colspan\": 12,\r\n      \"offsetx\": 0,\r\n      \"offsety\": 0,\r\n      \"spaceabove\": 0,\r\n      \"spacebelow\": 0,\r\n      \"yvel\": 1,\r\n      \"push\": 0,\r\n      \"relid\": 11,\r\n      \"frameOverflow\": \"both\"\r\n    },\r\n    {\r\n      \"type\": \"text\",\r\n      \"cont\": \"<p>Del 2012-13 vaig col\u00b7laborar amb 21 articles a <span style=\\\"text-decoration: underline;\\\"><a href=\\\"http:\/\/bloko.info\/\\\">Bloko<\/a><\/span>, un diari digital adre\u00e7at a un p\u00fablic b\u00e0sicament juvenil que van crear a Mallorca en Ferran Aguil\u00f3, Rafel Gallego i Bartomeu Picornell. Des del 2015 al 2020 he mantingut la secci\u00f3 mensual Filosofem \/ Filosofemos de les revistes Guix Infantil, Guix i Aula de Secund\u00e0ria de l\u2019Editorial Gra\u00f3 amb un total de 70 articles. I d\u2019enc\u00e0 del 2017 fins avui cada mes publico un article per les Filoscoles (Xarxa d\u2019escoles que treballa en el projecte educatiu Filosofia 3\/18) a la p\u00e0gina de GrupIREF. Cap d\u2019aquests articles figura al llistat seg\u00fcent.<\/p>\",\r\n      \"align\": \"bottom\",\r\n      \"row\": 2,\r\n      \"col\": 0,\r\n      \"colspan\": 12,\r\n      \"offsetx\": 0,\r\n      \"offsety\": 0,\r\n      \"spaceabove\": 0,\r\n      \"spacebelow\": 0,\r\n      \"yvel\": 1,\r\n      \"push\": 0,\r\n      \"relid\": 9,\r\n      \"frameOverflow\": \"\"\r\n    },\r\n    {\r\n      \"type\": \"shortcode\",\r\n      \"cont\": \"[accordions id=\\\"157\\\"]\",\r\n      \"align\": \"bottom\",\r\n      \"row\": 3,\r\n      \"col\": 0,\r\n      \"colspan\": 12,\r\n      \"offsetx\": 0,\r\n      \"offsety\": 0,\r\n      \"spaceabove\": 0,\r\n      \"spacebelow\": 0,\r\n      \"yvel\": 1,\r\n      \"push\": 0,\r\n      \"relid\": 8,\r\n      \"shortcodeid\": 1679045185183,\r\n      \"frameOverflow\": \"\"\r\n    }\r\n  ]\r\n}","_links":{"self":[{"href":"https:\/\/irenedepuig.cat\/ca\/wp-json\/wp\/v2\/pages\/8","targetHints":{"allow":["GET"]}}],"collection":[{"href":"https:\/\/irenedepuig.cat\/ca\/wp-json\/wp\/v2\/pages"}],"about":[{"href":"https:\/\/irenedepuig.cat\/ca\/wp-json\/wp\/v2\/types\/page"}],"author":[{"embeddable":true,"href":"https:\/\/irenedepuig.cat\/ca\/wp-json\/wp\/v2\/users\/1"}],"replies":[{"embeddable":true,"href":"https:\/\/irenedepuig.cat\/ca\/wp-json\/wp\/v2\/comments?post=8"}],"version-history":[{"count":0,"href":"https:\/\/irenedepuig.cat\/ca\/wp-json\/wp\/v2\/pages\/8\/revisions"}],"wp:attachment":[{"href":"https:\/\/irenedepuig.cat\/ca\/wp-json\/wp\/v2\/media?parent=8"}],"curies":[{"name":"wp","href":"https:\/\/api.w.org\/{rel}","templated":true}]}}